{"id":2702,"date":"2019-03-28T03:38:46","date_gmt":"2019-03-28T02:38:46","guid":{"rendered":"http:\/\/localhost:8888\/?page_id=2702"},"modified":"2019-07-18T12:47:16","modified_gmt":"2019-07-18T10:47:16","slug":"gospodarka-i-inwestycje","status":"publish","type":"page","link":"https:\/\/metropoliagzm.pl\/de\/gospodarka-i-inwestycje\/","title":{"rendered":"Gospodarka i inwestycje"},"content":{"rendered":"<div class=\"wpb-content-wrapper\"><div class=\"pdf-block\"><div class=\"pdfprnt-buttons  pdfprnt-new pdfprnt-buttons-page pdfprnt-top-right\"><div class=\"jssocials-share jssocials-share-twitter\"><a target=\"_blank\" href=\"https:\/\/twitter.com\/share?url=https:\/\/metropoliagzm.pl\/de\/wp-json\/wp\/v2\/pages\/2702;text=2702\" class=\"jssocials-share-link\"><i class=\"fa fa-twitter jssocials-share-logo\"><\/i><\/a><\/div><div class=\"jssocials-share jssocials-share-facebook\"><a target=\"_blank\" href=\"https:\/\/facebook.com\/sharer\/sharer.php?u=https:\/\/metropoliagzm.pl\/de\/wp-json\/wp\/v2\/pages\/2702\" class=\"jssocials-share-link\"><i class=\"fa fa-facebook jssocials-share-logo\"><\/i><\/a><\/div><div class=\"jssocials-share jssocials-share-pinterest\"><a target=\"_blank\" href=\"https:\/\/pinterest.com\/pin\/create\/bookmarklet\/?&amp;url=https:\/\/metropoliagzm.pl\/de\/wp-json\/wp\/v2\/pages\/2702;description=2702\" class=\"jssocials-share-link\"><i class=\"fa fa-pinterest jssocials-share-logo\"><\/i><\/a><\/div><a href=\"https:\/\/metropoliagzm.pl\/de\/wp-json\/wp\/v2\/pages\/2702?print=pdf\" class=\"pdfprnt-button pdfprnt-button-pdf\" target=\"_blank\"><img decoding=\"async\" src=\"https:\/\/metropoliagzm.pl\/wp-content\/plugins\/pdf-print\/images\/pdf.png\" alt=\"image_pdf\" title=\"View PDF\" \/><\/a><a href=\"https:\/\/metropoliagzm.pl\/de\/wp-json\/wp\/v2\/pages\/2702?print=print\" class=\"pdfprnt-button pdfprnt-button-print\" target=\"_blank\"><img decoding=\"async\" src=\"https:\/\/metropoliagzm.pl\/wp-content\/plugins\/pdf-print\/images\/print.png\" alt=\"image_print\" title=\"Print Content\" \/><\/a><\/div><\/div><div class=\"post-block-pdf\"><div class=\"pdfprnt-buttons pdfprnt-buttons-page pdfprnt-top-right\"><a href=\"https:\/\/metropoliagzm.pl\/de\/wp-json\/wp\/v2\/pages\/2702?print=pdf\" class=\"pdfprnt-button pdfprnt-button-pdf\" target=\"_blank\"><img decoding=\"async\" src=\"https:\/\/metropoliagzm.pl\/wp-content\/plugins\/pdf-print\/images\/pdf.png\" alt=\"image_pdf\" title=\"View PDF\" \/><\/a><a href=\"https:\/\/metropoliagzm.pl\/de\/wp-json\/wp\/v2\/pages\/2702?print=print\" class=\"pdfprnt-button pdfprnt-button-print\" target=\"_blank\"><img decoding=\"async\" src=\"https:\/\/metropoliagzm.pl\/wp-content\/plugins\/pdf-print\/images\/print.png\" alt=\"image_print\" title=\"Print Content\" \/><\/a><\/div><div class=\"vc_row wpb_row vc_row-fluid\" style=\"width: 100%; max-width: 1200px;margin-left: auto; margin-right: auto;\"><div class=\"wpb_column vc_column_container vc_col-sm-12\"><div class=\"vc_column-inner\"><div class=\"wpb_wrapper\">\n\t<div  class=\"wpb_single_image wpb_content_element vc_align_left wpb_content_element  image-with-max-height\">\n\t\t\n\t\t<figure class=\"wpb_wrapper vc_figure\">\n\t\t\t<div class=\"vc_single_image-wrapper   vc_box_border_grey\"><img loading=\"lazy\" decoding=\"async\" width=\"1200\" height=\"500\" src=\"https:\/\/metropoliagzm.pl\/wp-content\/uploads\/2019\/07\/gospodarka-i-inwestycje.jpg\" class=\"vc_single_image-img attachment-full\" alt=\"\" title=\"gospodarka i inwestycje\" srcset=\"https:\/\/metropoliagzm.pl\/wp-content\/uploads\/2019\/07\/gospodarka-i-inwestycje.jpg 1200w, https:\/\/metropoliagzm.pl\/wp-content\/uploads\/2019\/07\/gospodarka-i-inwestycje-300x125.jpg 300w, https:\/\/metropoliagzm.pl\/wp-content\/uploads\/2019\/07\/gospodarka-i-inwestycje-768x320.jpg 768w, https:\/\/metropoliagzm.pl\/wp-content\/uploads\/2019\/07\/gospodarka-i-inwestycje-1024x427.jpg 1024w, https:\/\/metropoliagzm.pl\/wp-content\/uploads\/2019\/07\/gospodarka-i-inwestycje-585x244.jpg 585w\" sizes=\"auto, (max-width: 1200px) 100vw, 1200px\" \/><\/div>\n\t\t<\/figure>\n\t<\/div>\n<\/div><\/div><\/div><\/div><div class=\"vc_row wpb_row vc_row-fluid\"><div class=\"wpb_animate_when_almost_visible wpb_bounceInLeft bounceInLeft wpb_column vc_column_container vc_col-sm-12\"><div class=\"vc_column-inner vc_custom_1553703397287\"><div class=\"wpb_wrapper\"><div data-jarallax data-speed=\"0.2\" class=\"vc_row wpb_row vc_inner vc_row-fluid vc_custom_1554447612997 jarallax\" style=\"width: 100%; max-width: 1200px;margin-left: auto; margin-right: auto;\"><div class=\"wpb_column vc_column_container vc_col-sm-12 vc_col-lg-offset-0 vc_col-lg-9 vc_col-md-offset-0 vc_col-md-12 vc_col-sm-offset-0 vc_col-xs-12 vc_column_mobile_element_alignment_center\"><div class=\"vc_column-inner\"><div class=\"wpb_wrapper\">\r\n        \r\n\r\n    <script type=\"text\/javascript\">\r\n        jQuery(document).ready(function($) {\r\n\r\n                                                                if ($.isFunction($.fn.slick)) {\r\n                                                                    $('.blog-slider-sXHqyTOhrv').slick({\r\n                                        \r\n                                        autoplay: false,\r\n                                        autoplaySpeed: 6000,\r\n\r\n                                        dots: false,\r\n                                        arrows: true,\r\n                                        swipe: true,\r\n                                        swipeToSlide: true,\r\n                                        cssEase: 'cubic-bezier(0.445, 0.05, 0.55, 0.95)',\r\n                                        appendDots: $('.blog-slider-sXHqyTOhrv .blog-slider-dots'),\r\n                                        fade: false,\r\n                                        speed: 500,\r\n                                        slidesToScroll: 0,\r\n\r\n                                        \r\n                                                                                    prevArrow: '<div class=\"slick-prev\"><i class=\"icon icon-arrow-left-circle\"><\/i><\/div>',\r\n                                            nextArrow: '<div class=\"slick-next\"><i class=\"icon icon-arrow-right-circle\"><\/i><\/div>',\r\n                                        \r\n                                                                            });\r\n                                }\r\n                            \r\n\r\n                             \r\n                        });\r\n    <\/script>\r\n\r\n\r\n    \r\n\r\n<div class=\"blog-slider blog-slider-style5 blog-slider-sXHqyTOhrv\">\r\n    <div class=\"blog-grid-list\">\r\n        \r\n                <div class=\"blog-grid-large blog-grid-item1\">\r\n                    <div class=\"blog-grid-item-container blog-slider-item\" style=\"background-image: url( https:\/\/metropoliagzm.pl\/wp-content\/uploads\/2026\/03\/katowice-3-of-4-1024x525.jpg );\">\r\n                       <a href=\"https:\/\/metropoliagzm.pl\/de\/2026\/04\/27\/metropolia-przyspiesza-termomodernizacje-budynkow-komunalnych\/\" aria-label=\"link-do-postu\" class=\"clickable-button\" style=\"position:absolute;width:100%;height:100%;z-index:100;\">\r\n                       <\/a>\r\n                   <div class=\"blog-slider-container\" style=\"z-index: 200;\">\r\n                            <div class=\"blog-slider-content\">\r\n\r\n                                <div class=\"blog-slider-content-details\">\r\n                                    <div class=\"post-categories-container\">\r\n                <div class=\"post-categories\"><a style=\"border-radius: 0 !important\" href=\"\/de\/Gospodarka-i-Inwestycje\/\">Wirtschaft und Investition<\/a>, <a style=\"border-radius: 0 !important\" href=\"\/de\/GZM\/\">GZM<\/a><\/div>\r\n            <\/div>                                    <a href=\"https:\/\/metropoliagzm.pl\/de\/2026\/04\/27\/metropolia-przyspiesza-termomodernizacje-budynkow-komunalnych\/\">\r\n                                        <h2 class=\"post-title\">Metropolia przyspiesza termomodernizacj\u0119 budynk\u00f3w komunalnych<\/h2>\r\n                                    <\/a>\r\n                                    <div class=\"post-meta\">\r\n                                                                                    \r\n        <div class=\"post-meta-content\">\r\n                            <span class=\"post-auhor-date\">\r\n                    <!--  -->\r\n\r\n                                            <a href=\"https:\/\/metropoliagzm.pl\/de\/2026\/04\/27\/metropolia-przyspiesza-termomodernizacje-budynkow-komunalnych\/\" class=\"post-date\">\r\n                                                                                        27 April 2026                                                    <\/a>\r\n                                    <\/span>\r\n            \r\n                        \r\n                        \r\n                        \r\n                        \r\n                        \r\n                                        <span class=\"placeholder-post-read-later\"><\/span>\r\n                    <\/div>\r\n\r\n                                                                                <\/div>\r\n                                <\/div>\r\n\r\n                            <\/div>\r\n                        <\/div>\r\n\r\n                    <\/div>\r\n                <\/div>\r\n\r\n                \r\n            \r\n                <div class=\"blog-grid-small blog-grid-item2\">\r\n                    <div class=\"blog-grid-item-container blog-slider-item\" style=\"background-image: url( https:\/\/metropoliagzm.pl\/wp-content\/uploads\/2026\/04\/1460x616-1024x432.jpg );\">\r\n                       <a href=\"https:\/\/metropoliagzm.pl\/de\/2026\/04\/24\/apel-dotyczacy-planow-rozbudowy-autostrady-a4-na-terenie-gzm\/\" aria-label=\"link-do-postu\" class=\"clickable-button\" style=\"position:absolute;width:100%;height:100%;z-index:100;\">\r\n                       <\/a>\r\n                   <div class=\"blog-slider-container\" style=\"z-index: 200;\">\r\n                            <div class=\"blog-slider-content\">\r\n\r\n                                <div class=\"blog-slider-content-details\">\r\n                                    <div class=\"post-categories-container\">\r\n                <div class=\"post-categories\"><a style=\"border-radius: 0 !important\" href=\"\/de\/Gospodarka-i-Inwestycje\/\">Wirtschaft und Investition<\/a>, <a style=\"border-radius: 0 !important\" href=\"\/de\/GZM\/\">GZM<\/a><\/div>\r\n            <\/div>                                    <a href=\"https:\/\/metropoliagzm.pl\/de\/2026\/04\/24\/apel-dotyczacy-planow-rozbudowy-autostrady-a4-na-terenie-gzm\/\">\r\n                                        <h2 class=\"post-title\">Apel dotycz\u0105cy plan\u00f3w rozbudowy autostrady A4 na terenie GZM<\/h2>\r\n                                    <\/a>\r\n                                    <div class=\"post-meta\">\r\n                                                                                    \r\n        <div class=\"post-meta-content\">\r\n                            <span class=\"post-auhor-date\">\r\n                    <!--  -->\r\n\r\n                                            <a href=\"https:\/\/metropoliagzm.pl\/de\/2026\/04\/24\/apel-dotyczacy-planow-rozbudowy-autostrady-a4-na-terenie-gzm\/\" class=\"post-date\">\r\n                                                                                        24 April 2026                                                    <\/a>\r\n                                    <\/span>\r\n            \r\n                        \r\n                        \r\n                        \r\n                        \r\n                        \r\n                                        <span class=\"placeholder-post-read-later\"><\/span>\r\n                    <\/div>\r\n\r\n                                                                                <\/div>\r\n                                <\/div>\r\n\r\n                            <\/div>\r\n                        <\/div>\r\n\r\n                    <\/div>\r\n                <\/div>\r\n\r\n                \r\n            \r\n                <div class=\"blog-grid-small blog-grid-item3\">\r\n                    <div class=\"blog-grid-item-container blog-slider-item\" style=\"background-image: url( https:\/\/metropoliagzm.pl\/wp-content\/uploads\/2026\/04\/e111-1024x640.png );\">\r\n                       <a href=\"https:\/\/metropoliagzm.pl\/de\/2026\/04\/23\/apel-do-ministra-infrastruktury-o-zmiane-zasad-finansowania-drog-krajowych\/\" aria-label=\"link-do-postu\" class=\"clickable-button\" style=\"position:absolute;width:100%;height:100%;z-index:100;\">\r\n                       <\/a>\r\n                   <div class=\"blog-slider-container\" style=\"z-index: 200;\">\r\n                            <div class=\"blog-slider-content\">\r\n\r\n                                <div class=\"blog-slider-content-details\">\r\n                                    <div class=\"post-categories-container\">\r\n                <div class=\"post-categories\"><a style=\"border-radius: 0 !important\" href=\"\/de\/Gospodarka-i-Inwestycje\/\">Wirtschaft und Investition<\/a>, <a style=\"border-radius: 0 !important\" href=\"\/de\/GZM\/\">GZM<\/a><\/div>\r\n            <\/div>                                    <a href=\"https:\/\/metropoliagzm.pl\/de\/2026\/04\/23\/apel-do-ministra-infrastruktury-o-zmiane-zasad-finansowania-drog-krajowych\/\">\r\n                                        <h2 class=\"post-title\">Apel do Ministra Infrastruktury o zmian\u0119 zasad finansowania dr\u00f3g krajowych<\/h2>\r\n                                    <\/a>\r\n                                    <div class=\"post-meta\">\r\n                                                                                    \r\n        <div class=\"post-meta-content\">\r\n                            <span class=\"post-auhor-date\">\r\n                    <!--  -->\r\n\r\n                                            <a href=\"https:\/\/metropoliagzm.pl\/de\/2026\/04\/23\/apel-do-ministra-infrastruktury-o-zmiane-zasad-finansowania-drog-krajowych\/\" class=\"post-date\">\r\n                                                                                        23 April 2026                                                    <\/a>\r\n                                    <\/span>\r\n            \r\n                        \r\n                        \r\n                        \r\n                        \r\n                        \r\n                                        <span class=\"placeholder-post-read-later\"><\/span>\r\n                    <\/div>\r\n\r\n                                                                                <\/div>\r\n                                <\/div>\r\n\r\n                            <\/div>\r\n                        <\/div>\r\n\r\n                    <\/div>\r\n                <\/div>\r\n\r\n                \r\n                <\/div>\r\n<\/div>\r\n\r\n\r\n    <\/div><\/div><\/div><div class=\"gzm-socials wpb_column vc_column_container vc_col-sm-3 vc_col-lg-3 vc_col-md-12 vc_hidden-md vc_hidden-sm vc_hidden-xs\"><div class=\"vc_column-inner\"><div class=\"wpb_wrapper\"><div  class=\"wpb_widgetised_column wpb_content_element\">\n\t\t<div class=\"wpb_wrapper\">\n\t\t\t\n\t\t\t<div id=\"social_counter-2\" class=\"widget_advertise widget-item widget_social_counter\">\r\n<div class=\"sh-widget-title-styling\"><h3 class=\"widget-title\"><img decoding=\"async\" width=\"25px\" height=\"25px\" style=\"padding-right:10px;\" src=\"\/wp-content\/uploads\/gzm\/sygnet.png\">Social Media<\/h3><\/div>\r\n\r\n\r\n\r\n\r\n<div class=\"sh-widget-connected-list sh-widget-connected-style2\">\r\n\t\t\t\t\t\t\r\n\t\t\t\t<a href=\"https:\/\/www.facebook.com\/\/\" target=\"_blank\" class=\"sh-widget-connected-item\">\r\n\t\t\t\t\t<div class=\"sh-widget-connected-bubble sh-widget-connected-facebook\">\r\n\t\t\t\t\t\t<i class=\"fa fa-facebook\"><\/i>\r\n\r\n\t\t\t\t\t\r\n\t\t\t\t\t<\/div>\r\n\t\t\t\t<\/a>\r\n\r\n\t\t\t\t\t\t\t\t\t\t\t\r\n\t\t\t\t<a href=\"https:\/\/www.youtube.com\" target=\"_blank\" class=\"sh-widget-connected-item\">\r\n\t\t\t\t\t<div class=\"sh-widget-connected-bubble sh-widget-connected-youtube\">\r\n\t\t\t\t\t\t<i class=\"fa fa-youtube-play\"><\/i>\r\n\r\n\t\t\t\t\t\r\n\t\t\t\t\t<\/div>\r\n\t\t\t\t<\/a>\r\n\r\n\t\t\t\t\t\t\t\t\t\t\t\r\n\t\t\t\t<a href=\"https:\/\/www.instagram.com\" target=\"_blank\" class=\"sh-widget-connected-item\">\r\n\t\t\t\t\t<div class=\"sh-widget-connected-bubble sh-widget-connected-instagram\">\r\n\t\t\t\t\t\t<i class=\"fa fa-instagram\"><\/i>\r\n\r\n\t\t\t\t\t\r\n\t\t\t\t\t<\/div>\r\n\t\t\t\t<\/a>\r\n\r\n\t\t\t\t\t\t\t\t\t\t\t\r\n\t\t\t\t<a href=\"https:\/\/plus.google.com\" target=\"_blank\" class=\"sh-widget-connected-item\">\r\n\t\t\t\t\t<div class=\"sh-widget-connected-bubble sh-widget-connected-twitter\">\r\n\t\t\t\t\t\t<i class=\"fa fa-twitter\"><\/i>\r\n\r\n\t\t\t\t\t\r\n\t\t\t\t\t<\/div>\r\n\t\t\t\t<\/a>\r\n\r\n\t\t\t\t\t\t<\/div>\r\n\r\n\r\n<\/div><div id=\"facebook-3\" class=\"widget_facebook widget-item widget_facebook\">\r\n\t<div class=\"sh-widget-title-styling\"><h3 class=\"widget-title\"><img decoding=\"async\" width=\"25px\" height=\"25px\" style=\"padding-right:10px;\" src=\"\/wp-content\/uploads\/gzm\/sygnet.png\">Regelm\u00e4\u00dfig<\/h3><\/div>\r\n\t\t\t<div class=\"sh-widget-facebook-item\">\r\n\t\t\t\r\n\t\t\t<div class=\"fb-page\"\r\n\t\t\t\tdata-href=\"https:\/\/www.facebook.com\/metropoliagzm\/\"\r\n\t\t\t\tdata-tabs=\"timeline, \"\r\n\t\t\t\tdata-small-header=\"\"\r\n\t\t\t\tdata-adapt-container-width=\"true\"\r\n\t\t\t\tdata-hide-cover=\"\"\r\n\t\t\t\tdata-show-facepile=\"\">\r\n\t\t\t<\/div>\r\n\t\t<\/div>\r\n\t\r\n<\/div>\n\t\t<\/div>\n\t<\/div>\n<\/div><\/div><\/div><\/div><\/div><\/div><\/div><\/div><div class=\"vc_row wpb_row vc_row-fluid vc_custom_1554881452826\" style=\"width: 100%; max-width: 1200px;margin-left: auto; margin-right: auto;\"><div class=\"wpb_animate_when_almost_visible wpb_bounceInDown bounceInDown wpb_column vc_column_container vc_col-sm-12\"><div class=\"vc_column-inner\"><div class=\"wpb_wrapper\"><div class=\"vc_row wpb_row vc_inner vc_row-fluid\" style=\"width: 100%; max-width: 1200px;margin-left: auto; margin-right: auto;\"><div class=\"white-background wpb_column vc_column_container vc_col-sm-12\"><div class=\"vc_column-inner\"><div class=\"wpb_wrapper\">\r\n            \r\n            \r\n\r\n            <div class=\"blog-posts-fancy-KjxSTwF9ka sh-blog-fancy\">\r\n                \r\n                <div class=\"blog-fancy-carousel-disabled blog-style-mini2 columns4\">\r\n                    \r\n                                    <article id=\"post-48280\" class=\"post-item post-48280 post type-post status-publish format-standard has-post-thumbnail hentry category-gospodarka-i-inwestycje category-siemianowice-slaskie tag-biblioteka\">\r\n                                        <div class=\"post-container\">\r\n                                            <div class=\"post-thumbnail-mini\" style=\"background-image: url( https:\/\/metropoliagzm.pl\/wp-content\/uploads\/2026\/04\/10-585x372.jpg);\">\r\n                                            <\/div>\r\n                                            <div class=\"post-container-mini\">\r\n                                                <div class=\"post-categories-container\">\r\n                <div class=\"post-categories\"><a style=\"border-radius: 0 !important\" href=\"\/de\/Gospodarka-i-Inwestycje\/\">Wirtschaft und Investition<\/a>, <a style=\"border-radius: 0 !important\" href=\"\/de\/Siemianowice-Slaskie\/\">Siemianowice \u015al\u0105skie<\/a><\/div>\r\n            <\/div>                                                <a href=\"https:\/\/metropoliagzm.pl\/de\/2026\/04\/24\/plac-budowy-przekazany-rusza-modernizacja-miejskiej-biblioteki\/\" class=\"post-title\">\r\n                                                    <h2>\r\n                                                                                                                Plac budowy przekazany \u2013 rusza modernizacja miejskiej biblioteki                                                    <\/h2>\r\n                                                <\/a>\r\n                                            <\/div>\r\n                                        <\/div>\r\n                                    <\/article>\r\n\r\n                                \r\n                                    <article id=\"post-48113\" class=\"post-item post-48113 post type-post status-publish format-standard has-post-thumbnail hentry category-gospodarka-i-inwestycje category-siemianowice-slaskie tag-siemianowice-slaskie\">\r\n                                        <div class=\"post-container\">\r\n                                            <div class=\"post-thumbnail-mini\" style=\"background-image: url( https:\/\/metropoliagzm.pl\/wp-content\/uploads\/2026\/04\/TP9_3370-scaled-1-585x372.jpg);\">\r\n                                            <\/div>\r\n                                            <div class=\"post-container-mini\">\r\n                                                <div class=\"post-categories-container\">\r\n                <div class=\"post-categories\"><a style=\"border-radius: 0 !important\" href=\"\/de\/Gospodarka-i-Inwestycje\/\">Wirtschaft und Investition<\/a>, <a style=\"border-radius: 0 !important\" href=\"\/de\/Siemianowice-Slaskie\/\">Siemianowice \u015al\u0105skie<\/a><\/div>\r\n            <\/div>                                                <a href=\"https:\/\/metropoliagzm.pl\/de\/2026\/04\/03\/szwajcarsko-polski-program-rozwoju-miast-rozpedza-sie\/\" class=\"post-title\">\r\n                                                    <h2>\r\n                                                                                                                Szwajcarsko-Polski Program Rozwoju Miast rozp\u0119dza si\u0119!                                                    <\/h2>\r\n                                                <\/a>\r\n                                            <\/div>\r\n                                        <\/div>\r\n                                    <\/article>\r\n\r\n                                \r\n                                    <article id=\"post-48077\" class=\"post-item post-48077 post type-post status-publish format-standard has-post-thumbnail hentry category-gospodarka-i-inwestycje category-sosnowiec tag-velostrada\">\r\n                                        <div class=\"post-container\">\r\n                                            <div class=\"post-thumbnail-mini\" style=\"background-image: url( https:\/\/metropoliagzm.pl\/wp-content\/uploads\/2026\/03\/657363416_1577307217097729_1462947996136206039_n-1-585x372.jpg);\">\r\n                                            <\/div>\r\n                                            <div class=\"post-container-mini\">\r\n                                                <div class=\"post-categories-container\">\r\n                <div class=\"post-categories\"><a style=\"border-radius: 0 !important\" href=\"\/de\/Gospodarka-i-Inwestycje\/\">Wirtschaft und Investition<\/a>, <a style=\"border-radius: 0 !important\" href=\"\/de\/Sosnowiec\/\">Sosnowiec<\/a><\/div>\r\n            <\/div>                                                <a href=\"https:\/\/metropoliagzm.pl\/de\/2026\/03\/27\/nadchodzi-rowerowa-rewolucja\/\" class=\"post-title\">\r\n                                                    <h2>\r\n                                                                                                                Nadchodzi rowerowa rewolucja!                                                    <\/h2>\r\n                                                <\/a>\r\n                                            <\/div>\r\n                                        <\/div>\r\n                                    <\/article>\r\n\r\n                                \r\n                                    <article id=\"post-48059\" class=\"post-item post-48059 post type-post status-publish format-standard has-post-thumbnail hentry category-gospodarka-i-inwestycje category-siemianowice-slaskie tag-fotowoltaika\">\r\n                                        <div class=\"post-container\">\r\n                                            <div class=\"post-thumbnail-mini\" style=\"background-image: url( https:\/\/metropoliagzm.pl\/wp-content\/uploads\/2026\/03\/fot.-Wojciech-Mateusiak-5-of-9-1024x682-1-585x372.jpg);\">\r\n                                            <\/div>\r\n                                            <div class=\"post-container-mini\">\r\n                                                <div class=\"post-categories-container\">\r\n                <div class=\"post-categories\"><a style=\"border-radius: 0 !important\" href=\"\/de\/Gospodarka-i-Inwestycje\/\">Wirtschaft und Investition<\/a>, <a style=\"border-radius: 0 !important\" href=\"\/de\/Siemianowice-Slaskie\/\">Siemianowice \u015al\u0105skie<\/a><\/div>\r\n            <\/div>                                                <a href=\"https:\/\/metropoliagzm.pl\/de\/2026\/03\/27\/kolejne-miejskie-placowki-z-fotowoltaika\/\" class=\"post-title\">\r\n                                                    <h2>\r\n                                                                                                                Kolejne miejskie plac\u00f3wki z fotowoltaik\u0105                                                    <\/h2>\r\n                                                <\/a>\r\n                                            <\/div>\r\n                                        <\/div>\r\n                                    <\/article>\r\n\r\n                                                <\/div>\r\n                                    <div class=\"widget-slide-arrows sh-carousel-buttons-styling\"><\/div>\r\n                            <\/div>\r\n\r\n\r\n\r\n\r\n\r\n        <\/div><\/div><\/div><\/div><\/div><\/div><\/div><\/div><div class=\"vc_row wpb_row vc_row-fluid vc_custom_1558454048806\" style=\"width: 100%; max-width: 1200px;margin-left: auto; margin-right: auto;\"><div class=\"wpb_column vc_column_container vc_col-sm-12\"><div class=\"vc_column-inner\"><div class=\"wpb_wrapper\">\n\t<div class=\"wpb_text_column wpb_content_element gzm-icon\" >\n\t\t<div class=\"wpb_wrapper\">\n\t\t\t<p><strong><img loading=\"lazy\" decoding=\"async\" class=\"alignnone wp-image-2453\" src=\"Wir empfehlen\" alt=\"\" width=\"20\" height=\"25\" \/>\u00a0Artyku\u0142y archiwalne<\/strong><\/p>\n\n\t\t<\/div>\n\t<\/div>\n<div class=\"vc_row wpb_row vc_inner vc_row-fluid vc_custom_1558456984327\"><div class=\"wpb_column vc_column_container vc_col-sm-12\"><div class=\"vc_column-inner\"><div class=\"wpb_wrapper\">\r\n            \r\n                        <div class=\"sh-blog-standard-posts blog-posts-tkc5A8CNlv\">\r\n                <div class=\"sh-group blog-list blog-style-grid blog-style-grid-element blog-style-columns4 blog-dividing-line-off sh-posts-description-off\">\r\n                    \r\n\t<article id=\"post-48102\" class=\"post-item post-48102 post type-post status-publish format-standard has-post-thumbnail hentry category-gospodarka-i-inwestycje category-gzm\">\r\n\t\t<div class=\"post-container\">\r\n\r\n\t\t\t\r\n\t\t\t\t<div class=\"post-thumbnail\">\r\n\t\t\t\t\t\t\t\t\t\t\t<div class=\"sh-ratio\">\r\n\t\t\t\t\t\t\t<div class=\"sh-ratio-container\">\r\n\t\t\t\t\t\t\t\t<div class=\"sh-ratio-content\" alt=\"\" style=\"background-image: url( https:\/\/metropoliagzm.pl\/wp-content\/uploads\/2026\/04\/128781692_10159011210740667_2780889814996029804_n-1-420x265.jpg);\"><\/div>\r\n\t\t\t\t\t\t\t<\/div>\r\n\t\t\t\t\t\t<\/div>\r\n\t\t\t\t\t\r\n\t\t\t\t\t            <a href=\"https:\/\/metropoliagzm.pl\/de\/2026\/04\/02\/starania-o-centrum-technologiczne-esa-raport-strategiczny-gzm2026-gotowi-do-startu\/\" class=\"post-overlay\"><\/a>\r\n        \t\t\t\t\t\t\t\t\t\t<div class=\"post-categories-container\">\r\n                <div class=\"post-categories\"><a style=\"border-radius: 0 !important\" href=\"\/de\/Gospodarka-i-Inwestycje\/\">Wirtschaft und Investition<\/a>, <a style=\"border-radius: 0 !important\" href=\"\/de\/GZM\/\">GZM<\/a><\/div>\r\n            <\/div>\t\t\t\t<\/div>\r\n\r\n\t\t\t\r\n\t\t\t<div class=\"post-content-container\">\r\n\t\t\t\t\r\n\t\t\t\t<a href=\"https:\/\/metropoliagzm.pl\/de\/2026\/04\/02\/starania-o-centrum-technologiczne-esa-raport-strategiczny-gzm2026-gotowi-do-startu\/\" class=\"post-title\">\r\n\t\t\t\t\t<div class=\"blog-post-title\">\t\t\t\t\t\t\t\t\t\tWalczymy o centrum ESA. GZM 2026: Gotowi do startu\t\t\t\t\t<\/div>\t\t\t\t<\/a>\r\n\r\n\t\t\t\t\r\n        \r\n                    <div class=\"post-content\">\r\n                <p>Przedstawiamy raport strategiczny \u201eGZM 2026: Gotowi do startu\u201d, kt\u00f3ry pokazuje, w jaki spos\u00f3b region o silnych tradycjach przemys\u0142owych mo\u017ce wykorzysta\u0107 swoje zaplecze in\u017cynieryjne i naukowe do rozwoju zaawansowanych technologii, w tym sektora kosmicznego. Udowadniamy, \u017ce mamy potencja\u0142, by sta\u0107 si\u0119 jednym z nowych europejskich hub\u00f3w&#8230;<\/p>\n            <\/div>\r\n        \r\n                    <div class=\"post-meta\">\r\n                \r\n        <div class=\"post-meta-content\">\r\n                            <span class=\"post-auhor-date\">\r\n                    <!--  -->\r\n\r\n                                            <a href=\"https:\/\/metropoliagzm.pl\/de\/2026\/04\/02\/starania-o-centrum-technologiczne-esa-raport-strategiczny-gzm2026-gotowi-do-startu\/\" class=\"post-date\">\r\n                                                                                        2 April 2026                                                    <\/a>\r\n                                    <\/span>\r\n            \r\n                        \r\n                        \r\n                        \r\n                                        <span class=\"post-readtime\">\r\n                    <i class=\"icon icon-clock\"><\/i>\r\n                    4 min <span>read<\/span>                <\/span>\r\n            \r\n                        \r\n                                        <span class=\"placeholder-post-read-later\"><\/span>\r\n                    <\/div>\r\n\r\n                <\/div>\r\n        \r\n\t\t\t<\/div>\r\n\r\n\t\t<\/div>\r\n\t<\/article>\r\n\r\n\r\n\r\n\t<article id=\"post-48077\" class=\"post-item post-48077 post type-post status-publish format-standard has-post-thumbnail hentry category-gospodarka-i-inwestycje category-sosnowiec tag-velostrada\">\r\n\t\t<div class=\"post-container\">\r\n\r\n\t\t\t\r\n\t\t\t\t<div class=\"post-thumbnail\">\r\n\t\t\t\t\t\t\t\t\t\t\t<div class=\"sh-ratio\">\r\n\t\t\t\t\t\t\t<div class=\"sh-ratio-container\">\r\n\t\t\t\t\t\t\t\t<div class=\"sh-ratio-content\" alt=\"Wizualizacja velostrady w Sosnowcu. Nowoczesna k\u0142adka rowerowa nad ul. Pi\u0142sudskiego z charakterystyczn\u0105 spiral\u0105 usprawni ruch w obszarze GZM.\" style=\"background-image: url( https:\/\/metropoliagzm.pl\/wp-content\/uploads\/2026\/03\/657363416_1577307217097729_1462947996136206039_n-1-420x265.jpg);\"><\/div>\r\n\t\t\t\t\t\t\t<\/div>\r\n\t\t\t\t\t\t<\/div>\r\n\t\t\t\t\t\r\n\t\t\t\t\t            <a href=\"https:\/\/metropoliagzm.pl\/de\/2026\/03\/27\/nadchodzi-rowerowa-rewolucja\/\" class=\"post-overlay\"><\/a>\r\n        \t\t\t\t\t\t\t\t\t\t<div class=\"post-categories-container\">\r\n                <div class=\"post-categories\"><a style=\"border-radius: 0 !important\" href=\"\/de\/Gospodarka-i-Inwestycje\/\">Wirtschaft und Investition<\/a>, <a style=\"border-radius: 0 !important\" href=\"\/de\/Sosnowiec\/\">Sosnowiec<\/a><\/div>\r\n            <\/div>\t\t\t\t<\/div>\r\n\r\n\t\t\t\r\n\t\t\t<div class=\"post-content-container\">\r\n\t\t\t\t\r\n\t\t\t\t<a href=\"https:\/\/metropoliagzm.pl\/de\/2026\/03\/27\/nadchodzi-rowerowa-rewolucja\/\" class=\"post-title\">\r\n\t\t\t\t\t<div class=\"blog-post-title\">\t\t\t\t\t\t\t\t\t\tNadchodzi rowerowa rewolucja!\t\t\t\t\t<\/div>\t\t\t\t<\/a>\r\n\r\n\t\t\t\t\r\n        \r\n                    <div class=\"post-content\">\r\n                <p>W\u00a0Sosnowcu szykuje si\u0119 prawdziwa rowerowa rewolucja! Bezkolizyjne wjazdy, specjalne k\u0142adki oraz\u00a0spiralne najazdy to\u00a0wszystko powstanie w\u00a0czasie budowy 7,5 kilometra Velostrady, czyli rowerowej autostrady. \u2013\u00a0To\u00a0dla nas kluczowy rowerowy projekt, kt\u00f3ry\u00a0zmieni spos\u00f3b poruszania si\u0119 po\u00a0naszym mie\u015bcie. Po\u00a0raz pierwszy na\u00a0tak\u0105 skal\u0119 b\u0119dziemy stosowa\u0107 rozwi\u0105zania podobne do\u00a0tych znanych z\u00a0drogowych autostrad&#8230;.<\/p>\n            <\/div>\r\n        \r\n                    <div class=\"post-meta\">\r\n                \r\n        <div class=\"post-meta-content\">\r\n                            <span class=\"post-auhor-date\">\r\n                    <!--  -->\r\n\r\n                                            <a href=\"https:\/\/metropoliagzm.pl\/de\/2026\/03\/27\/nadchodzi-rowerowa-rewolucja\/\" class=\"post-date\">\r\n                                                                                        27 M\u00e4rz 2026                                                    <\/a>\r\n                                    <\/span>\r\n            \r\n                        \r\n                        \r\n                        \r\n                                        <span class=\"post-readtime\">\r\n                    <i class=\"icon icon-clock\"><\/i>\r\n                    3 min <span>read<\/span>                <\/span>\r\n            \r\n                        \r\n                                        <span class=\"placeholder-post-read-later\"><\/span>\r\n                    <\/div>\r\n\r\n                <\/div>\r\n        \r\n\t\t\t<\/div>\r\n\r\n\t\t<\/div>\r\n\t<\/article>\r\n\r\n\r\n\r\n\t<article id=\"post-48059\" class=\"post-item post-48059 post type-post status-publish format-standard has-post-thumbnail hentry category-gospodarka-i-inwestycje category-siemianowice-slaskie tag-fotowoltaika\">\r\n\t\t<div class=\"post-container\">\r\n\r\n\t\t\t\r\n\t\t\t\t<div class=\"post-thumbnail\">\r\n\t\t\t\t\t\t\t\t\t\t\t<div class=\"sh-ratio\">\r\n\t\t\t\t\t\t\t<div class=\"sh-ratio-container\">\r\n\t\t\t\t\t\t\t\t<div class=\"sh-ratio-content\" alt=\"\" style=\"background-image: url( https:\/\/metropoliagzm.pl\/wp-content\/uploads\/2026\/03\/fot.-Wojciech-Mateusiak-5-of-9-1024x682-1-420x265.jpg);\"><\/div>\r\n\t\t\t\t\t\t\t<\/div>\r\n\t\t\t\t\t\t<\/div>\r\n\t\t\t\t\t\r\n\t\t\t\t\t            <a href=\"https:\/\/metropoliagzm.pl\/de\/2026\/03\/27\/kolejne-miejskie-placowki-z-fotowoltaika\/\" class=\"post-overlay\"><\/a>\r\n        \t\t\t\t\t\t\t\t\t\t<div class=\"post-categories-container\">\r\n                <div class=\"post-categories\"><a style=\"border-radius: 0 !important\" href=\"\/de\/Gospodarka-i-Inwestycje\/\">Wirtschaft und Investition<\/a>, <a style=\"border-radius: 0 !important\" href=\"\/de\/Siemianowice-Slaskie\/\">Siemianowice \u015al\u0105skie<\/a><\/div>\r\n            <\/div>\t\t\t\t<\/div>\r\n\r\n\t\t\t\r\n\t\t\t<div class=\"post-content-container\">\r\n\t\t\t\t\r\n\t\t\t\t<a href=\"https:\/\/metropoliagzm.pl\/de\/2026\/03\/27\/kolejne-miejskie-placowki-z-fotowoltaika\/\" class=\"post-title\">\r\n\t\t\t\t\t<div class=\"blog-post-title\">\t\t\t\t\t\t\t\t\t\tKolejne miejskie plac\u00f3wki z fotowoltaik\u0105\t\t\t\t\t<\/div>\t\t\t\t<\/a>\r\n\r\n\t\t\t\t\r\n        \r\n                    <div class=\"post-content\">\r\n                <p>W marcu podpisano umow\u0119 na realizacj\u0119 projektu pn. \u201eS\u0142oneczna Gmina \u2013 monta\u017c instalacji fotowoltaicznych w infrastrukturze publicznej V \u2013 ETAP 1\u201d, w ramach kt\u00f3rego do wrze\u015bnia br. na dachach kolejnych miejskich plac\u00f3wek pojawi\u0105 si\u0119 panele fotowoltaiczne \u2013 Przedszkola nr 18 i 19, Kompleksu Sportowego \u201eMicha\u0142\u201d&#8230;<\/p>\n            <\/div>\r\n        \r\n                    <div class=\"post-meta\">\r\n                \r\n        <div class=\"post-meta-content\">\r\n                            <span class=\"post-auhor-date\">\r\n                    <!--  -->\r\n\r\n                                            <a href=\"https:\/\/metropoliagzm.pl\/de\/2026\/03\/27\/kolejne-miejskie-placowki-z-fotowoltaika\/\" class=\"post-date\">\r\n                                                                                        27 M\u00e4rz 2026                                                    <\/a>\r\n                                    <\/span>\r\n            \r\n                        \r\n                        \r\n                        \r\n                                        <span class=\"post-readtime\">\r\n                    <i class=\"icon icon-clock\"><\/i>\r\n                    1 min <span>read<\/span>                <\/span>\r\n            \r\n                        \r\n                                        <span class=\"placeholder-post-read-later\"><\/span>\r\n                    <\/div>\r\n\r\n                <\/div>\r\n        \r\n\t\t\t<\/div>\r\n\r\n\t\t<\/div>\r\n\t<\/article>\r\n\r\n\r\n\r\n\t<article id=\"post-48090\" class=\"post-item post-48090 post type-post status-publish format-standard has-post-thumbnail hentry category-gospodarka-i-inwestycje category-zabrze tag-nieruchomosci\">\r\n\t\t<div class=\"post-container\">\r\n\r\n\t\t\t\r\n\t\t\t\t<div class=\"post-thumbnail\">\r\n\t\t\t\t\t\t\t\t\t\t\t<div class=\"sh-ratio\">\r\n\t\t\t\t\t\t\t<div class=\"sh-ratio-container\">\r\n\t\t\t\t\t\t\t\t<div class=\"sh-ratio-content\" alt=\"Zdj\u0119cie przedstawia panoram\u0119 kampusu Politechniki \u015al\u0105skiej w Zabrzu o zmierzchu. Widoczne s\u0105 nowoczesne budynki uczelni, ziele\u0144 oraz miejska zabudowa.\" style=\"background-image: url( https:\/\/metropoliagzm.pl\/wp-content\/uploads\/2026\/03\/politechnika-zabrze-fot.-Pawel-JaNic-Janicki-6-870x440-1-420x265.jpg);\"><\/div>\r\n\t\t\t\t\t\t\t<\/div>\r\n\t\t\t\t\t\t<\/div>\r\n\t\t\t\t\t\r\n\t\t\t\t\t            <a href=\"https:\/\/metropoliagzm.pl\/de\/2026\/03\/27\/zabrze-przekazuje-miejskie-dzialki-na-cele-zwiazane-z-ratownictwem-nauka-i-edukacja\/\" class=\"post-overlay\"><\/a>\r\n        \t\t\t\t\t\t\t\t\t\t<div class=\"post-categories-container\">\r\n                <div class=\"post-categories\"><a style=\"border-radius: 0 !important\" href=\"\/de\/Gospodarka-i-Inwestycje\/\">Wirtschaft und Investition<\/a>, <a style=\"border-radius: 0 !important\" href=\"\/de\/Zabrze\/\">Zabrze<\/a><\/div>\r\n            <\/div>\t\t\t\t<\/div>\r\n\r\n\t\t\t\r\n\t\t\t<div class=\"post-content-container\">\r\n\t\t\t\t\r\n\t\t\t\t<a href=\"https:\/\/metropoliagzm.pl\/de\/2026\/03\/27\/zabrze-przekazuje-miejskie-dzialki-na-cele-zwiazane-z-ratownictwem-nauka-i-edukacja\/\" class=\"post-title\">\r\n\t\t\t\t\t<div class=\"blog-post-title\">\t\t\t\t\t\t\t\t\t\tZabrze przekazuje miejskie dzia\u0142ki na cele zwi\u0105zane z ratownictwem, nauk\u0105 i edukacj\u0105\t\t\t\t\t<\/div>\t\t\t\t<\/a>\r\n\r\n\t\t\t\t\r\n        \r\n                    <div class=\"post-content\">\r\n                <p>Rada Miasta Zabrze podj\u0119\u0142a decyzje, kt\u00f3re mog\u0105 realnie wp\u0142yn\u0105\u0107 na codzienne \u017cycie mieszka\u0144c\u00f3w. Radni zgodzili si\u0119 na przekazanie miejskich nieruchomo\u015bci w formie darowizny na rzecz Wojew\u00f3dzkiego Pogotowia Ratunkowego w Katowicach oraz Politechniki \u015al\u0105skiej. To inwestycje w bezpiecze\u0144stwo i rozw\u00f3j nauki. Nowa stacja pogotowia w Zabrzu&#8230;<\/p>\n            <\/div>\r\n        \r\n                    <div class=\"post-meta\">\r\n                \r\n        <div class=\"post-meta-content\">\r\n                            <span class=\"post-auhor-date\">\r\n                    <!--  -->\r\n\r\n                                            <a href=\"https:\/\/metropoliagzm.pl\/de\/2026\/03\/27\/zabrze-przekazuje-miejskie-dzialki-na-cele-zwiazane-z-ratownictwem-nauka-i-edukacja\/\" class=\"post-date\">\r\n                                                                                        27 M\u00e4rz 2026                                                    <\/a>\r\n                                    <\/span>\r\n            \r\n                        \r\n                        \r\n                        \r\n                                        <span class=\"post-readtime\">\r\n                    <i class=\"icon icon-clock\"><\/i>\r\n                    2 min <span>read<\/span>                <\/span>\r\n            \r\n                        \r\n                                        <span class=\"placeholder-post-read-later\"><\/span>\r\n                    <\/div>\r\n\r\n                <\/div>\r\n        \r\n\t\t\t<\/div>\r\n\r\n\t\t<\/div>\r\n\t<\/article>\r\n\r\n\r\n\r\n\t<article id=\"post-47993\" class=\"post-item post-47993 post type-post status-publish format-standard has-post-thumbnail hentry category-gospodarka-i-inwestycje category-siemianowice-slaskie\">\r\n\t\t<div class=\"post-container\">\r\n\r\n\t\t\t\r\n\t\t\t\t<div class=\"post-thumbnail\">\r\n\t\t\t\t\t\t\t\t\t\t\t<div class=\"sh-ratio\">\r\n\t\t\t\t\t\t\t<div class=\"sh-ratio-container\">\r\n\t\t\t\t\t\t\t\t<div class=\"sh-ratio-content\" alt=\"\" style=\"background-image: url( https:\/\/metropoliagzm.pl\/wp-content\/uploads\/2026\/03\/01-1_675_v2-420x265.jpg);\"><\/div>\r\n\t\t\t\t\t\t\t<\/div>\r\n\t\t\t\t\t\t<\/div>\r\n\t\t\t\t\t\r\n\t\t\t\t\t            <a href=\"https:\/\/metropoliagzm.pl\/de\/2026\/03\/13\/siemianowice-slaskie-i-czeladz-podpisaly-umowe-partnerska-rusza-projekt-za-ponad-80-mln\/\" class=\"post-overlay\"><\/a>\r\n        \t\t\t\t\t\t\t\t\t\t<div class=\"post-categories-container\">\r\n                <div class=\"post-categories\"><a style=\"border-radius: 0 !important\" href=\"\/de\/Gospodarka-i-Inwestycje\/\">Wirtschaft und Investition<\/a>, <a style=\"border-radius: 0 !important\" href=\"\/de\/Siemianowice-Slaskie\/\">Siemianowice \u015al\u0105skie<\/a><\/div>\r\n            <\/div>\t\t\t\t<\/div>\r\n\r\n\t\t\t\r\n\t\t\t<div class=\"post-content-container\">\r\n\t\t\t\t\r\n\t\t\t\t<a href=\"https:\/\/metropoliagzm.pl\/de\/2026\/03\/13\/siemianowice-slaskie-i-czeladz-podpisaly-umowe-partnerska-rusza-projekt-za-ponad-80-mln\/\" class=\"post-title\">\r\n\t\t\t\t\t<div class=\"blog-post-title\">\t\t\t\t\t\t\t\t\t\tSiemianowice \u015al\u0105skie i Czelad\u017a podpisa\u0142y umow\u0119 partnersk\u0105. Rusza projekt za ponad 80 mln\t\t\t\t\t<\/div>\t\t\t\t<\/a>\r\n\r\n\t\t\t\t\r\n        \r\n                    <div class=\"post-content\">\r\n                <p>We wtorek (10.03.), w miejskim Ratuszu w Siemianowicach \u015al\u0105skich podpisano umow\u0119 partnersk\u0105 dotycz\u0105c\u0105 wsp\u00f3lnej realizacji projektu \u201eREgeneracja Miast. Poprawa jako\u015bci \u017cycia senior\u00f3w w Siemianowicach \u015al\u0105skich i Czeladzi\u201d, finansowanego w ramach funduszy szwajcarskich. W imieniu Siemianowic \u015al\u0105skich dokument podpisali prezydent Rafa\u0142 Piech, zast\u0119pca prezydenta miasta Agnieszka&#8230;<\/p>\n            <\/div>\r\n        \r\n                    <div class=\"post-meta\">\r\n                \r\n        <div class=\"post-meta-content\">\r\n                            <span class=\"post-auhor-date\">\r\n                    <!--  -->\r\n\r\n                                            <a href=\"https:\/\/metropoliagzm.pl\/de\/2026\/03\/13\/siemianowice-slaskie-i-czeladz-podpisaly-umowe-partnerska-rusza-projekt-za-ponad-80-mln\/\" class=\"post-date\">\r\n                                                                                        13 M\u00e4rz 2026                                                    <\/a>\r\n                                    <\/span>\r\n            \r\n                        \r\n                        \r\n                        \r\n                                        <span class=\"post-readtime\">\r\n                    <i class=\"icon icon-clock\"><\/i>\r\n                    2 min <span>read<\/span>                <\/span>\r\n            \r\n                        \r\n                                        <span class=\"placeholder-post-read-later\"><\/span>\r\n                    <\/div>\r\n\r\n                <\/div>\r\n        \r\n\t\t\t<\/div>\r\n\r\n\t\t<\/div>\r\n\t<\/article>\r\n\r\n\r\n\r\n\t<article id=\"post-47938\" class=\"post-item post-47938 post type-post status-publish format-standard has-post-thumbnail hentry category-gospodarka-i-inwestycje category-siemianowice-slaskie\">\r\n\t\t<div class=\"post-container\">\r\n\r\n\t\t\t\r\n\t\t\t\t<div class=\"post-thumbnail\">\r\n\t\t\t\t\t\t\t\t\t\t\t<div class=\"sh-ratio\">\r\n\t\t\t\t\t\t\t<div class=\"sh-ratio-container\">\r\n\t\t\t\t\t\t\t\t<div class=\"sh-ratio-content\" alt=\"\" style=\"background-image: url( https:\/\/metropoliagzm.pl\/wp-content\/uploads\/2026\/03\/kobiety_przedsiebiorcze_1200x675-420x265.jpg);\"><\/div>\r\n\t\t\t\t\t\t\t<\/div>\r\n\t\t\t\t\t\t<\/div>\r\n\t\t\t\t\t\r\n\t\t\t\t\t            <a href=\"https:\/\/metropoliagzm.pl\/de\/2026\/03\/06\/energia-rozwoj-i-networking-przypomnienie-o-spotkaniu-kobiet-przedsiebiorczych-rejestracja-ponownie-otwarta\/\" class=\"post-overlay\"><\/a>\r\n        \t\t\t\t\t\t\t\t\t\t<div class=\"post-categories-container\">\r\n                <div class=\"post-categories\"><a style=\"border-radius: 0 !important\" href=\"\/de\/Gospodarka-i-Inwestycje\/\">Wirtschaft und Investition<\/a>, <a style=\"border-radius: 0 !important\" href=\"\/de\/Siemianowice-Slaskie\/\">Siemianowice \u015al\u0105skie<\/a><\/div>\r\n            <\/div>\t\t\t\t<\/div>\r\n\r\n\t\t\t\r\n\t\t\t<div class=\"post-content-container\">\r\n\t\t\t\t\r\n\t\t\t\t<a href=\"https:\/\/metropoliagzm.pl\/de\/2026\/03\/06\/energia-rozwoj-i-networking-przypomnienie-o-spotkaniu-kobiet-przedsiebiorczych-rejestracja-ponownie-otwarta\/\" class=\"post-title\">\r\n\t\t\t\t\t<div class=\"blog-post-title\">\t\t\t\t\t\t\t\t\t\tEnergia, rozw\u00f3j i networking \u2013 przypomnienie o Spotkaniu Kobiet Przedsi\u0119biorczych. Rejestracja ponownie otwarta\t\t\t\t\t<\/div>\t\t\t\t<\/a>\r\n\r\n\t\t\t\t\r\n        \r\n                    <div class=\"post-content\">\r\n                <p>Ju\u017c\u00a020 marca 2026 r. o godzinie 11:00\u00a0w Siemianowickim Centrum Kultury \u201eZameczek\u201d przy ul. O\u015bwi\u0119cimskiej 1 odb\u0119dzie si\u0119 spotkanie z cyklu \u201eKobiety Przedsi\u0119biorcze\u201d. Wydarzenie organizowane z inicjatywy Agnieszki G\u0142adysz, Pierwszego Zast\u0119pcy Prezydenta Miasta, cieszy si\u0119 ogromnym zainteresowaniem w\u015br\u00f3d kobiet prowadz\u0105cych w\u0142asne biznesy, kieruj\u0105ce firmami oraz tych,&#8230;<\/p>\n            <\/div>\r\n        \r\n                    <div class=\"post-meta\">\r\n                \r\n        <div class=\"post-meta-content\">\r\n                            <span class=\"post-auhor-date\">\r\n                    <!--  -->\r\n\r\n                                            <a href=\"https:\/\/metropoliagzm.pl\/de\/2026\/03\/06\/energia-rozwoj-i-networking-przypomnienie-o-spotkaniu-kobiet-przedsiebiorczych-rejestracja-ponownie-otwarta\/\" class=\"post-date\">\r\n                                                                                        6 M\u00e4rz 2026                                                    <\/a>\r\n                                    <\/span>\r\n            \r\n                        \r\n                        \r\n                        \r\n                                        <span class=\"post-readtime\">\r\n                    <i class=\"icon icon-clock\"><\/i>\r\n                    1 min <span>read<\/span>                <\/span>\r\n            \r\n                        \r\n                                        <span class=\"placeholder-post-read-later\"><\/span>\r\n                    <\/div>\r\n\r\n                <\/div>\r\n        \r\n\t\t\t<\/div>\r\n\r\n\t\t<\/div>\r\n\t<\/article>\r\n\r\n\r\n\r\n\t<article id=\"post-47908\" class=\"post-item post-47908 post type-post status-publish format-standard has-post-thumbnail hentry category-gospodarka-i-inwestycje category-imielin tag-imielin\">\r\n\t\t<div class=\"post-container\">\r\n\r\n\t\t\t\r\n\t\t\t\t<div class=\"post-thumbnail\">\r\n\t\t\t\t\t\t\t\t\t\t\t<div class=\"sh-ratio\">\r\n\t\t\t\t\t\t\t<div class=\"sh-ratio-container\">\r\n\t\t\t\t\t\t\t\t<div class=\"sh-ratio-content\" alt=\"\" style=\"background-image: url( https:\/\/metropoliagzm.pl\/wp-content\/uploads\/2026\/02\/image001-420x265.jpg);\"><\/div>\r\n\t\t\t\t\t\t\t<\/div>\r\n\t\t\t\t\t\t<\/div>\r\n\t\t\t\t\t\r\n\t\t\t\t\t            <a href=\"https:\/\/metropoliagzm.pl\/de\/2026\/02\/27\/nowe-oblicze-cisowca-umowa-podpisana\/\" class=\"post-overlay\"><\/a>\r\n        \t\t\t\t\t\t\t\t\t\t<div class=\"post-categories-container\">\r\n                <div class=\"post-categories\"><a style=\"border-radius: 0 !important\" href=\"\/de\/Gospodarka-i-Inwestycje\/\">Wirtschaft und Investition<\/a>, <a style=\"border-radius: 0 !important\" href=\"\/de\/Imielin\/\">Imielin<\/a><\/div>\r\n            <\/div>\t\t\t\t<\/div>\r\n\r\n\t\t\t\r\n\t\t\t<div class=\"post-content-container\">\r\n\t\t\t\t\r\n\t\t\t\t<a href=\"https:\/\/metropoliagzm.pl\/de\/2026\/02\/27\/nowe-oblicze-cisowca-umowa-podpisana\/\" class=\"post-title\">\r\n\t\t\t\t\t<div class=\"blog-post-title\">\t\t\t\t\t\t\t\t\t\tNowe oblicze Cisowca \u2013 umowa podpisana!\t\t\t\t\t<\/div>\t\t\t\t<\/a>\r\n\r\n\t\t\t\t\r\n        \r\n                    <div class=\"post-content\">\r\n                <p>Kolejna wa\u017cna inwestycja w Imielinie &#8211; START. To umowa na realizacj\u0119 zadania dotycz\u0105cego zagospodarowania teren\u00f3w w rejonie Cisowca. W obecno\u015bci Burmistrza Krzysztofa Hajduczka oraz Zast\u0119pcy Burmistrza Krzysztofa Szluzego zosta\u0142a podpisana umowa z firm\u0105 Alpa Consulting z Jawiszowic, reprezentowan\u0105 przez Pani\u0105 Krystyn\u0119 Gawlik. To projekt, kt\u00f3ry&#8230;<\/p>\n            <\/div>\r\n        \r\n                    <div class=\"post-meta\">\r\n                \r\n        <div class=\"post-meta-content\">\r\n                            <span class=\"post-auhor-date\">\r\n                    <!--  -->\r\n\r\n                                            <a href=\"https:\/\/metropoliagzm.pl\/de\/2026\/02\/27\/nowe-oblicze-cisowca-umowa-podpisana\/\" class=\"post-date\">\r\n                                                                                        27 Februar 2026                                                    <\/a>\r\n                                    <\/span>\r\n            \r\n                        \r\n                        \r\n                        \r\n                                        <span class=\"post-readtime\">\r\n                    <i class=\"icon icon-clock\"><\/i>\r\n                    1 min <span>read<\/span>                <\/span>\r\n            \r\n                        \r\n                                        <span class=\"placeholder-post-read-later\"><\/span>\r\n                    <\/div>\r\n\r\n                <\/div>\r\n        \r\n\t\t\t<\/div>\r\n\r\n\t\t<\/div>\r\n\t<\/article>\r\n\r\n\r\n\r\n\t<article id=\"post-47761\" class=\"post-item post-47761 post type-post status-publish format-standard has-post-thumbnail hentry category-bytom category-gospodarka-i-inwestycje tag-rewitalizacja\">\r\n\t\t<div class=\"post-container\">\r\n\r\n\t\t\t\r\n\t\t\t\t<div class=\"post-thumbnail\">\r\n\t\t\t\t\t\t\t\t\t\t\t<div class=\"sh-ratio\">\r\n\t\t\t\t\t\t\t<div class=\"sh-ratio-container\">\r\n\t\t\t\t\t\t\t\t<div class=\"sh-ratio-content\" alt=\"Widok z g\u00f3ry na naro\u017cn\u0105, odrestaurowan\u0105 kamienic\u0119 z czerwonej ceg\u0142y. Budynek stoi na skrzy\u017cowaniu miejskich ulic z zaparkowanymi autami.\" style=\"background-image: url( https:\/\/metropoliagzm.pl\/wp-content\/uploads\/2026\/01\/aDJI_0510_kopia-kopia-420x265.jpg);\"><\/div>\r\n\t\t\t\t\t\t\t<\/div>\r\n\t\t\t\t\t\t<\/div>\r\n\t\t\t\t\t\r\n\t\t\t\t\t            <a href=\"https:\/\/metropoliagzm.pl\/de\/2026\/01\/30\/47761\/\" class=\"post-overlay\"><\/a>\r\n        \t\t\t\t\t\t\t\t\t\t<div class=\"post-categories-container\">\r\n                <div class=\"post-categories\"><a style=\"border-radius: 0 !important\" href=\"\/de\/Bytom\/\">Bytom<\/a>, <a style=\"border-radius: 0 !important\" href=\"\/de\/Gospodarka-i-Inwestycje\/\">Wirtschaft und Investition<\/a><\/div>\r\n            <\/div>\t\t\t\t<\/div>\r\n\r\n\t\t\t\r\n\t\t\t<div class=\"post-content-container\">\r\n\t\t\t\t\r\n\t\t\t\t<a href=\"https:\/\/metropoliagzm.pl\/de\/2026\/01\/30\/47761\/\" class=\"post-title\">\r\n\t\t\t\t\t<div class=\"blog-post-title\">\t\t\t\t\t\t\t\t\t\t167,5 mln z\u0142 od rz\u0105du na remonty bytomskich kamienic\t\t\t\t\t<\/div>\t\t\t\t<\/a>\r\n\r\n\t\t\t\t\r\n        \r\n                    <div class=\"post-content\">\r\n                <p>Bytom otrzyma 167,5 mln z\u0142 na rewitalizacj\u0119 oko\u0142o 40 kamienic. Dodatkowe \u015brodki rz\u0105dowe na remonty budynk\u00f3w zapowiedzia\u0142\u00a0 podczas ubieg\u0142orocznej wizyty w Bytomiu premier Donald Tusk. \u2013 Dzi\u0119ki dotacji z bud\u017cetu pa\u0144stwa wyremontujemy oko\u0142o 40 budynk\u00f3w, a pustostany zamienimy w mieszkania. Pracujemy nad znalezieniem \u015brodk\u00f3w na&#8230;<\/p>\n            <\/div>\r\n        \r\n                    <div class=\"post-meta\">\r\n                \r\n        <div class=\"post-meta-content\">\r\n                            <span class=\"post-auhor-date\">\r\n                    <!--  -->\r\n\r\n                                            <a href=\"https:\/\/metropoliagzm.pl\/de\/2026\/01\/30\/47761\/\" class=\"post-date\">\r\n                                                                                        30 Januar 2026                                                    <\/a>\r\n                                    <\/span>\r\n            \r\n                        \r\n                        \r\n                        \r\n                                        <span class=\"post-readtime\">\r\n                    <i class=\"icon icon-clock\"><\/i>\r\n                    2 min <span>read<\/span>                <\/span>\r\n            \r\n                        \r\n                                        <span class=\"placeholder-post-read-later\"><\/span>\r\n                    <\/div>\r\n\r\n                <\/div>\r\n        \r\n\t\t\t<\/div>\r\n\r\n\t\t<\/div>\r\n\t<\/article>\r\n\r\n\r\n                <\/div>\r\n\r\n                                    <div class=\"sh-load-more\"\r\n    \t\t\t\tdata-categories=\"239\"\r\n    \t\t\t\tdata-post-style=\"grid\"\r\n    \t\t\t\tdata-posts-per-page=\"8\"\r\n    \t\t\t\tdata-paged=\"2\"\r\n                    style=\"padding: 5px 20px !important; width:200px; margin: 10px auto;\"\r\n                    data-id=\"blog-posts-tkc5A8CNlv\">\r\n<img decoding=\"async\" alt=\"zaladuj-wiecej\" style=\"width: 35px\" src=\"\/wp-content\/uploads\/2019\/05\/expand.png\" \/>&nbsp;&nbsp;Load more    \t\t\t\t<\/div>\r\n                \r\n            <\/div>\r\n\r\n        <\/div><\/div><\/div><\/div><\/div><\/div><\/div><\/div><div class=\"vc_row wpb_row vc_row-fluid vc_custom_1554452691247\" style=\"width: 100%; max-width: 1200px;margin-left: auto; margin-right: auto;\"><div class=\"wpb_column vc_column_container vc_col-sm-12\"><div class=\"vc_column-inner\"><div class=\"wpb_wrapper\">\n\t<div class=\"wpb_text_column wpb_content_element gzm-icon\" >\n\t\t<div class=\"wpb_wrapper\">\n\t\t\t<p><strong><img loading=\"lazy\" decoding=\"async\" class=\"alignnone wp-image-2453\" src=\"Wir empfehlen\" alt=\"\" width=\"20\" height=\"25\" \/>\u00a0 Derzeit in der Metropole<\/strong><\/p>\n\n\t\t<\/div>\n\t<\/div>\n<\/div><\/div><\/div><\/div><div class=\"vc_row wpb_row vc_row-fluid vc_custom_1554452715103\" style=\"width: 100%; max-width: 1200px;margin-left: auto; margin-right: auto;\"><div class=\"wpb_column vc_column_container vc_col-sm-4 vc_col-xs-12\"><div class=\"vc_column-inner vc_custom_1554375173215\"><div class=\"wpb_wrapper\">\n\t<div  class=\"wpb_single_image wpb_content_element vc_align_left wpb_content_element\">\n\t\t\n\t\t<figure class=\"wpb_wrapper vc_figure\">\n\t\t\t<a href=\"\/de\/kolej-metropolitalna\/\" target=\"_self\" class=\"vc_single_image-wrapper   vc_box_border_grey\"><img loading=\"lazy\" decoding=\"async\" width=\"900\" height=\"602\" src=\"https:\/\/metropoliagzm.pl\/wp-content\/uploads\/2019\/05\/3-kafle_900x602-2-1.png\" class=\"vc_single_image-img attachment-full\" alt=\"\" title=\"3 kafle_900x602-2-1\" srcset=\"https:\/\/metropoliagzm.pl\/wp-content\/uploads\/2019\/05\/3-kafle_900x602-2-1.png 900w, https:\/\/metropoliagzm.pl\/wp-content\/uploads\/2019\/05\/3-kafle_900x602-2-1-300x201.png 300w, https:\/\/metropoliagzm.pl\/wp-content\/uploads\/2019\/05\/3-kafle_900x602-2-1-768x514.png 768w, https:\/\/metropoliagzm.pl\/wp-content\/uploads\/2019\/05\/3-kafle_900x602-2-1-585x391.png 585w\" sizes=\"auto, (max-width: 900px) 100vw, 900px\" \/><\/a>\n\t\t<\/figure>\n\t<\/div>\n<\/div><\/div><\/div><div class=\"wpb_column vc_column_container vc_col-sm-4 vc_col-xs-12\"><div class=\"vc_column-inner vc_custom_1554375194636\"><div class=\"wpb_wrapper\">\n\t<div  class=\"wpb_single_image wpb_content_element vc_align_left wpb_content_element\">\n\t\t\n\t\t<figure class=\"wpb_wrapper vc_figure\">\n\t\t\t<a href=\"\/de\/rower-metropolitalny\/\" target=\"_self\" class=\"vc_single_image-wrapper   vc_box_border_grey\"><img loading=\"lazy\" decoding=\"async\" width=\"900\" height=\"602\" src=\"https:\/\/metropoliagzm.pl\/wp-content\/uploads\/2019\/05\/3-kafle_900x602-3-1.png\" class=\"vc_single_image-img attachment-full\" alt=\"\" title=\"3 kafle_900x602-3-1\" srcset=\"https:\/\/metropoliagzm.pl\/wp-content\/uploads\/2019\/05\/3-kafle_900x602-3-1.png 900w, https:\/\/metropoliagzm.pl\/wp-content\/uploads\/2019\/05\/3-kafle_900x602-3-1-300x201.png 300w, https:\/\/metropoliagzm.pl\/wp-content\/uploads\/2019\/05\/3-kafle_900x602-3-1-768x514.png 768w, https:\/\/metropoliagzm.pl\/wp-content\/uploads\/2019\/05\/3-kafle_900x602-3-1-585x391.png 585w\" sizes=\"auto, (max-width: 900px) 100vw, 900px\" \/><\/a>\n\t\t<\/figure>\n\t<\/div>\n<\/div><\/div><\/div><div class=\"wpb_column vc_column_container vc_col-sm-4 vc_col-xs-12\"><div class=\"vc_column-inner vc_custom_1554375210686\"><div class=\"wpb_wrapper\">\n\t<div  class=\"wpb_single_image wpb_content_element vc_align_left wpb_content_element\">\n\t\t\n\t\t<figure class=\"wpb_wrapper vc_figure\">\n\t\t\t<a href=\"\/de\/drony\/\" target=\"_self\" class=\"vc_single_image-wrapper   vc_box_border_grey\"><img loading=\"lazy\" decoding=\"async\" width=\"900\" height=\"602\" src=\"https:\/\/metropoliagzm.pl\/wp-content\/uploads\/2019\/05\/3-kafle_900x602-4.png\" class=\"vc_single_image-img attachment-full\" alt=\"\" title=\"3 kafle_900x602-4\" srcset=\"https:\/\/metropoliagzm.pl\/wp-content\/uploads\/2019\/05\/3-kafle_900x602-4.png 900w, https:\/\/metropoliagzm.pl\/wp-content\/uploads\/2019\/05\/3-kafle_900x602-4-300x201.png 300w, https:\/\/metropoliagzm.pl\/wp-content\/uploads\/2019\/05\/3-kafle_900x602-4-768x514.png 768w, https:\/\/metropoliagzm.pl\/wp-content\/uploads\/2019\/05\/3-kafle_900x602-4-585x391.png 585w\" sizes=\"auto, (max-width: 900px) 100vw, 900px\" \/><\/a>\n\t\t<\/figure>\n\t<\/div>\n<\/div><\/div><\/div><\/div>\n<div class=\"post-author\" style=\"font-size:13px\">admin tresc<\/div><\/div><\/div>","protected":false},"excerpt":{"rendered":"<p>Witold Tr\u00f3lka<\/p>","protected":false},"author":161,"featured_media":0,"parent":0,"menu_order":0,"comment_status":"closed","ping_status":"closed","template":"","meta":{"_acf_changed":false,"footnotes":""},"class_list":["post-2702","page","type-page","status-publish","hentry"],"acf":[],"yoast_head":"<!-- This site is optimized with the Yoast SEO plugin v27.4 - https:\/\/yoast.com\/product\/yoast-seo-wordpress\/ -->\n<title>Gospodarka i inwestycje - Metropolia GZM<\/title>\n<meta name=\"robots\" content=\"index, follow, max-snippet:-1, max-image-preview:large, max-video-preview:-1\" \/>\n<link rel=\"canonical\" href=\"https:\/\/metropoliagzm.pl\/de\/gospodarka-i-inwestycje\/\" \/>\n<meta name=\"twitter:card\" content=\"summary_large_image\" \/>\n<meta name=\"twitter:title\" content=\"Gospodarka i inwestycje - Metropolia GZM\" \/>\n<meta name=\"twitter:description\" content=\"Witold Tr\u00f3lka\" \/>\n<meta name=\"twitter:image\" content=\"https:\/\/metropoliagzm.pl\/wp-content\/uploads\/2019\/03\/Sygnet-strona-glowna.png\" \/>\n<meta name=\"twitter:label1\" content=\"Gesch\u00e4tzte Lesezeit\" \/>\n\t<meta name=\"twitter:data1\" content=\"2\u00a0Minuten\" \/>\n<script type=\"application\/ld+json\" class=\"yoast-schema-graph\">{\"@context\":\"https:\\\/\\\/schema.org\",\"@graph\":[{\"@type\":\"WebPage\",\"@id\":\"https:\\\/\\\/metropoliagzm.pl\\\/gospodarka-i-inwestycje\\\/\",\"url\":\"https:\\\/\\\/metropoliagzm.pl\\\/gospodarka-i-inwestycje\\\/\",\"name\":\"Gospodarka i inwestycje - Metropolia GZM\",\"isPartOf\":{\"@id\":\"https:\\\/\\\/metropoliagzm.pl\\\/en\\\/#website\"},\"primaryImageOfPage\":{\"@id\":\"https:\\\/\\\/metropoliagzm.pl\\\/gospodarka-i-inwestycje\\\/#primaryimage\"},\"image\":{\"@id\":\"https:\\\/\\\/metropoliagzm.pl\\\/gospodarka-i-inwestycje\\\/#primaryimage\"},\"thumbnailUrl\":\"https:\\\/\\\/metropoliagzm.pl\\\/wp-content\\\/uploads\\\/2019\\\/03\\\/Sygnet-strona-glowna.png\",\"datePublished\":\"2019-03-28T02:38:46+00:00\",\"dateModified\":\"2019-07-18T10:47:16+00:00\",\"breadcrumb\":{\"@id\":\"https:\\\/\\\/metropoliagzm.pl\\\/gospodarka-i-inwestycje\\\/#breadcrumb\"},\"inLanguage\":\"de\",\"potentialAction\":[{\"@type\":\"ReadAction\",\"target\":[\"https:\\\/\\\/metropoliagzm.pl\\\/gospodarka-i-inwestycje\\\/\"]}]},{\"@type\":\"ImageObject\",\"inLanguage\":\"de\",\"@id\":\"https:\\\/\\\/metropoliagzm.pl\\\/gospodarka-i-inwestycje\\\/#primaryimage\",\"url\":\"https:\\\/\\\/metropoliagzm.pl\\\/wp-content\\\/uploads\\\/2019\\\/03\\\/Sygnet-strona-glowna.png\",\"contentUrl\":\"https:\\\/\\\/metropoliagzm.pl\\\/wp-content\\\/uploads\\\/2019\\\/03\\\/Sygnet-strona-glowna.png\"},{\"@type\":\"BreadcrumbList\",\"@id\":\"https:\\\/\\\/metropoliagzm.pl\\\/gospodarka-i-inwestycje\\\/#breadcrumb\",\"itemListElement\":[{\"@type\":\"ListItem\",\"position\":1,\"name\":\"Strona g\u0142\u00f3wna\",\"item\":\"https:\\\/\\\/metropoliagzm.pl\\\/\"},{\"@type\":\"ListItem\",\"position\":2,\"name\":\"Gospodarka i inwestycje\"}]},{\"@type\":\"WebSite\",\"@id\":\"https:\\\/\\\/metropoliagzm.pl\\\/en\\\/#website\",\"url\":\"https:\\\/\\\/metropoliagzm.pl\\\/en\\\/\",\"name\":\"Metropolia GZM\",\"description\":\"Oficjalny portal G\u00f3rno\u015bl\u0105sko-Zag\u0142\u0119biowskiej Metropolii\",\"publisher\":{\"@id\":\"https:\\\/\\\/metropoliagzm.pl\\\/en\\\/#organization\"},\"potentialAction\":[{\"@type\":\"SearchAction\",\"target\":{\"@type\":\"EntryPoint\",\"urlTemplate\":\"https:\\\/\\\/metropoliagzm.pl\\\/en\\\/?s={search_term_string}\"},\"query-input\":{\"@type\":\"PropertyValueSpecification\",\"valueRequired\":true,\"valueName\":\"search_term_string\"}}],\"inLanguage\":\"de\"},{\"@type\":\"Organization\",\"@id\":\"https:\\\/\\\/metropoliagzm.pl\\\/en\\\/#organization\",\"name\":\"Metropolia GZM\",\"url\":\"https:\\\/\\\/metropoliagzm.pl\\\/en\\\/\",\"logo\":{\"@type\":\"ImageObject\",\"inLanguage\":\"de\",\"@id\":\"https:\\\/\\\/metropoliagzm.pl\\\/en\\\/#\\\/schema\\\/logo\\\/image\\\/\",\"url\":\"https:\\\/\\\/metropoliagzm.pl\\\/wp-content\\\/uploads\\\/2019\\\/03\\\/Sygnet-strona-glowna.png\",\"contentUrl\":\"https:\\\/\\\/metropoliagzm.pl\\\/wp-content\\\/uploads\\\/2019\\\/03\\\/Sygnet-strona-glowna.png\",\"width\":36,\"height\":45,\"caption\":\"Metropolia GZM\"},\"image\":{\"@id\":\"https:\\\/\\\/metropoliagzm.pl\\\/en\\\/#\\\/schema\\\/logo\\\/image\\\/\"}}]}<\/script>\n<!-- \/ Yoast SEO plugin. -->","yoast_head_json":{"title":"Gospodarka i inwestycje - Metropolia GZM","robots":{"index":"index","follow":"follow","max-snippet":"max-snippet:-1","max-image-preview":"max-image-preview:large","max-video-preview":"max-video-preview:-1"},"canonical":"https:\/\/metropoliagzm.pl\/de\/gospodarka-i-inwestycje\/","twitter_card":"summary_large_image","twitter_title":"Gospodarka i inwestycje - Metropolia GZM","twitter_description":"Witold Tr\u00f3lka","twitter_image":"https:\/\/metropoliagzm.pl\/wp-content\/uploads\/2019\/03\/Sygnet-strona-glowna.png","twitter_misc":{"Gesch\u00e4tzte Lesezeit":"2\u00a0Minuten"},"schema":{"@context":"https:\/\/schema.org","@graph":[{"@type":"WebPage","@id":"https:\/\/metropoliagzm.pl\/gospodarka-i-inwestycje\/","url":"https:\/\/metropoliagzm.pl\/gospodarka-i-inwestycje\/","name":"Gospodarka i inwestycje - Metropolia GZM","isPartOf":{"@id":"https:\/\/metropoliagzm.pl\/en\/#website"},"primaryImageOfPage":{"@id":"https:\/\/metropoliagzm.pl\/gospodarka-i-inwestycje\/#primaryimage"},"image":{"@id":"https:\/\/metropoliagzm.pl\/gospodarka-i-inwestycje\/#primaryimage"},"thumbnailUrl":"https:\/\/metropoliagzm.pl\/wp-content\/uploads\/2019\/03\/Sygnet-strona-glowna.png","datePublished":"2019-03-28T02:38:46+00:00","dateModified":"2019-07-18T10:47:16+00:00","breadcrumb":{"@id":"https:\/\/metropoliagzm.pl\/gospodarka-i-inwestycje\/#breadcrumb"},"inLanguage":"de","potentialAction":[{"@type":"ReadAction","target":["https:\/\/metropoliagzm.pl\/gospodarka-i-inwestycje\/"]}]},{"@type":"ImageObject","inLanguage":"de","@id":"https:\/\/metropoliagzm.pl\/gospodarka-i-inwestycje\/#primaryimage","url":"https:\/\/metropoliagzm.pl\/wp-content\/uploads\/2019\/03\/Sygnet-strona-glowna.png","contentUrl":"https:\/\/metropoliagzm.pl\/wp-content\/uploads\/2019\/03\/Sygnet-strona-glowna.png"},{"@type":"BreadcrumbList","@id":"https:\/\/metropoliagzm.pl\/gospodarka-i-inwestycje\/#breadcrumb","itemListElement":[{"@type":"ListItem","position":1,"name":"Strona g\u0142\u00f3wna","item":"https:\/\/metropoliagzm.pl\/"},{"@type":"ListItem","position":2,"name":"Gospodarka i inwestycje"}]},{"@type":"WebSite","@id":"https:\/\/metropoliagzm.pl\/en\/#website","url":"https:\/\/metropoliagzm.pl\/en\/","name":"Metropolia GZM","description":"Oficjalny portal G\u00f3rno\u015bl\u0105sko-Zag\u0142\u0119biowskiej Metropolii","publisher":{"@id":"https:\/\/metropoliagzm.pl\/en\/#organization"},"potentialAction":[{"@type":"SearchAction","target":{"@type":"EntryPoint","urlTemplate":"https:\/\/metropoliagzm.pl\/en\/?s={search_term_string}"},"query-input":{"@type":"PropertyValueSpecification","valueRequired":true,"valueName":"search_term_string"}}],"inLanguage":"de"},{"@type":"Organization","@id":"https:\/\/metropoliagzm.pl\/en\/#organization","name":"Metropolia GZM","url":"https:\/\/metropoliagzm.pl\/en\/","logo":{"@type":"ImageObject","inLanguage":"de","@id":"https:\/\/metropoliagzm.pl\/en\/#\/schema\/logo\/image\/","url":"https:\/\/metropoliagzm.pl\/wp-content\/uploads\/2019\/03\/Sygnet-strona-glowna.png","contentUrl":"https:\/\/metropoliagzm.pl\/wp-content\/uploads\/2019\/03\/Sygnet-strona-glowna.png","width":36,"height":45,"caption":"Metropolia GZM"},"image":{"@id":"https:\/\/metropoliagzm.pl\/en\/#\/schema\/logo\/image\/"}}]}},"_links":{"self":[{"href":"https:\/\/metropoliagzm.pl\/de\/wp-json\/wp\/v2\/pages\/2702","targetHints":{"allow":["GET"]}}],"collection":[{"href":"https:\/\/metropoliagzm.pl\/de\/wp-json\/wp\/v2\/pages"}],"about":[{"href":"https:\/\/metropoliagzm.pl\/de\/wp-json\/wp\/v2\/types\/page"}],"author":[{"embeddable":true,"href":"https:\/\/metropoliagzm.pl\/de\/wp-json\/wp\/v2\/users\/161"}],"replies":[{"embeddable":true,"href":"https:\/\/metropoliagzm.pl\/de\/wp-json\/wp\/v2\/comments?post=2702"}],"version-history":[{"count":30,"href":"https:\/\/metropoliagzm.pl\/de\/wp-json\/wp\/v2\/pages\/2702\/revisions"}],"predecessor-version":[{"id":10847,"href":"https:\/\/metropoliagzm.pl\/de\/wp-json\/wp\/v2\/pages\/2702\/revisions\/10847"}],"wp:attachment":[{"href":"https:\/\/metropoliagzm.pl\/de\/wp-json\/wp\/v2\/media?parent=2702"}],"curies":[{"name":"wp","href":"https:\/\/api.w.org\/{rel}","templated":true}]}}