{"id":2902,"date":"2019-04-23T09:05:23","date_gmt":"2019-04-23T07:05:23","guid":{"rendered":"https:\/\/wpgzm.dev.euvic.pl\/?page_id=2902"},"modified":"2019-05-23T12:11:01","modified_gmt":"2019-05-23T10:11:01","slug":"turystyka-i-rekreacja","status":"publish","type":"page","link":"https:\/\/metropoliagzm.pl\/de\/turystyka-i-rekreacja\/","title":{"rendered":"Tourismus und Erholung"},"content":{"rendered":"<div class=\"wpb-content-wrapper\"><div class=\"pdf-block\"><div class=\"pdfprnt-buttons  pdfprnt-new pdfprnt-buttons-page pdfprnt-top-right\"><div class=\"jssocials-share jssocials-share-twitter\"><a target=\"_blank\" href=\"https:\/\/twitter.com\/share?url=https:\/\/metropoliagzm.pl\/de\/wp-json\/wp\/v2\/pages\/2902;text=2902\" class=\"jssocials-share-link\"><i class=\"fa fa-twitter jssocials-share-logo\"><\/i><\/a><\/div><div class=\"jssocials-share jssocials-share-facebook\"><a target=\"_blank\" href=\"https:\/\/facebook.com\/sharer\/sharer.php?u=https:\/\/metropoliagzm.pl\/de\/wp-json\/wp\/v2\/pages\/2902\" class=\"jssocials-share-link\"><i class=\"fa fa-facebook jssocials-share-logo\"><\/i><\/a><\/div><div class=\"jssocials-share jssocials-share-pinterest\"><a target=\"_blank\" href=\"https:\/\/pinterest.com\/pin\/create\/bookmarklet\/?&amp;url=https:\/\/metropoliagzm.pl\/de\/wp-json\/wp\/v2\/pages\/2902;description=2902\" class=\"jssocials-share-link\"><i class=\"fa fa-pinterest jssocials-share-logo\"><\/i><\/a><\/div><a href=\"https:\/\/metropoliagzm.pl\/de\/wp-json\/wp\/v2\/pages\/2902?print=pdf\" class=\"pdfprnt-button pdfprnt-button-pdf\" target=\"_blank\"><img decoding=\"async\" src=\"https:\/\/metropoliagzm.pl\/wp-content\/plugins\/pdf-print\/images\/pdf.png\" alt=\"image_pdf\" title=\"View PDF\" \/><\/a><a href=\"https:\/\/metropoliagzm.pl\/de\/wp-json\/wp\/v2\/pages\/2902?print=print\" class=\"pdfprnt-button pdfprnt-button-print\" target=\"_blank\"><img decoding=\"async\" src=\"https:\/\/metropoliagzm.pl\/wp-content\/plugins\/pdf-print\/images\/print.png\" alt=\"image_print\" title=\"Print Content\" \/><\/a><\/div><\/div><div class=\"post-block-pdf\"><div class=\"pdfprnt-buttons pdfprnt-buttons-page pdfprnt-top-right\"><a href=\"https:\/\/metropoliagzm.pl\/de\/wp-json\/wp\/v2\/pages\/2902?print=pdf\" class=\"pdfprnt-button pdfprnt-button-pdf\" target=\"_blank\"><img decoding=\"async\" src=\"https:\/\/metropoliagzm.pl\/wp-content\/plugins\/pdf-print\/images\/pdf.png\" alt=\"image_pdf\" title=\"View PDF\" \/><\/a><a href=\"https:\/\/metropoliagzm.pl\/de\/wp-json\/wp\/v2\/pages\/2902?print=print\" class=\"pdfprnt-button pdfprnt-button-print\" target=\"_blank\"><img decoding=\"async\" src=\"https:\/\/metropoliagzm.pl\/wp-content\/plugins\/pdf-print\/images\/print.png\" alt=\"image_print\" title=\"Print Content\" \/><\/a><\/div><div class=\"vc_row wpb_row vc_row-fluid\" style=\"width: 100%; max-width: 1200px;margin-left: auto; margin-right: auto;\"><div class=\"wpb_column vc_column_container vc_col-sm-12\"><div class=\"vc_column-inner\"><div class=\"wpb_wrapper\">\n\t<div  class=\"wpb_single_image wpb_content_element vc_align_left wpb_content_element  image-with-max-height\">\n\t\t\n\t\t<figure class=\"wpb_wrapper vc_figure\">\n\t\t\t<div class=\"vc_single_image-wrapper   vc_box_border_grey\"><img loading=\"lazy\" decoding=\"async\" width=\"1200\" height=\"500\" src=\"https:\/\/metropoliagzm.pl\/wp-content\/uploads\/2019\/05\/turystyka-i-rekreacja.jpg\" class=\"vc_single_image-img attachment-full\" alt=\"turystyka i rekreacja\" title=\"turystyka i rekreacja\" srcset=\"https:\/\/metropoliagzm.pl\/wp-content\/uploads\/2019\/05\/turystyka-i-rekreacja.jpg 1200w, https:\/\/metropoliagzm.pl\/wp-content\/uploads\/2019\/05\/turystyka-i-rekreacja-300x125.jpg 300w, https:\/\/metropoliagzm.pl\/wp-content\/uploads\/2019\/05\/turystyka-i-rekreacja-768x320.jpg 768w, https:\/\/metropoliagzm.pl\/wp-content\/uploads\/2019\/05\/turystyka-i-rekreacja-1024x427.jpg 1024w, https:\/\/metropoliagzm.pl\/wp-content\/uploads\/2019\/05\/turystyka-i-rekreacja-585x244.jpg 585w\" sizes=\"auto, (max-width: 1200px) 100vw, 1200px\" \/><\/div>\n\t\t<\/figure>\n\t<\/div>\n<\/div><\/div><\/div><\/div><div class=\"vc_row wpb_row vc_row-fluid\"><div class=\"wpb_animate_when_almost_visible wpb_bounceInLeft bounceInLeft wpb_column vc_column_container vc_col-sm-12\"><div class=\"vc_column-inner vc_custom_1553703397287\"><div class=\"wpb_wrapper\"><div data-jarallax data-speed=\"0.2\" class=\"vc_row wpb_row vc_inner vc_row-fluid vc_custom_1554447612997 jarallax\" style=\"width: 100%; max-width: 1200px;margin-left: auto; margin-right: auto;\"><div class=\"wpb_column vc_column_container vc_col-sm-12 vc_col-lg-offset-0 vc_col-lg-9 vc_col-md-offset-0 vc_col-md-12 vc_col-sm-offset-0 vc_col-xs-12 vc_column_mobile_element_alignment_center\"><div class=\"vc_column-inner\"><div class=\"wpb_wrapper\">\r\n        \r\n\r\n    <script type=\"text\/javascript\">\r\n        jQuery(document).ready(function($) {\r\n\r\n                                                                if ($.isFunction($.fn.slick)) {\r\n                                                                    $('.blog-slider-axO1GnrgCw').slick({\r\n                                        \r\n                                        autoplay: false,\r\n                                        autoplaySpeed: 6000,\r\n\r\n                                        dots: false,\r\n                                        arrows: true,\r\n                                        swipe: true,\r\n                                        swipeToSlide: true,\r\n                                        cssEase: 'cubic-bezier(0.445, 0.05, 0.55, 0.95)',\r\n                                        appendDots: $('.blog-slider-axO1GnrgCw .blog-slider-dots'),\r\n                                        fade: false,\r\n                                        speed: 500,\r\n                                        slidesToScroll: 0,\r\n\r\n                                        \r\n                                                                                    prevArrow: '<div class=\"slick-prev\"><i class=\"icon icon-arrow-left-circle\"><\/i><\/div>',\r\n                                            nextArrow: '<div class=\"slick-next\"><i class=\"icon icon-arrow-right-circle\"><\/i><\/div>',\r\n                                        \r\n                                                                            });\r\n                                }\r\n                            \r\n\r\n                             \r\n                        });\r\n    <\/script>\r\n\r\n\r\n    \r\n\r\n<div class=\"blog-slider blog-slider-style5 blog-slider-axO1GnrgCw\">\r\n    <div class=\"blog-grid-list\">\r\n        \r\n                <div class=\"blog-grid-large blog-grid-item1\">\r\n                    <div class=\"blog-grid-item-container blog-slider-item\" style=\"background-image: url( https:\/\/metropoliagzm.pl\/wp-content\/uploads\/2025\/07\/DSC01083a-1024x683.jpg );\">\r\n                       <a href=\"https:\/\/metropoliagzm.pl\/de\/2025\/07\/29\/do-slaskiego-ogrodu-zoologicznego-przybyl-tygrys-na-jego-adopcje-zdecydowala-sie-gornoslasko-zaglebiowska-metropolia\/\" aria-label=\"link-do-postu\" class=\"clickable-button\" style=\"position:absolute;width:100%;height:100%;z-index:100;\">\r\n                       <\/a>\r\n                   <div class=\"blog-slider-container\" style=\"z-index: 200;\">\r\n                            <div class=\"blog-slider-content\">\r\n\r\n                                <div class=\"blog-slider-content-details\">\r\n                                    <div class=\"post-categories-container\">\r\n                <div class=\"post-categories\"><a style=\"border-radius: 0 !important\" href=\"\/de\/GZM\/\">GZM<\/a>, <a style=\"border-radius: 0 !important\" href=\"\/de\/Turystyka-i-Rekreacja\/\">Tourismus und Erholung<\/a><\/div>\r\n            <\/div>                                    <a href=\"https:\/\/metropoliagzm.pl\/de\/2025\/07\/29\/do-slaskiego-ogrodu-zoologicznego-przybyl-tygrys-na-jego-adopcje-zdecydowala-sie-gornoslasko-zaglebiowska-metropolia\/\">\r\n                                        <h2 class=\"post-title\">Do \u015al\u0105skiego Ogrodu Zoologicznego przyby\u0142 tygrys. Na jego adopcj\u0119 zdecydowa\u0142a si\u0119 GZM<\/h2>\r\n                                    <\/a>\r\n                                    <div class=\"post-meta\">\r\n                                                                                    \r\n        <div class=\"post-meta-content\">\r\n                            <span class=\"post-auhor-date\">\r\n                    <!--  -->\r\n\r\n                                            <a href=\"https:\/\/metropoliagzm.pl\/de\/2025\/07\/29\/do-slaskiego-ogrodu-zoologicznego-przybyl-tygrys-na-jego-adopcje-zdecydowala-sie-gornoslasko-zaglebiowska-metropolia\/\" class=\"post-date\">\r\n                                                                                        29 Juli 2025                                                    <\/a>\r\n                                    <\/span>\r\n            \r\n                        \r\n                        \r\n                        \r\n                        \r\n                        \r\n                                        <span class=\"placeholder-post-read-later\"><\/span>\r\n                    <\/div>\r\n\r\n                                                                                <\/div>\r\n                                <\/div>\r\n\r\n                            <\/div>\r\n                        <\/div>\r\n\r\n                    <\/div>\r\n                <\/div>\r\n\r\n                \r\n            \r\n                <div class=\"blog-grid-small blog-grid-item2\">\r\n                    <div class=\"blog-grid-item-container blog-slider-item\" style=\"background-image: url( https:\/\/metropoliagzm.pl\/wp-content\/uploads\/2025\/06\/505710204_1112588587570523_6982535523899813123_1200x800-1024x683.jpg );\">\r\n                       <a href=\"https:\/\/metropoliagzm.pl\/de\/2025\/06\/23\/kierunek-gzm-po-raz-czwarty-zapoznaj-sie-z-programem-swieta-metropolii\/\" aria-label=\"link-do-postu\" class=\"clickable-button\" style=\"position:absolute;width:100%;height:100%;z-index:100;\">\r\n                       <\/a>\r\n                   <div class=\"blog-slider-container\" style=\"z-index: 200;\">\r\n                            <div class=\"blog-slider-content\">\r\n\r\n                                <div class=\"blog-slider-content-details\">\r\n                                    <div class=\"post-categories-container\">\r\n                <div class=\"post-categories\"><a style=\"border-radius: 0 !important\" href=\"\/de\/GZM\/\">GZM<\/a>, <a style=\"border-radius: 0 !important\" href=\"\/de\/Turystyka-i-Rekreacja\/\">Tourismus und Erholung<\/a><\/div>\r\n            <\/div>                                    <a href=\"https:\/\/metropoliagzm.pl\/de\/2025\/06\/23\/kierunek-gzm-po-raz-czwarty-zapoznaj-sie-z-programem-swieta-metropolii\/\">\r\n                                        <h2 class=\"post-title\">Kierunek GZM po raz czwarty. Zapoznaj si\u0119 z programem \u015bwi\u0119ta Metropolii<\/h2>\r\n                                    <\/a>\r\n                                    <div class=\"post-meta\">\r\n                                                                                    \r\n        <div class=\"post-meta-content\">\r\n                            <span class=\"post-auhor-date\">\r\n                    <!--  -->\r\n\r\n                                            <a href=\"https:\/\/metropoliagzm.pl\/de\/2025\/06\/23\/kierunek-gzm-po-raz-czwarty-zapoznaj-sie-z-programem-swieta-metropolii\/\" class=\"post-date\">\r\n                                                                                        23 Juni 2025                                                    <\/a>\r\n                                    <\/span>\r\n            \r\n                        \r\n                        \r\n                        \r\n                        \r\n                        \r\n                                        <span class=\"placeholder-post-read-later\"><\/span>\r\n                    <\/div>\r\n\r\n                                                                                <\/div>\r\n                                <\/div>\r\n\r\n                            <\/div>\r\n                        <\/div>\r\n\r\n                    <\/div>\r\n                <\/div>\r\n\r\n                \r\n            \r\n                <div class=\"blog-grid-small blog-grid-item3\">\r\n                    <div class=\"blog-grid-item-container blog-slider-item\" style=\"background-image: url( https:\/\/metropoliagzm.pl\/wp-content\/uploads\/2025\/06\/481080710_624453073627454_7080200549648584176_n-1024x682.jpg );\">\r\n                       <a href=\"https:\/\/metropoliagzm.pl\/de\/2025\/06\/10\/poznaj-wyjatkowe-miejsca-przezyj-wyjatkowe-chwile-kierunek-gzm-najwiekszy-w-polsce-festiwal-mikrowypraw\/\" aria-label=\"link-do-postu\" class=\"clickable-button\" style=\"position:absolute;width:100%;height:100%;z-index:100;\">\r\n                       <\/a>\r\n                   <div class=\"blog-slider-container\" style=\"z-index: 200;\">\r\n                            <div class=\"blog-slider-content\">\r\n\r\n                                <div class=\"blog-slider-content-details\">\r\n                                    <div class=\"post-categories-container\">\r\n                <div class=\"post-categories\"><a style=\"border-radius: 0 !important\" href=\"\/de\/GZM\/\">GZM<\/a>, <a style=\"border-radius: 0 !important\" href=\"\/de\/Turystyka-i-Rekreacja\/\">Tourismus und Erholung<\/a><\/div>\r\n            <\/div>                                    <a href=\"https:\/\/metropoliagzm.pl\/de\/2025\/06\/10\/poznaj-wyjatkowe-miejsca-przezyj-wyjatkowe-chwile-kierunek-gzm-najwiekszy-w-polsce-festiwal-mikrowypraw\/\">\r\n                                        <h2 class=\"post-title\">Poznaj wyj\u0105tkowe miejsca, prze\u017cyj wyj\u0105tkowe chwile &#8211; czwarta edycja \u015bwi\u0119ta Kierunek GZM<\/h2>\r\n                                    <\/a>\r\n                                    <div class=\"post-meta\">\r\n                                                                                    \r\n        <div class=\"post-meta-content\">\r\n                            <span class=\"post-auhor-date\">\r\n                    <!--  -->\r\n\r\n                                            <a href=\"https:\/\/metropoliagzm.pl\/de\/2025\/06\/10\/poznaj-wyjatkowe-miejsca-przezyj-wyjatkowe-chwile-kierunek-gzm-najwiekszy-w-polsce-festiwal-mikrowypraw\/\" class=\"post-date\">\r\n                                                                                        10 Juni 2025                                                    <\/a>\r\n                                    <\/span>\r\n            \r\n                        \r\n                        \r\n                        \r\n                        \r\n                        \r\n                                        <span class=\"placeholder-post-read-later\"><\/span>\r\n                    <\/div>\r\n\r\n                                                                                <\/div>\r\n                                <\/div>\r\n\r\n                            <\/div>\r\n                        <\/div>\r\n\r\n                    <\/div>\r\n                <\/div>\r\n\r\n                \r\n                <\/div>\r\n<\/div>\r\n\r\n\r\n    <\/div><\/div><\/div><div class=\"gzm-socials wpb_column vc_column_container vc_col-sm-3 vc_col-lg-3 vc_col-md-12 vc_hidden-md vc_hidden-sm vc_hidden-xs\"><div class=\"vc_column-inner\"><div class=\"wpb_wrapper\"><div  class=\"wpb_widgetised_column wpb_content_element\">\n\t\t<div class=\"wpb_wrapper\">\n\t\t\t\n\t\t\t<div id=\"social_counter-2\" class=\"widget_advertise widget-item widget_social_counter\">\r\n<div class=\"sh-widget-title-styling\"><h3 class=\"widget-title\"><img decoding=\"async\" width=\"25px\" height=\"25px\" style=\"padding-right:10px;\" src=\"\/wp-content\/uploads\/gzm\/sygnet.png\">Social Media<\/h3><\/div>\r\n\r\n\r\n\r\n\r\n<div class=\"sh-widget-connected-list sh-widget-connected-style2\">\r\n\t\t\t\t\t\t\r\n\t\t\t\t<a href=\"https:\/\/www.facebook.com\/\/\" target=\"_blank\" class=\"sh-widget-connected-item\">\r\n\t\t\t\t\t<div class=\"sh-widget-connected-bubble sh-widget-connected-facebook\">\r\n\t\t\t\t\t\t<i class=\"fa fa-facebook\"><\/i>\r\n\r\n\t\t\t\t\t\r\n\t\t\t\t\t<\/div>\r\n\t\t\t\t<\/a>\r\n\r\n\t\t\t\t\t\t\t\t\t\t\t\r\n\t\t\t\t<a href=\"https:\/\/www.youtube.com\" target=\"_blank\" class=\"sh-widget-connected-item\">\r\n\t\t\t\t\t<div class=\"sh-widget-connected-bubble sh-widget-connected-youtube\">\r\n\t\t\t\t\t\t<i class=\"fa fa-youtube-play\"><\/i>\r\n\r\n\t\t\t\t\t\r\n\t\t\t\t\t<\/div>\r\n\t\t\t\t<\/a>\r\n\r\n\t\t\t\t\t\t\t\t\t\t\t\r\n\t\t\t\t<a href=\"https:\/\/www.instagram.com\" target=\"_blank\" class=\"sh-widget-connected-item\">\r\n\t\t\t\t\t<div class=\"sh-widget-connected-bubble sh-widget-connected-instagram\">\r\n\t\t\t\t\t\t<i class=\"fa fa-instagram\"><\/i>\r\n\r\n\t\t\t\t\t\r\n\t\t\t\t\t<\/div>\r\n\t\t\t\t<\/a>\r\n\r\n\t\t\t\t\t\t\t\t\t\t\t\r\n\t\t\t\t<a href=\"https:\/\/plus.google.com\" target=\"_blank\" class=\"sh-widget-connected-item\">\r\n\t\t\t\t\t<div class=\"sh-widget-connected-bubble sh-widget-connected-twitter\">\r\n\t\t\t\t\t\t<i class=\"fa fa-twitter\"><\/i>\r\n\r\n\t\t\t\t\t\r\n\t\t\t\t\t<\/div>\r\n\t\t\t\t<\/a>\r\n\r\n\t\t\t\t\t\t<\/div>\r\n\r\n\r\n<\/div><div id=\"facebook-3\" class=\"widget_facebook widget-item widget_facebook\">\r\n\t<div class=\"sh-widget-title-styling\"><h3 class=\"widget-title\"><img decoding=\"async\" width=\"25px\" height=\"25px\" style=\"padding-right:10px;\" src=\"\/wp-content\/uploads\/gzm\/sygnet.png\">Regelm\u00e4\u00dfig<\/h3><\/div>\r\n\t\t\t<div class=\"sh-widget-facebook-item\">\r\n\t\t\t\r\n\t\t\t<div class=\"fb-page\"\r\n\t\t\t\tdata-href=\"https:\/\/www.facebook.com\/metropoliagzm\/\"\r\n\t\t\t\tdata-tabs=\"timeline, \"\r\n\t\t\t\tdata-small-header=\"\"\r\n\t\t\t\tdata-adapt-container-width=\"true\"\r\n\t\t\t\tdata-hide-cover=\"\"\r\n\t\t\t\tdata-show-facepile=\"\">\r\n\t\t\t<\/div>\r\n\t\t<\/div>\r\n\t\r\n<\/div>\n\t\t<\/div>\n\t<\/div>\n<\/div><\/div><\/div><\/div><\/div><\/div><\/div><\/div><div class=\"vc_row wpb_row vc_row-fluid vc_custom_1554881452826\" style=\"width: 100%; max-width: 1200px;margin-left: auto; margin-right: auto;\"><div class=\"wpb_animate_when_almost_visible wpb_bounceInDown bounceInDown wpb_column vc_column_container vc_col-sm-12\"><div class=\"vc_column-inner\"><div class=\"wpb_wrapper\"><div class=\"vc_row wpb_row vc_inner vc_row-fluid\" style=\"width: 100%; max-width: 1200px;margin-left: auto; margin-right: auto;\"><div class=\"white-background wpb_column vc_column_container vc_col-sm-12\"><div class=\"vc_column-inner\"><div class=\"wpb_wrapper\">\r\n            \r\n            \r\n\r\n            <div class=\"blog-posts-fancy-LSTomUEf3g sh-blog-fancy\">\r\n                \r\n                <div class=\"blog-fancy-carousel-disabled blog-style-mini2 columns4\">\r\n                    \r\n                                    <article id=\"post-48228\" class=\"post-item post-48228 post type-post status-publish format-standard has-post-thumbnail hentry category-turystyka-rekreacja category-tychy\">\r\n                                        <div class=\"post-container\">\r\n                                            <div class=\"post-thumbnail-mini\" style=\"background-image: url( https:\/\/metropoliagzm.pl\/wp-content\/uploads\/2026\/04\/xl-4-585x372.jpg);\">\r\n                                            <\/div>\r\n                                            <div class=\"post-container-mini\">\r\n                                                <div class=\"post-categories-container\">\r\n                <div class=\"post-categories\"><a style=\"border-radius: 0 !important\" href=\"\/de\/Turystyka-i-Rekreacja\/\">Tourismus und Erholung<\/a>, <a style=\"border-radius: 0 !important\" href=\"\/de\/Tychy\/\">Tychy<\/a><\/div>\r\n            <\/div>                                                <a href=\"https:\/\/metropoliagzm.pl\/de\/2026\/04\/17\/boisko-przy-ul-edukacji-na-ukonczeniu\/\" class=\"post-title\">\r\n                                                    <h2>\r\n                                                                                                                Boisko przy ul. Edukacji na uko\u0144czeniu                                                    <\/h2>\r\n                                                <\/a>\r\n                                            <\/div>\r\n                                        <\/div>\r\n                                    <\/article>\r\n\r\n                                \r\n                                    <article id=\"post-47767\" class=\"post-item post-47767 post type-post status-publish format-standard has-post-thumbnail hentry category-bierun category-turystyka-rekreacja tag-infrastruktura-sportowa\">\r\n                                        <div class=\"post-container\">\r\n                                            <div class=\"post-thumbnail-mini\" style=\"background-image: url( https:\/\/metropoliagzm.pl\/wp-content\/uploads\/2026\/01\/adrenalina-585x372.jpg);\">\r\n                                            <\/div>\r\n                                            <div class=\"post-container-mini\">\r\n                                                <div class=\"post-categories-container\">\r\n                <div class=\"post-categories\"><a style=\"border-radius: 0 !important\" href=\"\/de\/Bierun\/\">Bieru\u0144<\/a>, <a style=\"border-radius: 0 !important\" href=\"\/de\/Turystyka-i-Rekreacja\/\">Tourismus und Erholung<\/a><\/div>\r\n            <\/div>                                                <a href=\"https:\/\/metropoliagzm.pl\/de\/2026\/01\/30\/w-roku-2026-bierun-rozwinie-infrastrukture-sportowa-co-sie-wydarzy-w-tym-obszarze\/\" class=\"post-title\">\r\n                                                    <h2>\r\n                                                                                                                W roku 2026 Bieru\u0144 rozwinie infrastruktur\u0119 sportow\u0105. Co si\u0119 wydarzy w tym obszarze?                                                    <\/h2>\r\n                                                <\/a>\r\n                                            <\/div>\r\n                                        <\/div>\r\n                                    <\/article>\r\n\r\n                                \r\n                                    <article id=\"post-47604\" class=\"post-item post-47604 post type-post status-publish format-standard has-post-thumbnail hentry category-katowice category-turystyka-rekreacja tag-katowice\">\r\n                                        <div class=\"post-container\">\r\n                                            <div class=\"post-thumbnail-mini\" style=\"background-image: url( https:\/\/metropoliagzm.pl\/wp-content\/uploads\/2025\/12\/Wieza-spadochronowa-w-parku-Kosciuszki-znajduje-sie-w-rejestrze-zabytkow_fot.-KAW-585x372.jpg);\">\r\n                                            <\/div>\r\n                                            <div class=\"post-container-mini\">\r\n                                                <div class=\"post-categories-container\">\r\n                <div class=\"post-categories\"><a style=\"border-radius: 0 !important\" href=\"\/de\/Katowice\/\">Katowice<\/a>, <a style=\"border-radius: 0 !important\" href=\"\/de\/Turystyka-i-Rekreacja\/\">Tourismus und Erholung<\/a><\/div>\r\n            <\/div>                                                <a href=\"https:\/\/metropoliagzm.pl\/de\/2025\/12\/19\/wieza-spadochronowa-w-parku-kosciuszki-przeszla-remont\/\" class=\"post-title\">\r\n                                                    <h2>\r\n                                                                                                                Wie\u017ca spadochronowa w Parku Ko\u015bciuszki przesz\u0142a remont                                                    <\/h2>\r\n                                                <\/a>\r\n                                            <\/div>\r\n                                        <\/div>\r\n                                    <\/article>\r\n\r\n                                \r\n                                    <article id=\"post-47468\" class=\"post-item post-47468 post type-post status-publish format-standard has-post-thumbnail hentry category-radzionkow category-turystyka-rekreacja\">\r\n                                        <div class=\"post-container\">\r\n                                            <div class=\"post-thumbnail-mini\" style=\"background-image: url( https:\/\/metropoliagzm.pl\/wp-content\/uploads\/2025\/11\/2025-11-14-Radzionkow-swietlna_rownowaga_d-585x372.jpg);\">\r\n                                            <\/div>\r\n                                            <div class=\"post-container-mini\">\r\n                                                <div class=\"post-categories-container\">\r\n                <div class=\"post-categories\"><a style=\"border-radius: 0 !important\" href=\"\/de\/Radzionkow\/\">Radzionk\u00f3w<\/a>, <a style=\"border-radius: 0 !important\" href=\"\/de\/Turystyka-i-Rekreacja\/\">Tourismus und Erholung<\/a><\/div>\r\n            <\/div>                                                <a href=\"https:\/\/metropoliagzm.pl\/de\/2025\/11\/14\/swietlna-rownowaga-radzionkowskie-spacery\/\" class=\"post-title\">\r\n                                                    <h2>\r\n                                                                                                                &#8222;\u015awiet(l)na r\u00f3wnowaga&#8221; &#8211; radzionkowskie spacery                                                    <\/h2>\r\n                                                <\/a>\r\n                                            <\/div>\r\n                                        <\/div>\r\n                                    <\/article>\r\n\r\n                                                <\/div>\r\n                                    <div class=\"widget-slide-arrows sh-carousel-buttons-styling\"><\/div>\r\n                            <\/div>\r\n\r\n\r\n\r\n\r\n\r\n        <\/div><\/div><\/div><\/div><\/div><\/div><\/div><\/div><div class=\"vc_row wpb_row vc_row-fluid vc_custom_1558454048806\" style=\"width: 100%; max-width: 1200px;margin-left: auto; margin-right: auto;\"><div class=\"wpb_column vc_column_container vc_col-sm-12\"><div class=\"vc_column-inner\"><div class=\"wpb_wrapper\">\n\t<div class=\"wpb_text_column wpb_content_element gzm-icon\" >\n\t\t<div class=\"wpb_wrapper\">\n\t\t\t<p><strong><img loading=\"lazy\" decoding=\"async\" class=\"alignnone wp-image-2453\" src=\"Wir empfehlen\" alt=\"\" width=\"20\" height=\"25\" \/>\u00a0Artyku\u0142y archiwalne<\/strong><\/p>\n\n\t\t<\/div>\n\t<\/div>\n<div class=\"vc_row wpb_row vc_inner vc_row-fluid vc_custom_1558456984327\"><div class=\"wpb_column vc_column_container vc_col-sm-12\"><div class=\"vc_column-inner\"><div class=\"wpb_wrapper\">\r\n            \r\n                        <div class=\"sh-blog-standard-posts blog-posts-LwtYlBpfH3\">\r\n                <div class=\"sh-group blog-list blog-style-grid blog-style-grid-element blog-style-columns4 blog-dividing-line-off sh-posts-description-off\">\r\n                    \r\n\t<article id=\"post-46993\" class=\"post-item post-46993 post type-post status-publish format-standard has-post-thumbnail hentry category-gliwice category-turystyka-rekreacja tag-palmiarnia-gliwice\">\r\n\t\t<div class=\"post-container\">\r\n\r\n\t\t\t\r\n\t\t\t\t<div class=\"post-thumbnail\">\r\n\t\t\t\t\t\t\t\t\t\t\t<div class=\"sh-ratio\">\r\n\t\t\t\t\t\t\t<div class=\"sh-ratio-container\">\r\n\t\t\t\t\t\t\t\t<div class=\"sh-ratio-content\" alt=\"Na zdj\u0119ciu widoczna jest nowoczesna budowla ze szklanym dachem i \u015bcianami, otoczona zielonym trawnikiem. Przed wej\u015bciem do budynku znajduj\u0105 si\u0119 donice z ro\u015blinami i rze\u017aby przedstawiaj\u0105ce g\u0142owy. Po obu stronach zdj\u0119cia, na pierwszym planie, wida\u0107 li\u015bcie palm.\" style=\"background-image: url( https:\/\/metropoliagzm.pl\/wp-content\/uploads\/2025\/07\/Palmiarnia_M.Foltyn_0-420x265.jpg);\"><\/div>\r\n\t\t\t\t\t\t\t<\/div>\r\n\t\t\t\t\t\t<\/div>\r\n\t\t\t\t\t\r\n\t\t\t\t\t            <a href=\"https:\/\/metropoliagzm.pl\/de\/2025\/07\/18\/palmiarnia-znow-otwarta-jest-mala-niespodzianka\/\" class=\"post-overlay\"><\/a>\r\n        \t\t\t\t\t\t\t\t\t\t<div class=\"post-categories-container\">\r\n                <div class=\"post-categories\"><a style=\"border-radius: 0 !important\" href=\"\/de\/Gliwice\/\">Gliwice<\/a>, <a style=\"border-radius: 0 !important\" href=\"\/de\/Turystyka-i-Rekreacja\/\">Tourismus und Erholung<\/a><\/div>\r\n            <\/div>\t\t\t\t<\/div>\r\n\r\n\t\t\t\r\n\t\t\t<div class=\"post-content-container\">\r\n\t\t\t\t\r\n\t\t\t\t<a href=\"https:\/\/metropoliagzm.pl\/de\/2025\/07\/18\/palmiarnia-znow-otwarta-jest-mala-niespodzianka\/\" class=\"post-title\">\r\n\t\t\t\t\t<div class=\"blog-post-title\">\t\t\t\t\t\t\t\t\t\tPalmiarnia zn\u00f3w otwarta. Jest ma\u0142a niespodzianka\t\t\t\t\t<\/div>\t\t\t\t<\/a>\r\n\r\n\t\t\t\t\r\n        \r\n                    <div class=\"post-content\">\r\n                <p>Kochacie miejskie tropiki? Od jutra, 19 lipca, zn\u00f3w mo\u017cecie odwiedza\u0107 Palmiarni\u0119 w parku Chopina i podziwia\u0107 fantastyczne okazy fauny i flory z r\u00f3\u017cnych kontynent\u00f3w. Na deser \u2013 wystawa.\u00a0 Po kr\u00f3tkiej przerwie technologicznej i koniecznych pracach konserwacyjnych, Palmiarnia Miejska przy ul. Fredry wraca z wyj\u0105tkow\u0105 propozycj\u0105&#8230;.<\/p>\n            <\/div>\r\n        \r\n                    <div class=\"post-meta\">\r\n                \r\n        <div class=\"post-meta-content\">\r\n                            <span class=\"post-auhor-date\">\r\n                    <!--  -->\r\n\r\n                                            <a href=\"https:\/\/metropoliagzm.pl\/de\/2025\/07\/18\/palmiarnia-znow-otwarta-jest-mala-niespodzianka\/\" class=\"post-date\">\r\n                                                                                        18 Juli 2025                                                    <\/a>\r\n                                    <\/span>\r\n            \r\n                        \r\n                        \r\n                        \r\n                                        <span class=\"post-readtime\">\r\n                    <i class=\"icon icon-clock\"><\/i>\r\n                    1 min <span>read<\/span>                <\/span>\r\n            \r\n                        \r\n                                        <span class=\"placeholder-post-read-later\"><\/span>\r\n                    <\/div>\r\n\r\n                <\/div>\r\n        \r\n\t\t\t<\/div>\r\n\r\n\t\t<\/div>\r\n\t<\/article>\r\n\r\n\r\n\r\n\t<article id=\"post-46952\" class=\"post-item post-46952 post type-post status-publish format-standard has-post-thumbnail hentry category-sosnowiec category-turystyka-rekreacja tag-wakacje\">\r\n\t\t<div class=\"post-container\">\r\n\r\n\t\t\t\r\n\t\t\t\t<div class=\"post-thumbnail\">\r\n\t\t\t\t\t\t\t\t\t\t\t<div class=\"sh-ratio\">\r\n\t\t\t\t\t\t\t<div class=\"sh-ratio-container\">\r\n\t\t\t\t\t\t\t\t<div class=\"sh-ratio-content\" alt=\"Zdj\u0119cie z lotu ptaka przedstawia pla\u017c\u0119 i k\u0105pielisko Stawiki w Sosnowcu w upalny dzie\u0144. Na piaszczystym brzegu le\u017cakuje wielu ludzi, roz\u0142o\u017cyli r\u0119czniki i parasole. W wodzie, w wydzielonej strefie, p\u0142ywaj\u0105 k\u0105pi\u0105cy si\u0119. Obok k\u0105pieliska wida\u0107 fragment otwartego akwenu.\" style=\"background-image: url( https:\/\/metropoliagzm.pl\/wp-content\/uploads\/2025\/07\/sosnowiec-plaza-stawiki-420x265.jpg);\"><\/div>\r\n\t\t\t\t\t\t\t<\/div>\r\n\t\t\t\t\t\t<\/div>\r\n\t\t\t\t\t\r\n\t\t\t\t\t            <a href=\"https:\/\/metropoliagzm.pl\/de\/2025\/07\/11\/na-sportowo-i-kulturalnie-akcja-lato-2025\/\" class=\"post-overlay\"><\/a>\r\n        \t\t\t\t\t\t\t\t\t\t<div class=\"post-categories-container\">\r\n                <div class=\"post-categories\"><a style=\"border-radius: 0 !important\" href=\"\/de\/Sosnowiec\/\">Sosnowiec<\/a>, <a style=\"border-radius: 0 !important\" href=\"\/de\/Turystyka-i-Rekreacja\/\">Tourismus und Erholung<\/a><\/div>\r\n            <\/div>\t\t\t\t<\/div>\r\n\r\n\t\t\t\r\n\t\t\t<div class=\"post-content-container\">\r\n\t\t\t\t\r\n\t\t\t\t<a href=\"https:\/\/metropoliagzm.pl\/de\/2025\/07\/11\/na-sportowo-i-kulturalnie-akcja-lato-2025\/\" class=\"post-title\">\r\n\t\t\t\t\t<div class=\"blog-post-title\">\t\t\t\t\t\t\t\t\t\tNa sportowo i kulturalnie. Akcja Lato 2025!\t\t\t\t\t<\/div>\t\t\t\t<\/a>\r\n\r\n\t\t\t\t\r\n        \r\n                    <div class=\"post-content\">\r\n                <p>Sosnowiec prezentuje wakacyjn\u0105 ofert\u0119 Miejskiego O\u015brodek Sportu i Rekreacji oraz sosnowieckich instytucji kultury. Jak co\u00a0roku, ka\u017cdy powinien znale\u017a\u0107 co\u015b dla siebie. Czynne b\u0119d\u0105 obiekty sportowe i\u00a0letnie k\u0105pieliska. Od\u00a014 czerwca dzia\u0142a nadzorowane przez\u00a0ratownik\u00f3w k\u0105pielisko Stawiki, a\u00a0od\u00a027 czerwca b\u0119dzie mo\u017cna korzysta\u0107 z\u00a0p\u0142ywalni przy ul.\u00a03 Maja i\u00a0Wojska Polskiego&#8230;.<\/p>\n            <\/div>\r\n        \r\n                    <div class=\"post-meta\">\r\n                \r\n        <div class=\"post-meta-content\">\r\n                            <span class=\"post-auhor-date\">\r\n                    <!--  -->\r\n\r\n                                            <a href=\"https:\/\/metropoliagzm.pl\/de\/2025\/07\/11\/na-sportowo-i-kulturalnie-akcja-lato-2025\/\" class=\"post-date\">\r\n                                                                                        11 Juli 2025                                                    <\/a>\r\n                                    <\/span>\r\n            \r\n                        \r\n                        \r\n                        \r\n                                        <span class=\"post-readtime\">\r\n                    <i class=\"icon icon-clock\"><\/i>\r\n                    2 min <span>read<\/span>                <\/span>\r\n            \r\n                        \r\n                                        <span class=\"placeholder-post-read-later\"><\/span>\r\n                    <\/div>\r\n\r\n                <\/div>\r\n        \r\n\t\t\t<\/div>\r\n\r\n\t\t<\/div>\r\n\t<\/article>\r\n\r\n\r\n\r\n\t<article id=\"post-46884\" class=\"post-item post-46884 post type-post status-publish format-standard has-post-thumbnail hentry category-siemianowice-slaskie category-turystyka-rekreacja\">\r\n\t\t<div class=\"post-container\">\r\n\r\n\t\t\t\r\n\t\t\t\t<div class=\"post-thumbnail\">\r\n\t\t\t\t\t\t\t\t\t\t\t<div class=\"sh-ratio\">\r\n\t\t\t\t\t\t\t<div class=\"sh-ratio-container\">\r\n\t\t\t\t\t\t\t\t<div class=\"sh-ratio-content\" alt=\"\" style=\"background-image: url( https:\/\/metropoliagzm.pl\/wp-content\/uploads\/2025\/07\/W_rytmie_zdrowia_i_radosci_30062025-kopia4-420x265.jpg);\"><\/div>\r\n\t\t\t\t\t\t\t<\/div>\r\n\t\t\t\t\t\t<\/div>\r\n\t\t\t\t\t\r\n\t\t\t\t\t            <a href=\"https:\/\/metropoliagzm.pl\/de\/2025\/07\/04\/w-rytmie-zdrowia-i-radosci\/\" class=\"post-overlay\"><\/a>\r\n        \t\t\t\t\t\t\t\t\t\t<div class=\"post-categories-container\">\r\n                <div class=\"post-categories\"><a style=\"border-radius: 0 !important\" href=\"\/de\/Siemianowice-Slaskie\/\">Siemianowice \u015al\u0105skie<\/a>, <a style=\"border-radius: 0 !important\" href=\"\/de\/Turystyka-i-Rekreacja\/\">Tourismus und Erholung<\/a><\/div>\r\n            <\/div>\t\t\t\t<\/div>\r\n\r\n\t\t\t\r\n\t\t\t<div class=\"post-content-container\">\r\n\t\t\t\t\r\n\t\t\t\t<a href=\"https:\/\/metropoliagzm.pl\/de\/2025\/07\/04\/w-rytmie-zdrowia-i-radosci\/\" class=\"post-title\">\r\n\t\t\t\t\t<div class=\"blog-post-title\">\t\t\t\t\t\t\t\t\t\tW rytmie zdrowia i rado\u015bci\t\t\t\t\t<\/div>\t\t\t\t<\/a>\r\n\r\n\t\t\t\t\r\n        \r\n                    <div class=\"post-content\">\r\n                <p>Podobnie jak w roku ubieg\u0142ym, r\u00f3wnie\u017c i w tym, w okresie letnim w r\u00f3\u017cnych dzielnicach naszego miasta b\u0119d\u0105 organizowane festyny dla dzieci. Tym razem pod szczeg\u00f3lnym has\u0142em \u201eW rytmie zdrowia i rado\u015bci\u201d. Zapraszamy na animacje dla dzieci z elementami profilaktyki przeciwalkoholowej. W programie: gry i&#8230;<\/p>\n            <\/div>\r\n        \r\n                    <div class=\"post-meta\">\r\n                \r\n        <div class=\"post-meta-content\">\r\n                            <span class=\"post-auhor-date\">\r\n                    <!--  -->\r\n\r\n                                            <a href=\"https:\/\/metropoliagzm.pl\/de\/2025\/07\/04\/w-rytmie-zdrowia-i-radosci\/\" class=\"post-date\">\r\n                                                                                        4 Juli 2025                                                    <\/a>\r\n                                    <\/span>\r\n            \r\n                        \r\n                        \r\n                        \r\n                                        <span class=\"post-readtime\">\r\n                    <i class=\"icon icon-clock\"><\/i>\r\n                    1 min <span>read<\/span>                <\/span>\r\n            \r\n                        \r\n                                        <span class=\"placeholder-post-read-later\"><\/span>\r\n                    <\/div>\r\n\r\n                <\/div>\r\n        \r\n\t\t\t<\/div>\r\n\r\n\t\t<\/div>\r\n\t<\/article>\r\n\r\n\r\n\r\n\t<article id=\"post-46817\" class=\"post-item post-46817 post type-post status-publish format-standard has-post-thumbnail hentry category-gzm category-turystyka-rekreacja tag-kierunek-gzm tag-kierunek-gzm-2025\">\r\n\t\t<div class=\"post-container\">\r\n\r\n\t\t\t\r\n\t\t\t\t<div class=\"post-thumbnail\">\r\n\t\t\t\t\t\t\t\t\t\t\t<div class=\"sh-ratio\">\r\n\t\t\t\t\t\t\t<div class=\"sh-ratio-container\">\r\n\t\t\t\t\t\t\t\t<div class=\"sh-ratio-content\" alt=\"\" style=\"background-image: url( https:\/\/metropoliagzm.pl\/wp-content\/uploads\/2025\/06\/505710204_1112588587570523_6982535523899813123_1200x800-420x265.jpg);\"><\/div>\r\n\t\t\t\t\t\t\t<\/div>\r\n\t\t\t\t\t\t<\/div>\r\n\t\t\t\t\t\r\n\t\t\t\t\t            <a href=\"https:\/\/metropoliagzm.pl\/de\/2025\/06\/23\/kierunek-gzm-po-raz-czwarty-zapoznaj-sie-z-programem-swieta-metropolii\/\" class=\"post-overlay\"><\/a>\r\n        \t\t\t\t\t\t\t\t\t\t<div class=\"post-categories-container\">\r\n                <div class=\"post-categories\"><a style=\"border-radius: 0 !important\" href=\"\/de\/GZM\/\">GZM<\/a>, <a style=\"border-radius: 0 !important\" href=\"\/de\/Turystyka-i-Rekreacja\/\">Tourismus und Erholung<\/a><\/div>\r\n            <\/div>\t\t\t\t<\/div>\r\n\r\n\t\t\t\r\n\t\t\t<div class=\"post-content-container\">\r\n\t\t\t\t\r\n\t\t\t\t<a href=\"https:\/\/metropoliagzm.pl\/de\/2025\/06\/23\/kierunek-gzm-po-raz-czwarty-zapoznaj-sie-z-programem-swieta-metropolii\/\" class=\"post-title\">\r\n\t\t\t\t\t<div class=\"blog-post-title\">\t\t\t\t\t\t\t\t\t\tKierunek GZM po raz czwarty. Zapoznaj si\u0119 z programem \u015bwi\u0119ta Metropolii\t\t\t\t\t<\/div>\t\t\t\t<\/a>\r\n\r\n\t\t\t\t\r\n        \r\n                    <div class=\"post-content\">\r\n                <p>Kierunek GZM to najwi\u0119kszy w Polsce festiwal mikrowypraw do niezwyk\u0142ych i nietuzinkowych miejsc, okazja do poznawania i do\u015bwiadczania G\u00f3rno\u015bl\u0105sko-Zag\u0142\u0119biowskiej Metropolii w niecodzienny spos\u00f3b. Festiwal odbywa si\u0119 w dniach 27-29 czerwca 2025 r.\u00a0 W\u00a0programie festiwalu czekaj\u0105 na\u00a0nas cztery wydarzenia specjalne i\u00a0194 wycieczki po\u00a0wszystkich 41 miastach i\u00a0gminach&#8230;<\/p>\n            <\/div>\r\n        \r\n                    <div class=\"post-meta\">\r\n                \r\n        <div class=\"post-meta-content\">\r\n                            <span class=\"post-auhor-date\">\r\n                    <!--  -->\r\n\r\n                                            <a href=\"https:\/\/metropoliagzm.pl\/de\/2025\/06\/23\/kierunek-gzm-po-raz-czwarty-zapoznaj-sie-z-programem-swieta-metropolii\/\" class=\"post-date\">\r\n                                                                                        23 Juni 2025                                                    <\/a>\r\n                                    <\/span>\r\n            \r\n                        \r\n                        \r\n                        \r\n                                        <span class=\"post-readtime\">\r\n                    <i class=\"icon icon-clock\"><\/i>\r\n                    1 min <span>read<\/span>                <\/span>\r\n            \r\n                        \r\n                                        <span class=\"placeholder-post-read-later\"><\/span>\r\n                    <\/div>\r\n\r\n                <\/div>\r\n        \r\n\t\t\t<\/div>\r\n\r\n\t\t<\/div>\r\n\t<\/article>\r\n\r\n\r\n\r\n\t<article id=\"post-46744\" class=\"post-item post-46744 post type-post status-publish format-standard has-post-thumbnail hentry category-gzm category-turystyka-rekreacja tag-kierunek-gzm tag-kierunek-gzm-2025\">\r\n\t\t<div class=\"post-container\">\r\n\r\n\t\t\t\r\n\t\t\t\t<div class=\"post-thumbnail\">\r\n\t\t\t\t\t\t\t\t\t\t\t<div class=\"sh-ratio\">\r\n\t\t\t\t\t\t\t<div class=\"sh-ratio-container\">\r\n\t\t\t\t\t\t\t\t<div class=\"sh-ratio-content\" alt=\"\" style=\"background-image: url( https:\/\/metropoliagzm.pl\/wp-content\/uploads\/2025\/06\/481080710_624453073627454_7080200549648584176_n-420x265.jpg);\"><\/div>\r\n\t\t\t\t\t\t\t<\/div>\r\n\t\t\t\t\t\t<\/div>\r\n\t\t\t\t\t\r\n\t\t\t\t\t            <a href=\"https:\/\/metropoliagzm.pl\/de\/2025\/06\/10\/poznaj-wyjatkowe-miejsca-przezyj-wyjatkowe-chwile-kierunek-gzm-najwiekszy-w-polsce-festiwal-mikrowypraw\/\" class=\"post-overlay\"><\/a>\r\n        \t\t\t\t\t\t\t\t\t\t<div class=\"post-categories-container\">\r\n                <div class=\"post-categories\"><a style=\"border-radius: 0 !important\" href=\"\/de\/GZM\/\">GZM<\/a>, <a style=\"border-radius: 0 !important\" href=\"\/de\/Turystyka-i-Rekreacja\/\">Tourismus und Erholung<\/a><\/div>\r\n            <\/div>\t\t\t\t<\/div>\r\n\r\n\t\t\t\r\n\t\t\t<div class=\"post-content-container\">\r\n\t\t\t\t\r\n\t\t\t\t<a href=\"https:\/\/metropoliagzm.pl\/de\/2025\/06\/10\/poznaj-wyjatkowe-miejsca-przezyj-wyjatkowe-chwile-kierunek-gzm-najwiekszy-w-polsce-festiwal-mikrowypraw\/\" class=\"post-title\">\r\n\t\t\t\t\t<div class=\"blog-post-title\">\t\t\t\t\t\t\t\t\t\tPoznaj wyj\u0105tkowe miejsca, prze\u017cyj wyj\u0105tkowe chwile &#8211; czwarta edycja \u015bwi\u0119ta Kierunek GZM\t\t\t\t\t<\/div>\t\t\t\t<\/a>\r\n\r\n\t\t\t\t\r\n        \r\n                    <div class=\"post-content\">\r\n                <p>We\u017a udzia\u0142 w Kierunku GZM \u2013 najwi\u0119kszym w Polsce festiwalu mikrowypraw, kt\u00f3ry potrwa 3 dni \u2013 od 27 do 29 czerwca. W programie znajdziesz 198 atrakcji, w tym 194 wycieczki oraz 4 wydarzenia specjalne. Kierunek GZM to wyj\u0105tkowa okazja, by pozna\u0107 G\u00f3rno\u015bl\u0105sko-Zag\u0142\u0119biowsk\u0105 Metropoli\u0119 z zupe\u0142nie&#8230;<\/p>\n            <\/div>\r\n        \r\n                    <div class=\"post-meta\">\r\n                \r\n        <div class=\"post-meta-content\">\r\n                            <span class=\"post-auhor-date\">\r\n                    <!--  -->\r\n\r\n                                            <a href=\"https:\/\/metropoliagzm.pl\/de\/2025\/06\/10\/poznaj-wyjatkowe-miejsca-przezyj-wyjatkowe-chwile-kierunek-gzm-najwiekszy-w-polsce-festiwal-mikrowypraw\/\" class=\"post-date\">\r\n                                                                                        10 Juni 2025                                                    <\/a>\r\n                                    <\/span>\r\n            \r\n                        \r\n                        \r\n                        \r\n                                        <span class=\"post-readtime\">\r\n                    <i class=\"icon icon-clock\"><\/i>\r\n                    4 min <span>read<\/span>                <\/span>\r\n            \r\n                        \r\n                                        <span class=\"placeholder-post-read-later\"><\/span>\r\n                    <\/div>\r\n\r\n                <\/div>\r\n        \r\n\t\t\t<\/div>\r\n\r\n\t\t<\/div>\r\n\t<\/article>\r\n\r\n\r\n\r\n\t<article id=\"post-46736\" class=\"post-item post-46736 post type-post status-publish format-standard has-post-thumbnail hentry category-katowice category-turystyka-rekreacja tag-katowice\">\r\n\t\t<div class=\"post-container\">\r\n\r\n\t\t\t\r\n\t\t\t\t<div class=\"post-thumbnail\">\r\n\t\t\t\t\t\t\t\t\t\t\t<div class=\"sh-ratio\">\r\n\t\t\t\t\t\t\t<div class=\"sh-ratio-container\">\r\n\t\t\t\t\t\t\t\t<div class=\"sh-ratio-content\" alt=\"\" style=\"background-image: url( https:\/\/metropoliagzm.pl\/wp-content\/uploads\/2025\/06\/reprezentacja-Polski-rozegra-faze-grupowa-EuroBasketu-2025_fot.-Kamil-Kalkowski-420x265.jpg);\"><\/div>\r\n\t\t\t\t\t\t\t<\/div>\r\n\t\t\t\t\t\t<\/div>\r\n\t\t\t\t\t\r\n\t\t\t\t\t            <a href=\"https:\/\/metropoliagzm.pl\/de\/2025\/06\/06\/kato-basket-day-w-arenie-katowice\/\" class=\"post-overlay\"><\/a>\r\n        \t\t\t\t\t\t\t\t\t\t<div class=\"post-categories-container\">\r\n                <div class=\"post-categories\"><a style=\"border-radius: 0 !important\" href=\"\/de\/Katowice\/\">Katowice<\/a>, <a style=\"border-radius: 0 !important\" href=\"\/de\/Turystyka-i-Rekreacja\/\">Tourismus und Erholung<\/a><\/div>\r\n            <\/div>\t\t\t\t<\/div>\r\n\r\n\t\t\t\r\n\t\t\t<div class=\"post-content-container\">\r\n\t\t\t\t\r\n\t\t\t\t<a href=\"https:\/\/metropoliagzm.pl\/de\/2025\/06\/06\/kato-basket-day-w-arenie-katowice\/\" class=\"post-title\">\r\n\t\t\t\t\t<div class=\"blog-post-title\">\t\t\t\t\t\t\t\t\t\tKato Basket Day w Arenie Katowice\t\t\t\t\t<\/div>\t\t\t\t<\/a>\r\n\r\n\t\t\t\t\r\n        \r\n                    <div class=\"post-content\">\r\n                <p>Ju\u017c w najbli\u017csz\u0105 sobot\u0119 7 czerwca miasto Katowice oraz stowarzyszenie Projekt Basket Katowice zapraszaj\u0105 do Areny Katowice na niezwyk\u0142e koszykarskie wydarzenie \u2013 Kato Basket Day. B\u0119dzie to wielkie \u015bwi\u0119to koszyk\u00f3wki, w kt\u00f3rym wezm\u0105 udzia\u0142 cztery katowickie kluby: KKS Mickiewicz, UKS SP27, K\u015a AZS, MKS MOS&#8230;<\/p>\n            <\/div>\r\n        \r\n                    <div class=\"post-meta\">\r\n                \r\n        <div class=\"post-meta-content\">\r\n                            <span class=\"post-auhor-date\">\r\n                    <!--  -->\r\n\r\n                                            <a href=\"https:\/\/metropoliagzm.pl\/de\/2025\/06\/06\/kato-basket-day-w-arenie-katowice\/\" class=\"post-date\">\r\n                                                                                        6 Juni 2025                                                    <\/a>\r\n                                    <\/span>\r\n            \r\n                        \r\n                        \r\n                        \r\n                                        <span class=\"post-readtime\">\r\n                    <i class=\"icon icon-clock\"><\/i>\r\n                    3 min <span>read<\/span>                <\/span>\r\n            \r\n                        \r\n                                        <span class=\"placeholder-post-read-later\"><\/span>\r\n                    <\/div>\r\n\r\n                <\/div>\r\n        \r\n\t\t\t<\/div>\r\n\r\n\t\t<\/div>\r\n\t<\/article>\r\n\r\n\r\n\r\n\t<article id=\"post-46509\" class=\"post-item post-46509 post type-post status-publish format-standard has-post-thumbnail hentry category-sosnowiec category-turystyka-rekreacja tag-bedzin tag-czeladz tag-sosnowiec\">\r\n\t\t<div class=\"post-container\">\r\n\r\n\t\t\t\r\n\t\t\t\t<div class=\"post-thumbnail\">\r\n\t\t\t\t\t\t\t\t\t\t\t<div class=\"sh-ratio\">\r\n\t\t\t\t\t\t\t<div class=\"sh-ratio-container\">\r\n\t\t\t\t\t\t\t\t<div class=\"sh-ratio-content\" alt=\"\" style=\"background-image: url( https:\/\/metropoliagzm.pl\/wp-content\/uploads\/2025\/04\/IMG_1522-420x265.jpg);\"><\/div>\r\n\t\t\t\t\t\t\t<\/div>\r\n\t\t\t\t\t\t<\/div>\r\n\t\t\t\t\t\r\n\t\t\t\t\t            <a href=\"https:\/\/metropoliagzm.pl\/de\/2025\/04\/25\/przed-nami-18-zaglebiowska-masa-krytyczna\/\" class=\"post-overlay\"><\/a>\r\n        \t\t\t\t\t\t\t\t\t\t<div class=\"post-categories-container\">\r\n                <div class=\"post-categories\"><a style=\"border-radius: 0 !important\" href=\"\/de\/Sosnowiec\/\">Sosnowiec<\/a>, <a style=\"border-radius: 0 !important\" href=\"\/de\/Turystyka-i-Rekreacja\/\">Tourismus und Erholung<\/a><\/div>\r\n            <\/div>\t\t\t\t<\/div>\r\n\r\n\t\t\t\r\n\t\t\t<div class=\"post-content-container\">\r\n\t\t\t\t\r\n\t\t\t\t<a href=\"https:\/\/metropoliagzm.pl\/de\/2025\/04\/25\/przed-nami-18-zaglebiowska-masa-krytyczna\/\" class=\"post-title\">\r\n\t\t\t\t\t<div class=\"blog-post-title\">\t\t\t\t\t\t\t\t\t\tPrzed nami 18. Zag\u0142\u0119biowska Masa Krytyczna\t\t\t\t\t<\/div>\t\t\t\t<\/a>\r\n\r\n\t\t\t\t\r\n        \r\n                    <div class=\"post-content\">\r\n                <p>Zabierz ze\u00a0sob\u0105 rower i\u00a0kamizelk\u0119 odblaskow\u0105. Ju\u017c 3 maja 18. Zag\u0142\u0119biowska Masa Krytyczna. Trasa: 12 kilometr\u00f3w d\u0142ugo\u015bci Start: Dworzec G\u0142\u00f3wny w\u00a0Sosnowcu -15.00 Meta: Pla\u017ca Miejska w\u00a0B\u0119dzin Na\u00a0mecie zupa pomidorowa Do\u00a0wygrania 18 rower\u00f3w i\u00a0wiele innych nagr\u00f3d! Micha\u0142 Nowak<\/p>\n            <\/div>\r\n        \r\n                    <div class=\"post-meta\">\r\n                \r\n        <div class=\"post-meta-content\">\r\n                            <span class=\"post-auhor-date\">\r\n                    <!--  -->\r\n\r\n                                            <a href=\"https:\/\/metropoliagzm.pl\/de\/2025\/04\/25\/przed-nami-18-zaglebiowska-masa-krytyczna\/\" class=\"post-date\">\r\n                                                                                        25 April 2025                                                    <\/a>\r\n                                    <\/span>\r\n            \r\n                        \r\n                        \r\n                        \r\n                                        <span class=\"post-readtime\">\r\n                    <i class=\"icon icon-clock\"><\/i>\r\n                    1 min <span>read<\/span>                <\/span>\r\n            \r\n                        \r\n                                        <span class=\"placeholder-post-read-later\"><\/span>\r\n                    <\/div>\r\n\r\n                <\/div>\r\n        \r\n\t\t\t<\/div>\r\n\r\n\t\t<\/div>\r\n\t<\/article>\r\n\r\n\r\n\r\n\t<article id=\"post-46427\" class=\"post-item post-46427 post type-post status-publish format-standard has-post-thumbnail hentry category-sosnowiec category-turystyka-rekreacja tag-sosnowiec tag-sport\">\r\n\t\t<div class=\"post-container\">\r\n\r\n\t\t\t\r\n\t\t\t\t<div class=\"post-thumbnail\">\r\n\t\t\t\t\t\t\t\t\t\t\t<div class=\"sh-ratio\">\r\n\t\t\t\t\t\t\t<div class=\"sh-ratio-container\">\r\n\t\t\t\t\t\t\t\t<div class=\"sh-ratio-content\" alt=\"\" style=\"background-image: url( https:\/\/metropoliagzm.pl\/wp-content\/uploads\/2025\/04\/484830510_1730376311129810_3597324246895627465_n-420x265.jpg);\"><\/div>\r\n\t\t\t\t\t\t\t<\/div>\r\n\t\t\t\t\t\t<\/div>\r\n\t\t\t\t\t\r\n\t\t\t\t\t            <a href=\"https:\/\/metropoliagzm.pl\/de\/2025\/04\/11\/hokejowa-kadra-ponownie-zagra-w-sosnowcu\/\" class=\"post-overlay\"><\/a>\r\n        \t\t\t\t\t\t\t\t\t\t<div class=\"post-categories-container\">\r\n                <div class=\"post-categories\"><a style=\"border-radius: 0 !important\" href=\"\/de\/Sosnowiec\/\">Sosnowiec<\/a>, <a style=\"border-radius: 0 !important\" href=\"\/de\/Turystyka-i-Rekreacja\/\">Tourismus und Erholung<\/a><\/div>\r\n            <\/div>\t\t\t\t<\/div>\r\n\r\n\t\t\t\r\n\t\t\t<div class=\"post-content-container\">\r\n\t\t\t\t\r\n\t\t\t\t<a href=\"https:\/\/metropoliagzm.pl\/de\/2025\/04\/11\/hokejowa-kadra-ponownie-zagra-w-sosnowcu\/\" class=\"post-title\">\r\n\t\t\t\t\t<div class=\"blog-post-title\">\t\t\t\t\t\t\t\t\t\tHokejowa kadra ponownie zagra w Sosnowcu\t\t\t\t\t<\/div>\t\t\t\t<\/a>\r\n\r\n\t\t\t\t\r\n        \r\n                    <div class=\"post-content\">\r\n                <p>Reprezentacja Polski w\u00a0hokeju na\u00a0lodzie ponownie zagra w\u00a0Sosnowcu! Ju\u017c 18 i\u00a019 kwietnia 2025 ekipa prowadzona przez\u00a0R\u00f3berta Kal\u00e1bera zmierzy si\u0119\u00a0na\u00a0Stadionie Zimowym z\u00a0W\u0142ochami. Mecze b\u0119d\u0105 jednym ostatnich etap\u00f3w przygotowa\u0144 do\u00a0Mistrzostwami \u015awiata Dywizji IA, kt\u00f3re w\u00a0tym roku odb\u0119d\u0105 si\u0119 w\u00a0Rumunii. 18 kwietnia w\u00a0pi\u0105tek mecz rozpocznie si\u0119 o\u00a0godz.\u00a018.30, z\u00a0kolei w\u00a0sobot\u0119&#8230;<\/p>\n            <\/div>\r\n        \r\n                    <div class=\"post-meta\">\r\n                \r\n        <div class=\"post-meta-content\">\r\n                            <span class=\"post-auhor-date\">\r\n                    <!--  -->\r\n\r\n                                            <a href=\"https:\/\/metropoliagzm.pl\/de\/2025\/04\/11\/hokejowa-kadra-ponownie-zagra-w-sosnowcu\/\" class=\"post-date\">\r\n                                                                                        11 April 2025                                                    <\/a>\r\n                                    <\/span>\r\n            \r\n                        \r\n                        \r\n                        \r\n                                        <span class=\"post-readtime\">\r\n                    <i class=\"icon icon-clock\"><\/i>\r\n                    1 min <span>read<\/span>                <\/span>\r\n            \r\n                        \r\n                                        <span class=\"placeholder-post-read-later\"><\/span>\r\n                    <\/div>\r\n\r\n                <\/div>\r\n        \r\n\t\t\t<\/div>\r\n\r\n\t\t<\/div>\r\n\t<\/article>\r\n\r\n\r\n                <\/div>\r\n\r\n                                    <div class=\"sh-load-more\"\r\n    \t\t\t\tdata-categories=\"240\"\r\n    \t\t\t\tdata-post-style=\"grid\"\r\n    \t\t\t\tdata-posts-per-page=\"8\"\r\n    \t\t\t\tdata-paged=\"2\"\r\n                    style=\"padding: 5px 20px !important; width:200px; margin: 10px auto;\"\r\n                    data-id=\"blog-posts-LwtYlBpfH3\">\r\n<img decoding=\"async\" alt=\"zaladuj-wiecej\" style=\"width: 35px\" src=\"\/wp-content\/uploads\/2019\/05\/expand.png\" \/>&nbsp;&nbsp;Load more    \t\t\t\t<\/div>\r\n                \r\n            <\/div>\r\n\r\n        <\/div><\/div><\/div><\/div><\/div><\/div><\/div><\/div><div class=\"vc_row wpb_row vc_row-fluid vc_custom_1554452691247\" style=\"width: 100%; max-width: 1200px;margin-left: auto; margin-right: auto;\"><div class=\"wpb_column vc_column_container vc_col-sm-12\"><div class=\"vc_column-inner\"><div class=\"wpb_wrapper\">\n\t<div class=\"wpb_text_column wpb_content_element gzm-icon\" >\n\t\t<div class=\"wpb_wrapper\">\n\t\t\t<p><strong><img loading=\"lazy\" decoding=\"async\" class=\"alignnone wp-image-2453\" src=\"Wir empfehlen\" alt=\"\" width=\"20\" height=\"25\" \/>\u00a0 Derzeit in der Metropole<\/strong><\/p>\n\n\t\t<\/div>\n\t<\/div>\n<\/div><\/div><\/div><\/div><div class=\"vc_row wpb_row vc_row-fluid vc_custom_1554452715103\" style=\"width: 100%; max-width: 1200px;margin-left: auto; margin-right: auto;\"><div class=\"wpb_column vc_column_container vc_col-sm-4 vc_col-xs-12\"><div class=\"vc_column-inner vc_custom_1554375173215\"><div class=\"wpb_wrapper\">\n\t<div  class=\"wpb_single_image wpb_content_element vc_align_left wpb_content_element\">\n\t\t\n\t\t<figure class=\"wpb_wrapper vc_figure\">\n\t\t\t<a href=\"\/de\/kolej-metropolitalna\/\" target=\"_self\" class=\"vc_single_image-wrapper   vc_box_border_grey\"><img loading=\"lazy\" decoding=\"async\" width=\"900\" height=\"602\" src=\"https:\/\/metropoliagzm.pl\/wp-content\/uploads\/2019\/05\/3-kafle_900x602-2-1.png\" class=\"vc_single_image-img attachment-full\" alt=\"\" title=\"3 kafle_900x602-2-1\" srcset=\"https:\/\/metropoliagzm.pl\/wp-content\/uploads\/2019\/05\/3-kafle_900x602-2-1.png 900w, https:\/\/metropoliagzm.pl\/wp-content\/uploads\/2019\/05\/3-kafle_900x602-2-1-300x201.png 300w, https:\/\/metropoliagzm.pl\/wp-content\/uploads\/2019\/05\/3-kafle_900x602-2-1-768x514.png 768w, https:\/\/metropoliagzm.pl\/wp-content\/uploads\/2019\/05\/3-kafle_900x602-2-1-585x391.png 585w\" sizes=\"auto, (max-width: 900px) 100vw, 900px\" \/><\/a>\n\t\t<\/figure>\n\t<\/div>\n<\/div><\/div><\/div><div class=\"wpb_column vc_column_container vc_col-sm-4 vc_col-xs-12\"><div class=\"vc_column-inner vc_custom_1554375194636\"><div class=\"wpb_wrapper\">\n\t<div  class=\"wpb_single_image wpb_content_element vc_align_left wpb_content_element\">\n\t\t\n\t\t<figure class=\"wpb_wrapper vc_figure\">\n\t\t\t<a href=\"\/de\/rower-metropolitalny\/\" target=\"_self\" class=\"vc_single_image-wrapper   vc_box_border_grey\"><img loading=\"lazy\" decoding=\"async\" width=\"900\" height=\"602\" src=\"https:\/\/metropoliagzm.pl\/wp-content\/uploads\/2019\/05\/3-kafle_900x602-3-1.png\" class=\"vc_single_image-img attachment-full\" alt=\"\" title=\"3 kafle_900x602-3-1\" srcset=\"https:\/\/metropoliagzm.pl\/wp-content\/uploads\/2019\/05\/3-kafle_900x602-3-1.png 900w, https:\/\/metropoliagzm.pl\/wp-content\/uploads\/2019\/05\/3-kafle_900x602-3-1-300x201.png 300w, https:\/\/metropoliagzm.pl\/wp-content\/uploads\/2019\/05\/3-kafle_900x602-3-1-768x514.png 768w, https:\/\/metropoliagzm.pl\/wp-content\/uploads\/2019\/05\/3-kafle_900x602-3-1-585x391.png 585w\" sizes=\"auto, (max-width: 900px) 100vw, 900px\" \/><\/a>\n\t\t<\/figure>\n\t<\/div>\n<\/div><\/div><\/div><div class=\"wpb_column vc_column_container vc_col-sm-4 vc_col-xs-12\"><div class=\"vc_column-inner vc_custom_1554375210686\"><div class=\"wpb_wrapper\">\n\t<div  class=\"wpb_single_image wpb_content_element vc_align_left wpb_content_element\">\n\t\t\n\t\t<figure class=\"wpb_wrapper vc_figure\">\n\t\t\t<a href=\"\/de\/drony\/\" target=\"_self\" class=\"vc_single_image-wrapper   vc_box_border_grey\"><img loading=\"lazy\" decoding=\"async\" width=\"900\" height=\"602\" src=\"https:\/\/metropoliagzm.pl\/wp-content\/uploads\/2019\/05\/3-kafle_900x602-4.png\" class=\"vc_single_image-img attachment-full\" alt=\"\" title=\"3 kafle_900x602-4\" srcset=\"https:\/\/metropoliagzm.pl\/wp-content\/uploads\/2019\/05\/3-kafle_900x602-4.png 900w, https:\/\/metropoliagzm.pl\/wp-content\/uploads\/2019\/05\/3-kafle_900x602-4-300x201.png 300w, https:\/\/metropoliagzm.pl\/wp-content\/uploads\/2019\/05\/3-kafle_900x602-4-768x514.png 768w, https:\/\/metropoliagzm.pl\/wp-content\/uploads\/2019\/05\/3-kafle_900x602-4-585x391.png 585w\" sizes=\"auto, (max-width: 900px) 100vw, 900px\" \/><\/a>\n\t\t<\/figure>\n\t<\/div>\n<\/div><\/div><\/div><\/div>\n<div class=\"post-author\" style=\"font-size:13px\">admin tresc<\/div><\/div><\/div>","protected":false},"excerpt":{"rendered":"<p>Micha\u0142 Nowak<\/p>","protected":false},"author":161,"featured_media":0,"parent":0,"menu_order":0,"comment_status":"closed","ping_status":"closed","template":"","meta":{"_acf_changed":false,"footnotes":""},"class_list":["post-2902","page","type-page","status-publish","hentry"],"acf":[],"yoast_head":"<!-- This site is optimized with the Yoast SEO plugin v27.4 - https:\/\/yoast.com\/product\/yoast-seo-wordpress\/ -->\n<title>Turystyka i Rekreacja - Metropolia GZM<\/title>\n<meta name=\"robots\" content=\"index, follow, max-snippet:-1, max-image-preview:large, max-video-preview:-1\" \/>\n<link rel=\"canonical\" href=\"https:\/\/metropoliagzm.pl\/de\/turystyka-i-rekreacja\/\" \/>\n<meta name=\"twitter:card\" content=\"summary_large_image\" \/>\n<meta name=\"twitter:title\" content=\"Turystyka i Rekreacja - Metropolia GZM\" \/>\n<meta name=\"twitter:description\" content=\"Micha\u0142 Nowak\" \/>\n<meta name=\"twitter:image\" content=\"https:\/\/metropoliagzm.pl\/wp-content\/uploads\/2019\/03\/Sygnet-strona-glowna.png\" \/>\n<meta name=\"twitter:label1\" content=\"Gesch\u00e4tzte Lesezeit\" \/>\n\t<meta name=\"twitter:data1\" content=\"2\u00a0Minuten\" \/>\n<script type=\"application\/ld+json\" class=\"yoast-schema-graph\">{\"@context\":\"https:\\\/\\\/schema.org\",\"@graph\":[{\"@type\":\"WebPage\",\"@id\":\"https:\\\/\\\/metropoliagzm.pl\\\/turystyka-i-rekreacja\\\/\",\"url\":\"https:\\\/\\\/metropoliagzm.pl\\\/turystyka-i-rekreacja\\\/\",\"name\":\"Turystyka i Rekreacja - Metropolia GZM\",\"isPartOf\":{\"@id\":\"https:\\\/\\\/metropoliagzm.pl\\\/en\\\/#website\"},\"primaryImageOfPage\":{\"@id\":\"https:\\\/\\\/metropoliagzm.pl\\\/turystyka-i-rekreacja\\\/#primaryimage\"},\"image\":{\"@id\":\"https:\\\/\\\/metropoliagzm.pl\\\/turystyka-i-rekreacja\\\/#primaryimage\"},\"thumbnailUrl\":\"https:\\\/\\\/metropoliagzm.pl\\\/wp-content\\\/uploads\\\/2019\\\/03\\\/Sygnet-strona-glowna.png\",\"datePublished\":\"2019-04-23T07:05:23+00:00\",\"dateModified\":\"2019-05-23T10:11:01+00:00\",\"breadcrumb\":{\"@id\":\"https:\\\/\\\/metropoliagzm.pl\\\/turystyka-i-rekreacja\\\/#breadcrumb\"},\"inLanguage\":\"de\",\"potentialAction\":[{\"@type\":\"ReadAction\",\"target\":[\"https:\\\/\\\/metropoliagzm.pl\\\/turystyka-i-rekreacja\\\/\"]}]},{\"@type\":\"ImageObject\",\"inLanguage\":\"de\",\"@id\":\"https:\\\/\\\/metropoliagzm.pl\\\/turystyka-i-rekreacja\\\/#primaryimage\",\"url\":\"https:\\\/\\\/metropoliagzm.pl\\\/wp-content\\\/uploads\\\/2019\\\/03\\\/Sygnet-strona-glowna.png\",\"contentUrl\":\"https:\\\/\\\/metropoliagzm.pl\\\/wp-content\\\/uploads\\\/2019\\\/03\\\/Sygnet-strona-glowna.png\"},{\"@type\":\"BreadcrumbList\",\"@id\":\"https:\\\/\\\/metropoliagzm.pl\\\/turystyka-i-rekreacja\\\/#breadcrumb\",\"itemListElement\":[{\"@type\":\"ListItem\",\"position\":1,\"name\":\"Strona g\u0142\u00f3wna\",\"item\":\"https:\\\/\\\/metropoliagzm.pl\\\/\"},{\"@type\":\"ListItem\",\"position\":2,\"name\":\"Turystyka i Rekreacja\"}]},{\"@type\":\"WebSite\",\"@id\":\"https:\\\/\\\/metropoliagzm.pl\\\/en\\\/#website\",\"url\":\"https:\\\/\\\/metropoliagzm.pl\\\/en\\\/\",\"name\":\"Metropolia GZM\",\"description\":\"Oficjalny portal G\u00f3rno\u015bl\u0105sko-Zag\u0142\u0119biowskiej Metropolii\",\"publisher\":{\"@id\":\"https:\\\/\\\/metropoliagzm.pl\\\/en\\\/#organization\"},\"potentialAction\":[{\"@type\":\"SearchAction\",\"target\":{\"@type\":\"EntryPoint\",\"urlTemplate\":\"https:\\\/\\\/metropoliagzm.pl\\\/en\\\/?s={search_term_string}\"},\"query-input\":{\"@type\":\"PropertyValueSpecification\",\"valueRequired\":true,\"valueName\":\"search_term_string\"}}],\"inLanguage\":\"de\"},{\"@type\":\"Organization\",\"@id\":\"https:\\\/\\\/metropoliagzm.pl\\\/en\\\/#organization\",\"name\":\"Metropolia GZM\",\"url\":\"https:\\\/\\\/metropoliagzm.pl\\\/en\\\/\",\"logo\":{\"@type\":\"ImageObject\",\"inLanguage\":\"de\",\"@id\":\"https:\\\/\\\/metropoliagzm.pl\\\/en\\\/#\\\/schema\\\/logo\\\/image\\\/\",\"url\":\"https:\\\/\\\/metropoliagzm.pl\\\/wp-content\\\/uploads\\\/2019\\\/03\\\/Sygnet-strona-glowna.png\",\"contentUrl\":\"https:\\\/\\\/metropoliagzm.pl\\\/wp-content\\\/uploads\\\/2019\\\/03\\\/Sygnet-strona-glowna.png\",\"width\":36,\"height\":45,\"caption\":\"Metropolia GZM\"},\"image\":{\"@id\":\"https:\\\/\\\/metropoliagzm.pl\\\/en\\\/#\\\/schema\\\/logo\\\/image\\\/\"}}]}<\/script>\n<!-- \/ Yoast SEO plugin. -->","yoast_head_json":{"title":"Turystyka i Rekreacja - Metropolia GZM","robots":{"index":"index","follow":"follow","max-snippet":"max-snippet:-1","max-image-preview":"max-image-preview:large","max-video-preview":"max-video-preview:-1"},"canonical":"https:\/\/metropoliagzm.pl\/de\/turystyka-i-rekreacja\/","twitter_card":"summary_large_image","twitter_title":"Turystyka i Rekreacja - Metropolia GZM","twitter_description":"Micha\u0142 Nowak","twitter_image":"https:\/\/metropoliagzm.pl\/wp-content\/uploads\/2019\/03\/Sygnet-strona-glowna.png","twitter_misc":{"Gesch\u00e4tzte Lesezeit":"2\u00a0Minuten"},"schema":{"@context":"https:\/\/schema.org","@graph":[{"@type":"WebPage","@id":"https:\/\/metropoliagzm.pl\/turystyka-i-rekreacja\/","url":"https:\/\/metropoliagzm.pl\/turystyka-i-rekreacja\/","name":"Turystyka i Rekreacja - Metropolia GZM","isPartOf":{"@id":"https:\/\/metropoliagzm.pl\/en\/#website"},"primaryImageOfPage":{"@id":"https:\/\/metropoliagzm.pl\/turystyka-i-rekreacja\/#primaryimage"},"image":{"@id":"https:\/\/metropoliagzm.pl\/turystyka-i-rekreacja\/#primaryimage"},"thumbnailUrl":"https:\/\/metropoliagzm.pl\/wp-content\/uploads\/2019\/03\/Sygnet-strona-glowna.png","datePublished":"2019-04-23T07:05:23+00:00","dateModified":"2019-05-23T10:11:01+00:00","breadcrumb":{"@id":"https:\/\/metropoliagzm.pl\/turystyka-i-rekreacja\/#breadcrumb"},"inLanguage":"de","potentialAction":[{"@type":"ReadAction","target":["https:\/\/metropoliagzm.pl\/turystyka-i-rekreacja\/"]}]},{"@type":"ImageObject","inLanguage":"de","@id":"https:\/\/metropoliagzm.pl\/turystyka-i-rekreacja\/#primaryimage","url":"https:\/\/metropoliagzm.pl\/wp-content\/uploads\/2019\/03\/Sygnet-strona-glowna.png","contentUrl":"https:\/\/metropoliagzm.pl\/wp-content\/uploads\/2019\/03\/Sygnet-strona-glowna.png"},{"@type":"BreadcrumbList","@id":"https:\/\/metropoliagzm.pl\/turystyka-i-rekreacja\/#breadcrumb","itemListElement":[{"@type":"ListItem","position":1,"name":"Strona g\u0142\u00f3wna","item":"https:\/\/metropoliagzm.pl\/"},{"@type":"ListItem","position":2,"name":"Turystyka i Rekreacja"}]},{"@type":"WebSite","@id":"https:\/\/metropoliagzm.pl\/en\/#website","url":"https:\/\/metropoliagzm.pl\/en\/","name":"Metropolia GZM","description":"Oficjalny portal G\u00f3rno\u015bl\u0105sko-Zag\u0142\u0119biowskiej Metropolii","publisher":{"@id":"https:\/\/metropoliagzm.pl\/en\/#organization"},"potentialAction":[{"@type":"SearchAction","target":{"@type":"EntryPoint","urlTemplate":"https:\/\/metropoliagzm.pl\/en\/?s={search_term_string}"},"query-input":{"@type":"PropertyValueSpecification","valueRequired":true,"valueName":"search_term_string"}}],"inLanguage":"de"},{"@type":"Organization","@id":"https:\/\/metropoliagzm.pl\/en\/#organization","name":"Metropolia GZM","url":"https:\/\/metropoliagzm.pl\/en\/","logo":{"@type":"ImageObject","inLanguage":"de","@id":"https:\/\/metropoliagzm.pl\/en\/#\/schema\/logo\/image\/","url":"https:\/\/metropoliagzm.pl\/wp-content\/uploads\/2019\/03\/Sygnet-strona-glowna.png","contentUrl":"https:\/\/metropoliagzm.pl\/wp-content\/uploads\/2019\/03\/Sygnet-strona-glowna.png","width":36,"height":45,"caption":"Metropolia GZM"},"image":{"@id":"https:\/\/metropoliagzm.pl\/en\/#\/schema\/logo\/image\/"}}]}},"_links":{"self":[{"href":"https:\/\/metropoliagzm.pl\/de\/wp-json\/wp\/v2\/pages\/2902","targetHints":{"allow":["GET"]}}],"collection":[{"href":"https:\/\/metropoliagzm.pl\/de\/wp-json\/wp\/v2\/pages"}],"about":[{"href":"https:\/\/metropoliagzm.pl\/de\/wp-json\/wp\/v2\/types\/page"}],"author":[{"embeddable":true,"href":"https:\/\/metropoliagzm.pl\/de\/wp-json\/wp\/v2\/users\/161"}],"replies":[{"embeddable":true,"href":"https:\/\/metropoliagzm.pl\/de\/wp-json\/wp\/v2\/comments?post=2902"}],"version-history":[{"count":16,"href":"https:\/\/metropoliagzm.pl\/de\/wp-json\/wp\/v2\/pages\/2902\/revisions"}],"predecessor-version":[{"id":10383,"href":"https:\/\/metropoliagzm.pl\/de\/wp-json\/wp\/v2\/pages\/2902\/revisions\/10383"}],"wp:attachment":[{"href":"https:\/\/metropoliagzm.pl\/de\/wp-json\/wp\/v2\/media?parent=2902"}],"curies":[{"name":"wp","href":"https:\/\/api.w.org\/{rel}","templated":true}]}}