{"id":2996,"date":"2019-04-23T11:28:19","date_gmt":"2019-04-23T09:28:19","guid":{"rendered":"https:\/\/wpgzm.dev.euvic.pl\/?page_id=2996"},"modified":"2021-06-09T12:53:59","modified_gmt":"2021-06-09T10:53:59","slug":"rudziniec","status":"publish","type":"page","link":"https:\/\/metropoliagzm.pl\/de\/rudziniec\/","title":{"rendered":"Rudziniec"},"content":{"rendered":"<div class=\"wpb-content-wrapper\"><div class=\"pdf-block\"><div class=\"pdfprnt-buttons  pdfprnt-new pdfprnt-buttons-page pdfprnt-top-right\"><div class=\"jssocials-share jssocials-share-twitter\"><a target=\"_blank\" href=\"https:\/\/twitter.com\/share?url=https:\/\/metropoliagzm.pl\/de\/wp-json\/wp\/v2\/pages\/2996;text=2996\" class=\"jssocials-share-link\"><i class=\"fa fa-twitter jssocials-share-logo\"><\/i><\/a><\/div><div class=\"jssocials-share jssocials-share-facebook\"><a target=\"_blank\" href=\"https:\/\/facebook.com\/sharer\/sharer.php?u=https:\/\/metropoliagzm.pl\/de\/wp-json\/wp\/v2\/pages\/2996\" class=\"jssocials-share-link\"><i class=\"fa fa-facebook jssocials-share-logo\"><\/i><\/a><\/div><div class=\"jssocials-share jssocials-share-pinterest\"><a target=\"_blank\" href=\"https:\/\/pinterest.com\/pin\/create\/bookmarklet\/?&amp;url=https:\/\/metropoliagzm.pl\/de\/wp-json\/wp\/v2\/pages\/2996;description=2996\" class=\"jssocials-share-link\"><i class=\"fa fa-pinterest jssocials-share-logo\"><\/i><\/a><\/div><a href=\"https:\/\/metropoliagzm.pl\/de\/wp-json\/wp\/v2\/pages\/2996?print=pdf\" class=\"pdfprnt-button pdfprnt-button-pdf\" target=\"_blank\"><img decoding=\"async\" src=\"https:\/\/metropoliagzm.pl\/wp-content\/plugins\/pdf-print\/images\/pdf.png\" alt=\"image_pdf\" title=\"View PDF\" \/><\/a><a href=\"https:\/\/metropoliagzm.pl\/de\/wp-json\/wp\/v2\/pages\/2996?print=print\" class=\"pdfprnt-button pdfprnt-button-print\" target=\"_blank\"><img decoding=\"async\" src=\"https:\/\/metropoliagzm.pl\/wp-content\/plugins\/pdf-print\/images\/print.png\" alt=\"image_print\" title=\"Print Content\" \/><\/a><\/div><\/div><div class=\"post-block-pdf\"><div class=\"pdfprnt-buttons pdfprnt-buttons-page pdfprnt-top-right\"><a href=\"https:\/\/metropoliagzm.pl\/de\/wp-json\/wp\/v2\/pages\/2996?print=pdf\" class=\"pdfprnt-button pdfprnt-button-pdf\" target=\"_blank\"><img decoding=\"async\" src=\"https:\/\/metropoliagzm.pl\/wp-content\/plugins\/pdf-print\/images\/pdf.png\" alt=\"image_pdf\" title=\"View PDF\" \/><\/a><a href=\"https:\/\/metropoliagzm.pl\/de\/wp-json\/wp\/v2\/pages\/2996?print=print\" class=\"pdfprnt-button pdfprnt-button-print\" target=\"_blank\"><img decoding=\"async\" src=\"https:\/\/metropoliagzm.pl\/wp-content\/plugins\/pdf-print\/images\/print.png\" alt=\"image_print\" title=\"Print Content\" \/><\/a><\/div><div class=\"vc_row wpb_row vc_row-fluid\"><div class=\"wdn-text-hidden wpb_column vc_column_container vc_col-sm-12\"><div class=\"vc_column-inner\"><div class=\"wpb_wrapper\">\n\t<div class=\"wpb_text_column wpb_content_element\" >\n\t\t<div class=\"wpb_wrapper\">\n\t\t\t<h1>Rudziniec<\/h1>\n\n\t\t<\/div>\n\t<\/div>\n<\/div><\/div><\/div><\/div><div class=\"vc_row wpb_row vc_row-fluid\" style=\"width: 100%; max-width: 1200px;margin-left: auto; margin-right: auto;\"><div class=\"wpb_column vc_column_container vc_col-sm-12\"><div class=\"vc_column-inner\"><div class=\"wpb_wrapper\">\n\t<div  class=\"wpb_single_image wpb_content_element vc_align_left wpb_content_element  image-with-max-height\">\n\t\t\n\t\t<figure class=\"wpb_wrapper vc_figure\">\n\t\t\t<div class=\"vc_single_image-wrapper   vc_box_border_grey\"><img loading=\"lazy\" decoding=\"async\" width=\"1200\" height=\"500\" src=\"https:\/\/metropoliagzm.pl\/wp-content\/uploads\/2019\/09\/25.png\" class=\"vc_single_image-img attachment-full\" alt=\"\" title=\"25\" srcset=\"https:\/\/metropoliagzm.pl\/wp-content\/uploads\/2019\/09\/25.png 1200w, https:\/\/metropoliagzm.pl\/wp-content\/uploads\/2019\/09\/25-300x125.png 300w, https:\/\/metropoliagzm.pl\/wp-content\/uploads\/2019\/09\/25-768x320.png 768w, https:\/\/metropoliagzm.pl\/wp-content\/uploads\/2019\/09\/25-1024x427.png 1024w, https:\/\/metropoliagzm.pl\/wp-content\/uploads\/2019\/09\/25-585x244.png 585w\" sizes=\"auto, (max-width: 1200px) 100vw, 1200px\" \/><\/div>\n\t\t<\/figure>\n\t<\/div>\n<\/div><\/div><\/div><\/div><div class=\"vc_row wpb_row vc_row-fluid\"><div class=\"wdn-text-hidden wpb_column vc_column_container vc_col-sm-12\"><div class=\"vc_column-inner\"><div class=\"wpb_wrapper\">\n\t<div class=\"wpb_text_column wpb_content_element\" >\n\t\t<div class=\"wpb_wrapper\">\n\t\t\t<h2>Informacje<\/h2>\n\n\t\t<\/div>\n\t<\/div>\n<\/div><\/div><\/div><\/div><div class=\"vc_row wpb_row vc_row-fluid\" style=\"width: 100%; max-width: 1200px;margin-left: auto; margin-right: auto;\"><div class=\"wpb_animate_when_almost_visible wpb_bounceInLeft bounceInLeft wpb_column vc_column_container vc_col-sm-9\"><div class=\"vc_column-inner vc_custom_1553703397287\"><div class=\"wpb_wrapper\">\n\n\n        <script type=\"text\/javascript\">\n            jQuery(document).ready(function($) {\n\n                                                                            if ($.isFunction($.fn.slick)) {\n                                                                            $('.blog-slider-GYlhrTBwNe').slick({\n                                            \n                                            autoplay: false,\n                                            autoplaySpeed: 6000,\n\n                                            dots: false,\n                                            arrows: true,\n                                            swipe: true,\n                                            swipeToSlide: true,\n                                            cssEase: 'cubic-bezier(0.445, 0.05, 0.55, 0.95)',\n                                            appendDots: $('.blog-slider-GYlhrTBwNe .blog-slider-dots'),\n                                            fade: false,\n                                            speed: 500,\n                                            slidesToScroll: 0,\n\n                                            \n                                                                                            prevArrow: '<div class=\"slick-prev\"><i class=\"icon icon-arrow-left-circle\"><\/i><\/div>',\n                                                nextArrow: '<div class=\"slick-next\"><i class=\"icon icon-arrow-right-circle\"><\/i><\/div>',\n                                            \n                                                                                        });\n                                        }\n                                    \n\n                                     \n                                    });\n        <\/script>\n\n\n        \n\n            <div class=\"blog-slider blog-slider-style5 blog-slider-GYlhrTBwNe\">\n                <div class=\"blog-grid-list\">\n                    \n                            <div class=\"blog-grid-large blog-grid-item1\">\n                                <div class=\"blog-grid-item-container blog-slider-item halsko3\" alt=\"\" style=\"background-image: url( https:\/\/metropoliagzm.pl\/wp-content\/uploads\/2025\/11\/2025-11-14-Rudziniec-tekstylia.png );\">\n                                    <a href=\"https:\/\/metropoliagzm.pl\/de\/2025\/11\/14\/nie-wyrzucaj-ubran-sprawdz-gdzie-oddac-tekstylia-w-gminie-rudziniec\/\" aria-label=\"link-do-postu\" class=\"clickable-button\" style=\"position:absolute;width:100%;height:100%;z-index:100;\">\n                                    <\/a>\n                                    <div class=\"blog-slider-container\" style=\"z-index: 200;\">\n                                        <div class=\"blog-slider-content\">\n\n                                            <div class=\"blog-slider-content-details\">\n                                                <div class=\"post-categories-container\">\r\n                <div class=\"post-categories\"><a style=\"border-radius: 0 !important\" href=\"\/de\/Mieszkancy\/\">Die Bewohner<\/a>, <a style=\"border-radius: 0 !important\" href=\"\/de\/Rudziniec\/\">Rudziniec<\/a><\/div>\r\n            <\/div>                                                <a href=\"https:\/\/metropoliagzm.pl\/de\/2025\/11\/14\/nie-wyrzucaj-ubran-sprawdz-gdzie-oddac-tekstylia-w-gminie-rudziniec\/\">\n                                                    <div class=\"post-title\">Nie wyrzucaj ubra\u0144! Sprawd\u017a, gdzie odda\u0107 tekstylia w gminie Rudziniec<\/div>\n                                                <\/a>\n                                                <div class=\"post-meta\">\n                                                                                                            \r\n        <div class=\"post-meta-content\">\r\n                            <span class=\"post-auhor-date post-auhor-date-full\">\r\n                    <!--                         <a href=\"https:\/\/metropoliagzm.pl\/de\/author\/l-folda\/\">\r\n                            <img alt='' src='https:\/\/secure.gravatar.com\/avatar\/f3a27728e0583f9bba82b8b255807de820341324c7b748216a47c8b7d790aa2d?s=28&#038;d=mm&#038;r=g' srcset='https:\/\/secure.gravatar.com\/avatar\/f3a27728e0583f9bba82b8b255807de820341324c7b748216a47c8b7d790aa2d?s=56&#038;d=mm&#038;r=g 2x' class='avatar avatar-28 photo post-author-image' height='28' width='28' \/>                        <\/a>\r\n                     -->\r\n\r\n                                            <a href=\"https:\/\/metropoliagzm.pl\/de\/2025\/11\/14\/nie-wyrzucaj-ubran-sprawdz-gdzie-oddac-tekstylia-w-gminie-rudziniec\/\" class=\"post-date\">\r\n                                                                                        14 November 2025                                                    <\/a>\r\n                                    <\/span>\r\n            \r\n                        \r\n                        \r\n                        \r\n                                        <span class=\"post-readtime\">\r\n                    <i class=\"icon icon-clock\"><\/i>\r\n                    2 min <span>read<\/span>                <\/span>\r\n            \r\n                        \r\n                                        <span class=\"placeholder-post-read-later\"><\/span>\r\n                    <\/div>\r\n\r\n                                                                                                        <\/div>\n                                            <\/div>\n\n                                        <\/div>\n                                    <\/div>\n\n                                <\/div>\n                            <\/div>\n\n                            \n        \n                            <div class=\"blog-grid-small blog-grid-item2\">\n                                <div class=\"blog-grid-item-container blog-slider-item halsko3\" alt=\"\" style=\"background-image: url( https:\/\/metropoliagzm.pl\/wp-content\/uploads\/2025\/08\/2025-08-08-Rudziniec-Tragedia-Gornoslaska-1.jpeg );\">\n                                    <a href=\"https:\/\/metropoliagzm.pl\/de\/2025\/08\/08\/moj-opa-tyz-bol-deportowany-wyjatkowa-wystawa-w-urzedzie-gminy-rudziniec\/\" aria-label=\"link-do-postu\" class=\"clickable-button\" style=\"position:absolute;width:100%;height:100%;z-index:100;\">\n                                    <\/a>\n                                    <div class=\"blog-slider-container\" style=\"z-index: 200;\">\n                                        <div class=\"blog-slider-content\">\n\n                                            <div class=\"blog-slider-content-details\">\n                                                <div class=\"post-categories-container\">\r\n                <div class=\"post-categories\"><a style=\"border-radius: 0 !important\" href=\"\/de\/Historia\/\">Historia<\/a>, <a style=\"border-radius: 0 !important\" href=\"\/de\/Kultura\/\">Kultur<\/a>, <a style=\"border-radius: 0 !important\" href=\"\/de\/Mieszkancy\/\">Die Bewohner<\/a>, <a style=\"border-radius: 0 !important\" href=\"\/de\/Rudziniec\/\">Rudziniec<\/a><\/div>\r\n            <\/div>                                                <a href=\"https:\/\/metropoliagzm.pl\/de\/2025\/08\/08\/moj-opa-tyz-bol-deportowany-wyjatkowa-wystawa-w-urzedzie-gminy-rudziniec\/\">\n                                                    <div class=\"post-title\">\u201eM\u00f3j \u014cpa ty\u017c bo\u0142 deportowany\u201d &#8211; wyj\u0105tkowa wystawa w Urz\u0119dzie Gminy Rudziniec<\/div>\n                                                <\/a>\n                                                <div class=\"post-meta\">\n                                                                                                            \r\n        <div class=\"post-meta-content\">\r\n                            <span class=\"post-auhor-date post-auhor-date-full\">\r\n                    <!--                         <a href=\"https:\/\/metropoliagzm.pl\/de\/author\/l-folda\/\">\r\n                            <img alt='' src='https:\/\/secure.gravatar.com\/avatar\/f3a27728e0583f9bba82b8b255807de820341324c7b748216a47c8b7d790aa2d?s=28&#038;d=mm&#038;r=g' srcset='https:\/\/secure.gravatar.com\/avatar\/f3a27728e0583f9bba82b8b255807de820341324c7b748216a47c8b7d790aa2d?s=56&#038;d=mm&#038;r=g 2x' class='avatar avatar-28 photo post-author-image' height='28' width='28' \/>                        <\/a>\r\n                     -->\r\n\r\n                                            <a href=\"https:\/\/metropoliagzm.pl\/de\/2025\/08\/08\/moj-opa-tyz-bol-deportowany-wyjatkowa-wystawa-w-urzedzie-gminy-rudziniec\/\" class=\"post-date\">\r\n                                                                                        8 August 2025                                                    <\/a>\r\n                                    <\/span>\r\n            \r\n                        \r\n                        \r\n                        \r\n                                        <span class=\"post-readtime\">\r\n                    <i class=\"icon icon-clock\"><\/i>\r\n                    1 min <span>read<\/span>                <\/span>\r\n            \r\n                        \r\n                                        <span class=\"placeholder-post-read-later\"><\/span>\r\n                    <\/div>\r\n\r\n                                                                                                        <\/div>\n                                            <\/div>\n\n                                        <\/div>\n                                    <\/div>\n\n                                <\/div>\n                            <\/div>\n\n                            \n        \n                            <div class=\"blog-grid-small blog-grid-item3\">\n                                <div class=\"blog-grid-item-container blog-slider-item halsko3\" alt=\"\" style=\"background-image: url( https:\/\/metropoliagzm.pl\/wp-content\/uploads\/2025\/05\/Fundacja-JLC-Plakat-VVIII-edycja-Programu-Indeks-Start2Star-3-1024x546.jpeg );\">\n                                    <a href=\"https:\/\/metropoliagzm.pl\/de\/2025\/05\/12\/stypendium-indeks-start2star-wsparcie-dla-maturzystow-na-caly-okres-studiow\/\" aria-label=\"link-do-postu\" class=\"clickable-button\" style=\"position:absolute;width:100%;height:100%;z-index:100;\">\n                                    <\/a>\n                                    <div class=\"blog-slider-container\" style=\"z-index: 200;\">\n                                        <div class=\"blog-slider-content\">\n\n                                            <div class=\"blog-slider-content-details\">\n                                                <div class=\"post-categories-container\">\r\n                <div class=\"post-categories\"><a style=\"border-radius: 0 !important\" href=\"\/de\/Mieszkancy\/\">Die Bewohner<\/a>, <a style=\"border-radius: 0 !important\" href=\"\/de\/Rudziniec\/\">Rudziniec<\/a><\/div>\r\n            <\/div>                                                <a href=\"https:\/\/metropoliagzm.pl\/de\/2025\/05\/12\/stypendium-indeks-start2star-wsparcie-dla-maturzystow-na-caly-okres-studiow\/\">\n                                                    <div class=\"post-title\">Stypendium \u201eIndeks Start2Star\u201d &#8211; wsparcie dla maturzyst\u00f3w na ca\u0142y okres studi\u00f3w<\/div>\n                                                <\/a>\n                                                <div class=\"post-meta\">\n                                                                                                            \r\n        <div class=\"post-meta-content\">\r\n                            <span class=\"post-auhor-date post-auhor-date-full\">\r\n                    <!--                         <a href=\"https:\/\/metropoliagzm.pl\/de\/author\/l-folda\/\">\r\n                            <img alt='' src='https:\/\/secure.gravatar.com\/avatar\/f3a27728e0583f9bba82b8b255807de820341324c7b748216a47c8b7d790aa2d?s=28&#038;d=mm&#038;r=g' srcset='https:\/\/secure.gravatar.com\/avatar\/f3a27728e0583f9bba82b8b255807de820341324c7b748216a47c8b7d790aa2d?s=56&#038;d=mm&#038;r=g 2x' class='avatar avatar-28 photo post-author-image' height='28' width='28' \/>                        <\/a>\r\n                     -->\r\n\r\n                                            <a href=\"https:\/\/metropoliagzm.pl\/de\/2025\/05\/12\/stypendium-indeks-start2star-wsparcie-dla-maturzystow-na-caly-okres-studiow\/\" class=\"post-date\">\r\n                                                                                        12 Mai 2025                                                    <\/a>\r\n                                    <\/span>\r\n            \r\n                        \r\n                        \r\n                        \r\n                                        <span class=\"post-readtime\">\r\n                    <i class=\"icon icon-clock\"><\/i>\r\n                    1 min <span>read<\/span>                <\/span>\r\n            \r\n                        \r\n                                        <span class=\"placeholder-post-read-later\"><\/span>\r\n                    <\/div>\r\n\r\n                                                                                                        <\/div>\n                                            <\/div>\n\n                                        <\/div>\n                                    <\/div>\n\n                                <\/div>\n                            <\/div>\n\n                            \n                        <\/div>\n            <\/div>\n\n\n        <\/div><\/div><\/div><div class=\"wpb_column vc_column_container vc_col-sm-3\"><div class=\"vc_column-inner vc_custom_1555999428015\"><div class=\"wpb_wrapper\"><div class=\"vc_row wpb_row vc_inner vc_row-fluid vc_custom_1556001379265\"><div class=\"wpb_column vc_column_container vc_col-sm-3\"><div class=\"vc_column-inner\"><div class=\"wpb_wrapper\"><div class=\"vc_icon_element vc_icon_element-outer vc_do_icon no-padding vc_icon_element-align-center vc_icon_element-have-style\"><div class=\"vc_icon_element-inner vc_icon_element-color-white vc_icon_element-have-style-inner vc_icon_element-size-md vc_icon_element-style-boxed vc_icon_element-background vc_icon_element-background-color-custom\"  style=\"background-color:#d7006d\"><span class=\"vc_icon_element-icon vc-material vc-material-language\" ><\/span><a class=\"vc_icon_element-link\" href=\"https:\/\/www.rudziniec.pl\/\"  title=\"\" target=\"_self\"><\/a><\/div><\/div><\/div><\/div><\/div><div class=\"wpb_column vc_column_container vc_col-sm-3\"><div class=\"vc_column-inner\"><div class=\"wpb_wrapper\"><div class=\"vc_icon_element vc_icon_element-outer vc_do_icon no-padding vc_icon_element-align-center vc_icon_element-have-style\"><div class=\"vc_icon_element-inner vc_icon_element-color-white vc_icon_element-have-style-inner vc_icon_element-size-md vc_icon_element-style-boxed vc_icon_element-background vc_icon_element-background-color-custom\"  style=\"background-color:#448ae9\"><span class=\"vc_icon_element-icon fa fa-facebook\" ><\/span><a class=\"vc_icon_element-link\" href=\"https:\/\/www.facebook.com\/gmina.rudziniec\/\"  title=\"\" target=\"_self\"><\/a><\/div><\/div><\/div><\/div><\/div><div class=\"wpb_column vc_column_container vc_col-sm-3\"><div class=\"vc_column-inner\"><div class=\"wpb_wrapper\"><div class=\"vc_icon_element vc_icon_element-outer vc_do_icon no-padding vc_icon_element-align-center vc_icon_element-have-style\"><div class=\"vc_icon_element-inner vc_icon_element-color-white vc_icon_element-have-style-inner vc_icon_element-size-md vc_icon_element-style-boxed vc_icon_element-background vc_icon_element-background-color-grey\" ><span class=\"vc_icon_element-icon fa fa-twitter\" ><\/span><\/div><\/div><\/div><\/div><\/div><div class=\"wpb_column vc_column_container vc_col-sm-3\"><div class=\"vc_column-inner\"><div class=\"wpb_wrapper\"><div class=\"vc_icon_element vc_icon_element-outer vc_do_icon no-padding vc_icon_element-align-center vc_icon_element-have-style\"><div class=\"vc_icon_element-inner vc_icon_element-color-white vc_icon_element-have-style-inner vc_icon_element-size-md vc_icon_element-style-boxed vc_icon_element-background vc_icon_element-background-color-custom\"  style=\"background-color:#f1563e\"><span class=\"vc_icon_element-icon fa fa-youtube-play\" ><\/span><a class=\"vc_icon_element-link\" href=\"https:\/\/www.youtube.com\/channel\/UCiziPvFyJv7QpgskjP4i_GQ\"  title=\"\" target=\"_self\"><\/a><\/div><\/div><\/div><\/div><\/div><\/div><div  class=\"wpb_widgetised_column wpb_content_element\">\n\t\t<div class=\"wpb_wrapper\">\n\t\t\t\n\t\t\t<div id=\"facebook-4\" class=\"widget_facebook widget-item widget_facebook\">\r\n\t<div class=\"sh-widget-title-styling\"><h3 class=\"widget-title\"><img decoding=\"async\" width=\"25px\" height=\"25px\" style=\"padding-right:10px;\" src=\"\/wp-content\/uploads\/gzm\/sygnet.png\">Regelm\u00e4\u00dfig<\/h3><\/div>\r\n\t\t\t<div class=\"sh-widget-facebook-item\">\r\n\t\t\t\r\n\t\t\t<div class=\"fb-page\"\r\n\t\t\t\tdata-href=\"https:\/\/www.facebook.com\/metropoliagzm\/\"\r\n\t\t\t\tdata-tabs=\"timeline, \"\r\n\t\t\t\tdata-small-header=\"1\"\r\n\t\t\t\tdata-adapt-container-width=\"true\"\r\n\t\t\t\tdata-hide-cover=\"\"\r\n\t\t\t\tdata-show-facepile=\"1\">\r\n\t\t\t<\/div>\r\n\t\t<\/div>\r\n\t\r\n<\/div>\n\t\t<\/div>\n\t<\/div>\n<\/div><\/div><\/div><\/div><div class=\"vc_row wpb_row vc_row-fluid vc_custom_1557295106361\" style=\"width: 100%; max-width: 1200px;margin-left: auto; margin-right: auto;\"><div class=\"wpb_animate_when_almost_visible wpb_bounceInDown bounceInDown wpb_column vc_column_container vc_col-sm-12\"><div class=\"vc_column-inner\"><div class=\"wpb_wrapper\"><div class=\"vc_row wpb_row vc_inner vc_row-fluid\" style=\"width: 100%; max-width: 1200px;margin-left: auto; margin-right: auto;\"><div class=\"white-background wpb_column vc_column_container vc_col-sm-12\"><div class=\"vc_column-inner\"><div class=\"wpb_wrapper\">\n        \n        \n\n        <div class=\"blog-posts-fancy-jdpMU3wGXR sh-blog-fancy\">\n            \n            <div class=\"blog-fancy-carousel-disabled blog-style-mini2 columns4\">\n                \n                            <article id=\"post-47471\" class=\"post-item post-47471 post type-post status-publish format-standard has-post-thumbnail hentry category-mieszkancy category-rudziniec\">\n                                <div class=\"post-container\">\n                                    <div class=\"post-thumbnail-mini\" alt=\"\" style=\"background-image: url( https:\/\/metropoliagzm.pl\/wp-content\/uploads\/2025\/11\/2025-11-14-Rudziniec-tekstylia-585x372.png);\">\n                                    <\/div>\n                                    <div class=\"post-container-mini\">\n                                        <div class=\"post-categories-container\">\r\n                <div class=\"post-categories\"><a style=\"border-radius: 0 !important\" href=\"\/de\/Mieszkancy\/\">Die Bewohner<\/a>, <a style=\"border-radius: 0 !important\" href=\"\/de\/Rudziniec\/\">Rudziniec<\/a><\/div>\r\n            <\/div>                                        <a href=\"https:\/\/metropoliagzm.pl\/de\/2025\/11\/14\/nie-wyrzucaj-ubran-sprawdz-gdzie-oddac-tekstylia-w-gminie-rudziniec\/\" class=\"post-title\">\n                                            <div class=\"article-header\">\n                                                                                                Nie wyrzucaj ubra\u0144! Sprawd\u017a, gdzie odda\u0107 tekstylia w gminie Rudziniec                                            <\/div>\n                                        <\/a>\n                                    <\/div>\n                                <\/div>\n                            <\/article>\n\n                        \n                            <article id=\"post-47095\" class=\"post-item post-47095 post type-post status-publish format-standard has-post-thumbnail hentry category-historia category-kultura category-mieszkancy category-rudziniec tag-centrumdeportacji tag-deportacje1945 tag-domwspolpracypolskoniemieckiej tag-fundacjapokolenie tag-gornyslask tag-historiaslaska tag-mojopatyzboldeportowany tag-pamiec tag-rudziniec tag-slazacy tag-tragediagornoslaska tag-wystawa\">\n                                <div class=\"post-container\">\n                                    <div class=\"post-thumbnail-mini\" alt=\"\" style=\"background-image: url( https:\/\/metropoliagzm.pl\/wp-content\/uploads\/2025\/08\/2025-08-08-Rudziniec-Tragedia-Gornoslaska-1-585x372.jpeg);\">\n                                    <\/div>\n                                    <div class=\"post-container-mini\">\n                                        <div class=\"post-categories-container\">\r\n                <div class=\"post-categories\"><a style=\"border-radius: 0 !important\" href=\"\/de\/Historia\/\">Historia<\/a>, <a style=\"border-radius: 0 !important\" href=\"\/de\/Kultura\/\">Kultur<\/a>, <a style=\"border-radius: 0 !important\" href=\"\/de\/Mieszkancy\/\">Die Bewohner<\/a>, <a style=\"border-radius: 0 !important\" href=\"\/de\/Rudziniec\/\">Rudziniec<\/a><\/div>\r\n            <\/div>                                        <a href=\"https:\/\/metropoliagzm.pl\/de\/2025\/08\/08\/moj-opa-tyz-bol-deportowany-wyjatkowa-wystawa-w-urzedzie-gminy-rudziniec\/\" class=\"post-title\">\n                                            <div class=\"article-header\">\n                                                                                                \u201eM\u00f3j \u014cpa ty\u017c bo\u0142 deportowany\u201d &#8211; wyj\u0105tkowa wystawa w Urz\u0119dzie Gminy Rudziniec                                            <\/div>\n                                        <\/a>\n                                    <\/div>\n                                <\/div>\n                            <\/article>\n\n                        \n                            <article id=\"post-46592\" class=\"post-item post-46592 post type-post status-publish format-standard has-post-thumbnail hentry category-mieszkancy category-rudziniec tag-edukacja tag-maturzysci tag-rudziniec tag-studenci tag-stypendium\">\n                                <div class=\"post-container\">\n                                    <div class=\"post-thumbnail-mini\" alt=\"\" style=\"background-image: url( https:\/\/metropoliagzm.pl\/wp-content\/uploads\/2025\/05\/Fundacja-JLC-Plakat-VVIII-edycja-Programu-Indeks-Start2Star-3-585x372.jpeg);\">\n                                    <\/div>\n                                    <div class=\"post-container-mini\">\n                                        <div class=\"post-categories-container\">\r\n                <div class=\"post-categories\"><a style=\"border-radius: 0 !important\" href=\"\/de\/Mieszkancy\/\">Die Bewohner<\/a>, <a style=\"border-radius: 0 !important\" href=\"\/de\/Rudziniec\/\">Rudziniec<\/a><\/div>\r\n            <\/div>                                        <a href=\"https:\/\/metropoliagzm.pl\/de\/2025\/05\/12\/stypendium-indeks-start2star-wsparcie-dla-maturzystow-na-caly-okres-studiow\/\" class=\"post-title\">\n                                            <div class=\"article-header\">\n                                                                                                Stypendium \u201eIndeks Start2Star\u201d &#8211; wsparcie dla maturzyst\u00f3w na ca\u0142y okres studi\u00f3w                                            <\/div>\n                                        <\/a>\n                                    <\/div>\n                                <\/div>\n                            <\/article>\n\n                        \n                            <article id=\"post-46194\" class=\"post-item post-46194 post type-post status-publish format-standard has-post-thumbnail hentry category-mieszkancy category-rudziniec tag-antysmog tag-cieplo tag-ekodoradca tag-ekologia tag-fotowoltaika tag-mieszkancy tag-powietrze tag-prad tag-rudziniec tag-smog\">\n                                <div class=\"post-container\">\n                                    <div class=\"post-thumbnail-mini\" alt=\"\" style=\"background-image: url( https:\/\/metropoliagzm.pl\/wp-content\/uploads\/2025\/03\/2025-03-17-Rudziniec-ekodoradca-20-03-2025_1920x1080-585x372.jpg);\">\n                                    <\/div>\n                                    <div class=\"post-container-mini\">\n                                        <div class=\"post-categories-container\">\r\n                <div class=\"post-categories\"><a style=\"border-radius: 0 !important\" href=\"\/de\/Mieszkancy\/\">Die Bewohner<\/a>, <a style=\"border-radius: 0 !important\" href=\"\/de\/Rudziniec\/\">Rudziniec<\/a><\/div>\r\n            <\/div>                                        <a href=\"https:\/\/metropoliagzm.pl\/de\/2025\/03\/17\/dyzur-ekodoradcy-w-gminie-rudziniec-20-03-2025\/\" class=\"post-title\">\n                                            <div class=\"article-header\">\n                                                                                                Dy\u017cur ekodoradcy w gminie Rudziniec: 20.03.2025                                            <\/div>\n                                        <\/a>\n                                    <\/div>\n                                <\/div>\n                            <\/article>\n\n                                    <\/div>\n                            <div class=\"widget-slide-arrows sh-carousel-buttons-styling\"><\/div>\n                    <\/div>\n\n\n\n\n\n    <\/div><\/div><\/div><\/div><\/div><\/div><\/div><\/div><div class=\"vc_row wpb_row vc_row-fluid vc_custom_1554452665739\" style=\"width: 100%; max-width: 1200px;margin-left: auto; margin-right: auto;\"><div class=\"wpb_column vc_column_container vc_col-sm-12\"><div class=\"vc_column-inner\"><div class=\"wpb_wrapper\"><div class=\"vc_row wpb_row vc_inner vc_row-fluid vc_custom_1553709184107\"><div class=\"wpb_column vc_column_container vc_col-sm-12\"><div class=\"vc_column-inner\"><div class=\"wpb_wrapper\">\n\t<div class=\"wpb_text_column wpb_content_element gzm-icon\" >\n\t\t<div class=\"wpb_wrapper\">\n\t\t\t<h2 style=\"text-align: left;\"><img loading=\"lazy\" decoding=\"async\" class=\"alignnone wp-image-2453\" src=\"\/\/metropoliagzm.pl\/wp-content\/uploads\/2019\/03\/Sygnet-strona-glowna.png\" alt=\"\" width=\"20\" height=\"25\" \/>\u00a0 <strong>Rudziniec <\/strong><\/h2>\n\n\t\t<\/div>\n\t<\/div>\n<\/div><\/div><\/div><\/div><\/div><\/div><\/div><\/div><div class=\"vc_row wpb_row vc_row-fluid vc_custom_1557296860151 vc_row-has-fill\" style=\"width: 100%; max-width: 1200px;margin-left: auto; margin-right: auto;\"><div class=\"wpb_column vc_column_container vc_col-sm-12\"><div class=\"vc_column-inner\"><div class=\"wpb_wrapper\">\n\t<div class=\"wpb_text_column wpb_content_element\" >\n\t\t<div class=\"wpb_wrapper\">\n\t\t\t<p>Rudziniec ist eine Gemeinde im Landkreis Gliwice mit einer Fl\u00e4che von 160,4 km2 und \u00fcber 10 Tsd. Einwohnern. Hier stationierte in den letzten Tagen des III. Schlesischen Aufstandes der Milit\u00e4rstab der Aufst\u00e4ndischen.<\/p>\n<p>Die Gemeinde besitzt perfekte Bedingungen f\u00fcr die Entwicklung von Tourismus und Erholungsangebot. 41,4% ihrer Fl\u00e4che nehmen W\u00e4lder ein, hier gibt es sogar drei Wasserbecken, den kleinen und gro\u00dfen P\u0142awniowice-See sowie Dzier\u017cno Du\u017ce.<\/p>\n<p>Die N\u00e4he zu Gro\u00dfst\u00e4dten beg\u00fcnstigt die Entwicklung von Agrotourismus. In der N\u00e4he von Rudziniec liegen u. a. Tarnowskie G\u00f3ry, Gliwice und Zabrze.<\/p>\n<p>In Rudziniec befindet sich die historische h\u00f6lzerne Erzengel-Michael-Kirche mit barockem Innenraum. Bemerkenswert ist auch das Kreuz vor der Kirche, das ein Denkmal f\u00fcr die im Ersten Weltkrieg gefallenen und verschollenen Einwohner von Rudziniec ist.<\/p>\n<p>Eines der erkennbarsten Orte in Rudziniec ist der Gleiwitzer Kanal, der die industriellen St\u00e4dte Oberschlesiens mit der Oder verbindet. Heute ist es eine der interessantesten touristischen Attraktionen in der Metropole GZM. An Wochenenden kann man sich hier auf eine 6 km lange Kreuzfahrt begeben, die etwas mehr als eine Stunde dauert.<\/p>\n\n\t\t<\/div>\n\t<\/div>\n<\/div><\/div><\/div><\/div><div class=\"vc_row wpb_row vc_row-fluid\" style=\"width: 100%; max-width: 1200px;margin-left: auto; margin-right: auto;\"><div class=\"wpb_column vc_column_container vc_col-sm-12\"><div class=\"vc_column-inner\"><div class=\"wpb_wrapper\"><div class=\"vc_row wpb_row vc_inner vc_row-fluid vc_custom_1553709184107\"><div class=\"wpb_column vc_column_container vc_col-sm-12\"><div class=\"vc_column-inner\"><div class=\"wpb_wrapper\">\n\t<div class=\"wpb_text_column wpb_content_element gzm-icon\" >\n\t\t<div class=\"wpb_wrapper\">\n\t\t\t<h3 style=\"text-align: left;\"><img loading=\"lazy\" decoding=\"async\" class=\"alignnone wp-image-2453\" src=\"\/\/metropoliagzm.pl\/wp-content\/uploads\/2019\/03\/Sygnet-strona-glowna.png\" alt=\"\" width=\"20\" height=\"25\" \/>\u00a0 <strong>Galeria\/video<\/strong><\/h3>\n\n\t\t<\/div>\n\t<\/div>\n<\/div><\/div><\/div><\/div><\/div><\/div><\/div><\/div><div class=\"vc_row wpb_row vc_row-fluid\" style=\"width: 100%; max-width: 1200px;margin-left: auto; margin-right: auto;\"><div class=\"wpb_column vc_column_container vc_col-sm-4\"><div class=\"vc_column-inner\"><div class=\"wpb_wrapper\">\n\t<div  class=\"wpb_single_image wpb_content_element vc_align_left wpb_content_element\">\n\t\t\n\t\t<figure class=\"wpb_wrapper vc_figure\">\n\t\t\t<a class=\"\" data-lightbox=\"lightbox[rel-46194-3537616369]\" href=\"https:\/\/metropoliagzm.pl\/wp-content\/uploads\/2019\/05\/Rudziniec-1-1024x683.jpg\" target=\"_self\"><img loading=\"lazy\" decoding=\"async\" width=\"5184\" height=\"3456\" src=\"https:\/\/metropoliagzm.pl\/wp-content\/uploads\/2019\/05\/Rudziniec-1.jpg\" class=\"vc_single_image-img attachment-full\" alt=\"\" title=\"Rudziniec 1\" srcset=\"https:\/\/metropoliagzm.pl\/wp-content\/uploads\/2019\/05\/Rudziniec-1.jpg 5184w, https:\/\/metropoliagzm.pl\/wp-content\/uploads\/2019\/05\/Rudziniec-1-300x200.jpg 300w, https:\/\/metropoliagzm.pl\/wp-content\/uploads\/2019\/05\/Rudziniec-1-768x512.jpg 768w, https:\/\/metropoliagzm.pl\/wp-content\/uploads\/2019\/05\/Rudziniec-1-1024x683.jpg 1024w, https:\/\/metropoliagzm.pl\/wp-content\/uploads\/2019\/05\/Rudziniec-1-585x390.jpg 585w\" sizes=\"auto, (max-width: 5184px) 100vw, 5184px\" \/><\/a>\n\t\t<\/figure>\n\t<\/div>\n<\/div><\/div><\/div><div class=\"wpb_column vc_column_container vc_col-sm-4\"><div class=\"vc_column-inner\"><div class=\"wpb_wrapper\">\n\t<div  class=\"wpb_single_image wpb_content_element vc_align_left wpb_content_element\">\n\t\t\n\t\t<figure class=\"wpb_wrapper vc_figure\">\n\t\t\t<a class=\"\" data-lightbox=\"lightbox[rel-46194-1823200527]\" href=\"https:\/\/metropoliagzm.pl\/wp-content\/uploads\/2019\/05\/KKrzeminski_IMG_5925-1024x683.jpg\" target=\"_self\"><img loading=\"lazy\" decoding=\"async\" width=\"5118\" height=\"3412\" src=\"https:\/\/metropoliagzm.pl\/wp-content\/uploads\/2019\/05\/KKrzeminski_IMG_5925.jpg\" class=\"vc_single_image-img attachment-full\" alt=\"\" title=\"KKrzeminski_IMG_5925\" srcset=\"https:\/\/metropoliagzm.pl\/wp-content\/uploads\/2019\/05\/KKrzeminski_IMG_5925.jpg 5118w, https:\/\/metropoliagzm.pl\/wp-content\/uploads\/2019\/05\/KKrzeminski_IMG_5925-300x200.jpg 300w, https:\/\/metropoliagzm.pl\/wp-content\/uploads\/2019\/05\/KKrzeminski_IMG_5925-768x512.jpg 768w, https:\/\/metropoliagzm.pl\/wp-content\/uploads\/2019\/05\/KKrzeminski_IMG_5925-1024x683.jpg 1024w, https:\/\/metropoliagzm.pl\/wp-content\/uploads\/2019\/05\/KKrzeminski_IMG_5925-585x390.jpg 585w\" sizes=\"auto, (max-width: 5118px) 100vw, 5118px\" \/><\/a>\n\t\t<\/figure>\n\t<\/div>\n<\/div><\/div><\/div><div class=\"wpb_column vc_column_container vc_col-sm-4\"><div class=\"vc_column-inner\"><div class=\"wpb_wrapper\">\n\t<div  class=\"wpb_single_image wpb_content_element vc_align_left wpb_content_element\">\n\t\t\n\t\t<figure class=\"wpb_wrapper vc_figure\">\n\t\t\t<a class=\"\" data-lightbox=\"lightbox[rel-46194-3287905971]\" href=\"https:\/\/metropoliagzm.pl\/wp-content\/uploads\/2019\/04\/P\u0142awniowice-7-of-8.jpg\" target=\"_self\"><img loading=\"lazy\" decoding=\"async\" width=\"1920\" height=\"1282\" src=\"https:\/\/metropoliagzm.pl\/wp-content\/uploads\/2019\/04\/P\u0142awniowice-7-of-8.jpg\" class=\"vc_single_image-img attachment-full\" alt=\"\" title=\"Rudziniec_3\" \/><\/a>\n\t\t<\/figure>\n\t<\/div>\n<\/div><\/div><\/div><\/div><div class=\"vc_row wpb_row vc_row-fluid\"><div class=\"wpb_column vc_column_container vc_col-sm-12\"><div class=\"vc_column-inner\"><div class=\"wpb_wrapper\"><div class=\"vc_empty_space\"   style=\"height: 32px\"><span class=\"vc_empty_space_inner\"><\/span><\/div>\n\t<div class=\"wpb_video_widget wpb_content_element vc_clearfix   vc_video-aspect-ratio-169 vc_video-el-width-60 vc_video-align-center\" >\n\t\t<div class=\"wpb_wrapper\">\n\t\t\t\n\t\t\t<div class=\"wpb_video_wrapper\"><iframe loading=\"lazy\" title=\"Rudziniec\" width=\"500\" height=\"281\" src=\"https:\/\/www.youtube.com\/embed\/cF497b0TnFw?feature=oembed\" frameborder=\"0\" allow=\"accelerometer; autoplay; clipboard-write; encrypted-media; gyroscope; picture-in-picture; web-share\" referrerpolicy=\"strict-origin-when-cross-origin\" allowfullscreen><\/iframe><\/div>\n\t\t<\/div>\n\t<\/div>\n<\/div><\/div><\/div><\/div><div class=\"vc_row wpb_row vc_row-fluid vc_custom_1558454048806\" style=\"width: 100%; max-width: 1200px;margin-left: auto; margin-right: auto;\"><div class=\"wpb_column vc_column_container vc_col-sm-12\"><div class=\"vc_column-inner\"><div class=\"wpb_wrapper\">\n\t<div class=\"wpb_text_column wpb_content_element gzm-icon\" >\n\t\t<div class=\"wpb_wrapper\">\n\t\t\t<h2><strong><img loading=\"lazy\" decoding=\"async\" class=\"alignnone wp-image-2453\" src=\"Wir empfehlen\" alt=\"\" width=\"20\" height=\"25\" \/>\u00a0Artyku\u0142y archiwalne<\/strong><\/h2>\n\n\t\t<\/div>\n\t<\/div>\n<div class=\"vc_row wpb_row vc_inner vc_row-fluid vc_custom_1558456984327\"><div class=\"wpb_column vc_column_container vc_col-sm-12\"><div class=\"vc_column-inner\"><div class=\"wpb_wrapper\">\r\n            \r\n                        <div class=\"sh-blog-standard-posts blog-posts-zLJV7NRmD3\">\r\n                <div class=\"sh-group blog-list blog-style-grid blog-style-grid-element blog-style-columns4 blog-dividing-line-off sh-posts-description-off\">\r\n                    \r\n\t<article id=\"post-26394\" class=\"post-item post-26394 post type-post status-publish format-standard has-post-thumbnail hentry category-mieszkancy category-rudziniec tag-rolnictwo\">\r\n\t\t<div class=\"post-container\">\r\n\r\n\t\t\t\r\n\t\t\t\t<div class=\"post-thumbnail\">\r\n\t\t\t\t\t\t\t\t\t\t\t<div class=\"sh-ratio\">\r\n\t\t\t\t\t\t\t<div class=\"sh-ratio-container\">\r\n\t\t\t\t\t\t\t\t<div class=\"sh-ratio-content\" alt=\"\" style=\"background-image: url( https:\/\/metropoliagzm.pl\/wp-content\/uploads\/2020\/07\/tractor-385681_1280-1-420x265.jpg);\"><\/div>\r\n\t\t\t\t\t\t\t<\/div>\r\n\t\t\t\t\t\t<\/div>\r\n\t\t\t\t\t\r\n\t\t\t\t\t            <a href=\"https:\/\/metropoliagzm.pl\/de\/2020\/07\/06\/co-w-wakacje-dla-dzieci-propozycje-krus\/\" class=\"post-overlay\"><\/a>\r\n        \t\t\t\t\t\t\t\t\t\t<div class=\"post-categories-container\">\r\n                <div class=\"post-categories\"><a style=\"border-radius: 0 !important\" href=\"\/de\/Mieszkancy\/\">Die Bewohner<\/a>, <a style=\"border-radius: 0 !important\" href=\"\/de\/Rudziniec\/\">Rudziniec<\/a><\/div>\r\n            <\/div>\t\t\t\t<\/div>\r\n\r\n\t\t\t\r\n\t\t\t<div class=\"post-content-container\">\r\n\t\t\t\t\r\n\t\t\t\t<a href=\"https:\/\/metropoliagzm.pl\/de\/2020\/07\/06\/co-w-wakacje-dla-dzieci-propozycje-krus\/\" class=\"post-title\">\r\n\t\t\t\t\t<div class=\"blog-post-title\">\t\t\t\t\t\t\t\t\t\tCo w wakacje dla dzieci? &#8211; propozycje KRUS\t\t\t\t\t<\/div>\t\t\t\t<\/a>\r\n\r\n\t\t\t\t\r\n        \r\n                    <div class=\"post-content\">\r\n                <p>Wakacje dzieci na wsi &nbsp;&#8211; to czas wyt\u0119\u017conej pracy i ogromnego wysi\u0142ku ich rodzic\u00f3w. Niejednokrotnie towarzyszy temu zm\u0119czenie i po\u015bpiech oraz brak wi\u0119kszej uwagi po\u015bwi\u0119canej dzieciom. Praca w gospodarstwach rolnych wykonywana jest cz\u0119sto w zmiennych warunkach atmosferycznych, w czasie upa\u0142u, du\u017cego wiatru, burz czy ulewnych&#8230;<\/p>\n            <\/div>\r\n        \r\n                    <div class=\"post-meta\">\r\n                \r\n        <div class=\"post-meta-content\">\r\n                            <span class=\"post-auhor-date\">\r\n                    <!--  -->\r\n\r\n                                            <a href=\"https:\/\/metropoliagzm.pl\/de\/2020\/07\/06\/co-w-wakacje-dla-dzieci-propozycje-krus\/\" class=\"post-date\">\r\n                                                                                        6 Juli 2020                                                    <\/a>\r\n                                    <\/span>\r\n            \r\n                        \r\n                        \r\n                        \r\n                                        <span class=\"post-readtime\">\r\n                    <i class=\"icon icon-clock\"><\/i>\r\n                    4 min <span>read<\/span>                <\/span>\r\n            \r\n                        \r\n                                        <span class=\"placeholder-post-read-later\"><\/span>\r\n                    <\/div>\r\n\r\n                <\/div>\r\n        \r\n\t\t\t<\/div>\r\n\r\n\t\t<\/div>\r\n\t<\/article>\r\n\r\n\r\n\r\n\t<article id=\"post-24704\" class=\"post-item post-24704 post type-post status-publish format-standard has-post-thumbnail hentry category-koronawirus category-kultura category-rudziniec tag-koronawirus\">\r\n\t\t<div class=\"post-container\">\r\n\r\n\t\t\t\r\n\t\t\t\t<div class=\"post-thumbnail\">\r\n\t\t\t\t\t\t\t\t\t\t\t<div class=\"sh-ratio\">\r\n\t\t\t\t\t\t\t<div class=\"sh-ratio-container\">\r\n\t\t\t\t\t\t\t\t<div class=\"sh-ratio-content\" alt=\"\" style=\"background-image: url( https:\/\/metropoliagzm.pl\/wp-content\/uploads\/2020\/05\/test-tube-5065426_1280-420x265.jpg);\"><\/div>\r\n\t\t\t\t\t\t\t<\/div>\r\n\t\t\t\t\t\t<\/div>\r\n\t\t\t\t\t\r\n\t\t\t\t\t            <a href=\"https:\/\/metropoliagzm.pl\/de\/2020\/05\/29\/koronawirus-a-imprezy-gminne\/\" class=\"post-overlay\"><\/a>\r\n        \t\t\t\t\t\t\t\t\t\t<div class=\"post-categories-container\">\r\n                <div class=\"post-categories\"><a style=\"border-radius: 0 !important\" href=\"\/de\/Koronawirus\/\">Coronavirus<\/a>, <a style=\"border-radius: 0 !important\" href=\"\/de\/Kultura\/\">Kultur<\/a>, <a style=\"border-radius: 0 !important\" href=\"\/de\/Rudziniec\/\">Rudziniec<\/a><\/div>\r\n            <\/div>\t\t\t\t<\/div>\r\n\r\n\t\t\t\r\n\t\t\t<div class=\"post-content-container\">\r\n\t\t\t\t\r\n\t\t\t\t<a href=\"https:\/\/metropoliagzm.pl\/de\/2020\/05\/29\/koronawirus-a-imprezy-gminne\/\" class=\"post-title\">\r\n\t\t\t\t\t<div class=\"blog-post-title\">\t\t\t\t\t\t\t\t\t\tKoronawirus a imprezy Gminne\t\t\t\t\t<\/div>\t\t\t\t<\/a>\r\n\r\n\t\t\t\t\r\n        \r\n                    <div class=\"post-content\">\r\n                <p>Bior\u0105c pod\u00a0 uwag\u0119 wprowadzony stan epidemii w Polsce, oraz nadal du\u017ce zagro\u017cenie na \u015al\u0105sku, podj\u0105\u0142em decyzj\u0119 o rezygnacji z imprez gminnych. W 2020 roku nie b\u0119dzie : Gminnego Rodzinnego Dnia&nbsp; Dziecka \u2013 organizowanego co roku przez nasz O\u015brodek Pomocy Spo\u0142ecznej, \u015awi\u0119ta Ognia i Wody \u201eNoc&#8230;<\/p>\n            <\/div>\r\n        \r\n                    <div class=\"post-meta\">\r\n                \r\n        <div class=\"post-meta-content\">\r\n                            <span class=\"post-auhor-date\">\r\n                    <!--  -->\r\n\r\n                                            <a href=\"https:\/\/metropoliagzm.pl\/de\/2020\/05\/29\/koronawirus-a-imprezy-gminne\/\" class=\"post-date\">\r\n                                                                                        29 Mai 2020                                                    <\/a>\r\n                                    <\/span>\r\n            \r\n                        \r\n                        \r\n                        \r\n                                        <span class=\"post-readtime\">\r\n                    <i class=\"icon icon-clock\"><\/i>\r\n                    1 min <span>read<\/span>                <\/span>\r\n            \r\n                        \r\n                                        <span class=\"placeholder-post-read-later\"><\/span>\r\n                    <\/div>\r\n\r\n                <\/div>\r\n        \r\n\t\t\t<\/div>\r\n\r\n\t\t<\/div>\r\n\t<\/article>\r\n\r\n\r\n\r\n\t<article id=\"post-24315\" class=\"post-item post-24315 post type-post status-publish format-standard has-post-thumbnail hentry category-rudziniec category-transport-publiczny tag-rozklad-jazdy\">\r\n\t\t<div class=\"post-container\">\r\n\r\n\t\t\t\r\n\t\t\t\t<div class=\"post-thumbnail\">\r\n\t\t\t\t\t\t\t\t\t\t\t<div class=\"sh-ratio\">\r\n\t\t\t\t\t\t\t<div class=\"sh-ratio-container\">\r\n\t\t\t\t\t\t\t\t<div class=\"sh-ratio-content\" alt=\"Autobus na trasie\" style=\"background-image: url( https:\/\/metropoliagzm.pl\/wp-content\/uploads\/2020\/05\/autobus-420x265.jpg);\"><\/div>\r\n\t\t\t\t\t\t\t<\/div>\r\n\t\t\t\t\t\t<\/div>\r\n\t\t\t\t\t\r\n\t\t\t\t\t            <a href=\"https:\/\/metropoliagzm.pl\/de\/2020\/05\/21\/komunikacja-w-gminie-rudziniec\/\" class=\"post-overlay\"><\/a>\r\n        \t\t\t\t\t\t\t\t\t\t<div class=\"post-categories-container\">\r\n                <div class=\"post-categories\"><a style=\"border-radius: 0 !important\" href=\"\/de\/Rudziniec\/\">Rudziniec<\/a>, <a style=\"border-radius: 0 !important\" href=\"\/de\/Transport-publiczny\/\">\u00d6ffentlicher Nahverkehr<\/a><\/div>\r\n            <\/div>\t\t\t\t<\/div>\r\n\r\n\t\t\t\r\n\t\t\t<div class=\"post-content-container\">\r\n\t\t\t\t\r\n\t\t\t\t<a href=\"https:\/\/metropoliagzm.pl\/de\/2020\/05\/21\/komunikacja-w-gminie-rudziniec\/\" class=\"post-title\">\r\n\t\t\t\t\t<div class=\"blog-post-title\">\t\t\t\t\t\t\t\t\t\tKomunikacja w Gminie Rudziniec\t\t\t\t\t<\/div>\t\t\t\t<\/a>\r\n\r\n\t\t\t\t\r\n        \r\n                    <div class=\"post-content\">\r\n                <p>Od 1 czerwca 2020 roku wracamy do rozk\u0142ad\u00f3w jazdy jak przed epidemi\u0105 koronawirusa. Aby umo\u017cliwi\u0107 uczniom udzia\u0142 w konsultacjach, egzaminach i ewentualnym powrocie do szk\u00f3\u0142, na tras\u0119 powr\u00f3c\u0105 autobusy szkolne. W szko\u0142ach i przedszkolach na uczni\u00f3w b\u0119d\u0105 czeka\u0142y bilety miesi\u0119czne. W pierwszych dniach czerwca do&#8230;<\/p>\n            <\/div>\r\n        \r\n                    <div class=\"post-meta\">\r\n                \r\n        <div class=\"post-meta-content\">\r\n                            <span class=\"post-auhor-date\">\r\n                    <!--  -->\r\n\r\n                                            <a href=\"https:\/\/metropoliagzm.pl\/de\/2020\/05\/21\/komunikacja-w-gminie-rudziniec\/\" class=\"post-date\">\r\n                                                                                        21 Mai 2020                                                    <\/a>\r\n                                    <\/span>\r\n            \r\n                        \r\n                        \r\n                        \r\n                                        <span class=\"post-readtime\">\r\n                    <i class=\"icon icon-clock\"><\/i>\r\n                    1 min <span>read<\/span>                <\/span>\r\n            \r\n                        \r\n                                        <span class=\"placeholder-post-read-later\"><\/span>\r\n                    <\/div>\r\n\r\n                <\/div>\r\n        \r\n\t\t\t<\/div>\r\n\r\n\t\t<\/div>\r\n\t<\/article>\r\n\r\n\r\n\r\n\t<article id=\"post-24247\" class=\"post-item post-24247 post type-post status-publish format-standard has-post-thumbnail hentry category-koronawirus category-rudziniec tag-koronawirus tag-przedszkole tag-szkoly tag-zlobki\">\r\n\t\t<div class=\"post-container\">\r\n\r\n\t\t\t\r\n\t\t\t\t<div class=\"post-thumbnail\">\r\n\t\t\t\t\t\t\t\t\t\t\t<div class=\"sh-ratio\">\r\n\t\t\t\t\t\t\t<div class=\"sh-ratio-container\">\r\n\t\t\t\t\t\t\t\t<div class=\"sh-ratio-content\" alt=\"\" style=\"background-image: url( https:\/\/metropoliagzm.pl\/wp-content\/uploads\/2020\/05\/black-1072366_1280-420x265.jpg);\"><\/div>\r\n\t\t\t\t\t\t\t<\/div>\r\n\t\t\t\t\t\t<\/div>\r\n\t\t\t\t\t\r\n\t\t\t\t\t            <a href=\"https:\/\/metropoliagzm.pl\/de\/2020\/05\/20\/szkoly-i-przedszkola-nadal-zamkniete\/\" class=\"post-overlay\"><\/a>\r\n        \t\t\t\t\t\t\t\t\t\t<div class=\"post-categories-container\">\r\n                <div class=\"post-categories\"><a style=\"border-radius: 0 !important\" href=\"\/de\/Koronawirus\/\">Coronavirus<\/a>, <a style=\"border-radius: 0 !important\" href=\"\/de\/Rudziniec\/\">Rudziniec<\/a><\/div>\r\n            <\/div>\t\t\t\t<\/div>\r\n\r\n\t\t\t\r\n\t\t\t<div class=\"post-content-container\">\r\n\t\t\t\t\r\n\t\t\t\t<a href=\"https:\/\/metropoliagzm.pl\/de\/2020\/05\/20\/szkoly-i-przedszkola-nadal-zamkniete\/\" class=\"post-title\">\r\n\t\t\t\t\t<div class=\"blog-post-title\">\t\t\t\t\t\t\t\t\t\tSzko\u0142y i przedszkola nadal zamkni\u0119te\t\t\t\t\t<\/div>\t\t\t\t<\/a>\r\n\r\n\t\t\t\t\r\n        \r\n                    <div class=\"post-content\">\r\n                <p>Szanowni Pa\u0144stwo, wsp\u00f3lnie z dyrektorami zespo\u0142\u00f3w szkolno-przedszkolnych w dniu 19.05.2020 r. szczeg\u00f3\u0142owo przeanalizowana zosta\u0142a mo\u017cliwo\u015b\u0107 otwarcia klas I-III oraz przedszkoli. Informuj\u0119, \u017ce ze wzgl\u0119du na du\u017ce zagro\u017cenie zaka\u017ceniem COVID-19 nie jest to mo\u017cliwe bezpieczne otwarcie szk\u00f3\u0142 i przedszkoli co najmniej do 7 czerwca 2020r. Przeprowadzone&#8230;<\/p>\n            <\/div>\r\n        \r\n                    <div class=\"post-meta\">\r\n                \r\n        <div class=\"post-meta-content\">\r\n                            <span class=\"post-auhor-date\">\r\n                    <!--  -->\r\n\r\n                                            <a href=\"https:\/\/metropoliagzm.pl\/de\/2020\/05\/20\/szkoly-i-przedszkola-nadal-zamkniete\/\" class=\"post-date\">\r\n                                                                                        20 Mai 2020                                                    <\/a>\r\n                                    <\/span>\r\n            \r\n                        \r\n                        \r\n                        \r\n                                        <span class=\"post-readtime\">\r\n                    <i class=\"icon icon-clock\"><\/i>\r\n                    1 min <span>read<\/span>                <\/span>\r\n            \r\n                        \r\n                                        <span class=\"placeholder-post-read-later\"><\/span>\r\n                    <\/div>\r\n\r\n                <\/div>\r\n        \r\n\t\t\t<\/div>\r\n\r\n\t\t<\/div>\r\n\t<\/article>\r\n\r\n\r\n\r\n\t<article id=\"post-23365\" class=\"post-item post-23365 post type-post status-publish format-standard has-post-thumbnail hentry category-gospodarka-i-inwestycje category-koronawirus category-rudziniec tag-arimr tag-hodowla tag-rolnictwo\">\r\n\t\t<div class=\"post-container\">\r\n\r\n\t\t\t\r\n\t\t\t\t<div class=\"post-thumbnail\">\r\n\t\t\t\t\t\t\t\t\t\t\t<div class=\"sh-ratio\">\r\n\t\t\t\t\t\t\t<div class=\"sh-ratio-container\">\r\n\t\t\t\t\t\t\t\t<div class=\"sh-ratio-content\" alt=\"\" style=\"background-image: url( https:\/\/metropoliagzm.pl\/wp-content\/uploads\/2020\/05\/pigs-387204_1280-420x265.jpg);\"><\/div>\r\n\t\t\t\t\t\t\t<\/div>\r\n\t\t\t\t\t\t<\/div>\r\n\t\t\t\t\t\r\n\t\t\t\t\t            <a href=\"https:\/\/metropoliagzm.pl\/de\/2020\/05\/05\/300-tys-zl-na-odtworzenie-potencjalu-produkcji-rolnej\/\" class=\"post-overlay\"><\/a>\r\n        \t\t\t\t\t\t\t\t\t\t<div class=\"post-categories-container\">\r\n                <div class=\"post-categories\"><a style=\"border-radius: 0 !important\" href=\"\/de\/Gospodarka-i-Inwestycje\/\">Wirtschaft und Investition<\/a>, <a style=\"border-radius: 0 !important\" href=\"\/de\/Koronawirus\/\">Coronavirus<\/a>, <a style=\"border-radius: 0 !important\" href=\"\/de\/Rudziniec\/\">Rudziniec<\/a><\/div>\r\n            <\/div>\t\t\t\t<\/div>\r\n\r\n\t\t\t\r\n\t\t\t<div class=\"post-content-container\">\r\n\t\t\t\t\r\n\t\t\t\t<a href=\"https:\/\/metropoliagzm.pl\/de\/2020\/05\/05\/300-tys-zl-na-odtworzenie-potencjalu-produkcji-rolnej\/\" class=\"post-title\">\r\n\t\t\t\t\t<div class=\"blog-post-title\">\t\t\t\t\t\t\t\t\t\t300 tys. z\u0142 na odtworzenie potencja\u0142u produkcji rolnej\t\t\t\t\t<\/div>\t\t\t\t<\/a>\r\n\r\n\t\t\t\t\r\n        \r\n                    <div class=\"post-content\">\r\n                <p>Od czwartku 7 maja rolnicy, kt\u00f3rzy ponie\u015bli w gospodarstwach straty spowodowane kl\u0119skami \u017cywio\u0142owymi b\u0105d\u017a wyst\u0105pieniem afryka\u0144skiego pomoru \u015bwi\u0144, mog\u0105 sk\u0142ada\u0107 w ARiMR wnioski o przyznanie pomocy w ramach dzia\u0142ania \u201eInwestycje odtwarzaj\u0105ce potencja\u0142 produkcji rolnej\u201d. \u2013 Termin naboru mija z ko\u0144cem sierpnia \u2013 informuje Pawe\u0142 Mucha,&#8230;<\/p>\n            <\/div>\r\n        \r\n                    <div class=\"post-meta\">\r\n                \r\n        <div class=\"post-meta-content\">\r\n                            <span class=\"post-auhor-date\">\r\n                    <!--  -->\r\n\r\n                                            <a href=\"https:\/\/metropoliagzm.pl\/de\/2020\/05\/05\/300-tys-zl-na-odtworzenie-potencjalu-produkcji-rolnej\/\" class=\"post-date\">\r\n                                                                                        5 Mai 2020                                                    <\/a>\r\n                                    <\/span>\r\n            \r\n                        \r\n                        \r\n                        \r\n                                        <span class=\"post-readtime\">\r\n                    <i class=\"icon icon-clock\"><\/i>\r\n                    2 min <span>read<\/span>                <\/span>\r\n            \r\n                        \r\n                                        <span class=\"placeholder-post-read-later\"><\/span>\r\n                    <\/div>\r\n\r\n                <\/div>\r\n        \r\n\t\t\t<\/div>\r\n\r\n\t\t<\/div>\r\n\t<\/article>\r\n\r\n\r\n\r\n\t<article id=\"post-23249\" class=\"post-item post-23249 post type-post status-publish format-standard has-post-thumbnail hentry category-koronawirus category-mieszkancy category-rudziniec tag-przedszkole\">\r\n\t\t<div class=\"post-container\">\r\n\r\n\t\t\t\r\n\t\t\t\t<div class=\"post-thumbnail\">\r\n\t\t\t\t\t\t\t\t\t\t\t<div class=\"sh-ratio\">\r\n\t\t\t\t\t\t\t<div class=\"sh-ratio-container\">\r\n\t\t\t\t\t\t\t\t<div class=\"sh-ratio-content\" alt=\"\" style=\"background-image: url( https:\/\/metropoliagzm.pl\/wp-content\/uploads\/2020\/04\/kindergarten-2456159_1280-420x265.jpg);\"><\/div>\r\n\t\t\t\t\t\t\t<\/div>\r\n\t\t\t\t\t\t<\/div>\r\n\t\t\t\t\t\r\n\t\t\t\t\t            <a href=\"https:\/\/metropoliagzm.pl\/de\/2020\/04\/30\/otwarcie-przedszkoli\/\" class=\"post-overlay\"><\/a>\r\n        \t\t\t\t\t\t\t\t\t\t<div class=\"post-categories-container\">\r\n                <div class=\"post-categories\"><a style=\"border-radius: 0 !important\" href=\"\/de\/Koronawirus\/\">Coronavirus<\/a>, <a style=\"border-radius: 0 !important\" href=\"\/de\/Mieszkancy\/\">Die Bewohner<\/a>, <a style=\"border-radius: 0 !important\" href=\"\/de\/Rudziniec\/\">Rudziniec<\/a><\/div>\r\n            <\/div>\t\t\t\t<\/div>\r\n\r\n\t\t\t\r\n\t\t\t<div class=\"post-content-container\">\r\n\t\t\t\t\r\n\t\t\t\t<a href=\"https:\/\/metropoliagzm.pl\/de\/2020\/04\/30\/otwarcie-przedszkoli\/\" class=\"post-title\">\r\n\t\t\t\t\t<div class=\"blog-post-title\">\t\t\t\t\t\t\t\t\t\tOtwarcie przedszkoli ?\t\t\t\t\t<\/div>\t\t\t\t<\/a>\r\n\r\n\t\t\t\t\r\n        \r\n                    <div class=\"post-content\">\r\n                <p>Wobec zapowiedzi Premiera RP, \u017ce od 6.05.2020 b\u0119d\u0105 mog\u0142y by\u0107 uruchomione przedszkola i \u017c\u0142obki i \u017ce decyzje ma podj\u0105\u0107 organ za\u0142o\u017cycielski na podstawie wytycznych Ministerstwa Zdrowia kt\u00f3re zostan\u0105 opracowane .\u00a0 Informuj\u0119, \u017ce po ukazaniu si\u0119 wytycznych i po konsultacji z Dyrektorami Szk\u00f3\u0142 podejm\u0119 stosowna decyzje&#8230;.<\/p>\n            <\/div>\r\n        \r\n                    <div class=\"post-meta\">\r\n                \r\n        <div class=\"post-meta-content\">\r\n                            <span class=\"post-auhor-date\">\r\n                    <!--  -->\r\n\r\n                                            <a href=\"https:\/\/metropoliagzm.pl\/de\/2020\/04\/30\/otwarcie-przedszkoli\/\" class=\"post-date\">\r\n                                                                                        30 April 2020                                                    <\/a>\r\n                                    <\/span>\r\n            \r\n                        \r\n                        \r\n                        \r\n                                        <span class=\"post-readtime\">\r\n                    <i class=\"icon icon-clock\"><\/i>\r\n                    1 min <span>read<\/span>                <\/span>\r\n            \r\n                        \r\n                                        <span class=\"placeholder-post-read-later\"><\/span>\r\n                    <\/div>\r\n\r\n                <\/div>\r\n        \r\n\t\t\t<\/div>\r\n\r\n\t\t<\/div>\r\n\t<\/article>\r\n\r\n\r\n\r\n\t<article id=\"post-22841\" class=\"post-item post-22841 post type-post status-publish format-standard has-post-thumbnail hentry category-gospodarka-i-inwestycje category-koronawirus category-rudziniec tag-msp\">\r\n\t\t<div class=\"post-container\">\r\n\r\n\t\t\t\r\n\t\t\t\t<div class=\"post-thumbnail\">\r\n\t\t\t\t\t\t\t\t\t\t\t<div class=\"sh-ratio\">\r\n\t\t\t\t\t\t\t<div class=\"sh-ratio-container\">\r\n\t\t\t\t\t\t\t\t<div class=\"sh-ratio-content\" alt=\"\" style=\"background-image: url( https:\/\/metropoliagzm.pl\/wp-content\/uploads\/2020\/04\/office-1574717_1280-420x265.jpg);\"><\/div>\r\n\t\t\t\t\t\t\t<\/div>\r\n\t\t\t\t\t\t<\/div>\r\n\t\t\t\t\t\r\n\t\t\t\t\t            <a href=\"https:\/\/metropoliagzm.pl\/de\/2020\/04\/23\/rudziniec-pomaga-przedsiebiorcom\/\" class=\"post-overlay\"><\/a>\r\n        \t\t\t\t\t\t\t\t\t\t<div class=\"post-categories-container\">\r\n                <div class=\"post-categories\"><a style=\"border-radius: 0 !important\" href=\"\/de\/Gospodarka-i-Inwestycje\/\">Wirtschaft und Investition<\/a>, <a style=\"border-radius: 0 !important\" href=\"\/de\/Koronawirus\/\">Coronavirus<\/a>, <a style=\"border-radius: 0 !important\" href=\"\/de\/Rudziniec\/\">Rudziniec<\/a><\/div>\r\n            <\/div>\t\t\t\t<\/div>\r\n\r\n\t\t\t\r\n\t\t\t<div class=\"post-content-container\">\r\n\t\t\t\t\r\n\t\t\t\t<a href=\"https:\/\/metropoliagzm.pl\/de\/2020\/04\/23\/rudziniec-pomaga-przedsiebiorcom\/\" class=\"post-title\">\r\n\t\t\t\t\t<div class=\"blog-post-title\">\t\t\t\t\t\t\t\t\t\tRudziniec pomaga przedsi\u0119biorcom\t\t\t\t\t<\/div>\t\t\t\t<\/a>\r\n\r\n\t\t\t\t\r\n        \r\n                    <div class=\"post-content\">\r\n                <p>20 kwietnia Rada Gminy Rudziniec na wniosek W\u00f3jta podj\u0119\u0142a uchwa\u0142\u0119 w sprawie zwolnie\u0144 z podatku od nieruchomo\u015bci. Tre\u015b\u0107 tej uchwa\u0142y mo\u017cemy znale\u017a\u0107 >>TUTAJ&lt;&lt; Ta uchwa\u0142a to ca\u0142kowite zwolnienie z podatk\u00f3w za drugi kwarta\u0142 2020r. poszczeg\u00f3lnych grup przedsi\u0119biorc\u00f3w kt\u00f3rzy najbardziej odczuwaj\u0105 skutki koronawirusa i zgodnie z&#8230;<\/p>\n            <\/div>\r\n        \r\n                    <div class=\"post-meta\">\r\n                \r\n        <div class=\"post-meta-content\">\r\n                            <span class=\"post-auhor-date\">\r\n                    <!--  -->\r\n\r\n                                            <a href=\"https:\/\/metropoliagzm.pl\/de\/2020\/04\/23\/rudziniec-pomaga-przedsiebiorcom\/\" class=\"post-date\">\r\n                                                                                        23 April 2020                                                    <\/a>\r\n                                    <\/span>\r\n            \r\n                        \r\n                        \r\n                        \r\n                                        <span class=\"post-readtime\">\r\n                    <i class=\"icon icon-clock\"><\/i>\r\n                    1 min <span>read<\/span>                <\/span>\r\n            \r\n                        \r\n                                        <span class=\"placeholder-post-read-later\"><\/span>\r\n                    <\/div>\r\n\r\n                <\/div>\r\n        \r\n\t\t\t<\/div>\r\n\r\n\t\t<\/div>\r\n\t<\/article>\r\n\r\n\r\n\r\n\t<article id=\"post-22134\" class=\"post-item post-22134 post type-post status-publish format-standard has-post-thumbnail hentry category-koronawirus category-rudziniec category-transport-publiczny\">\r\n\t\t<div class=\"post-container\">\r\n\r\n\t\t\t\r\n\t\t\t\t<div class=\"post-thumbnail\">\r\n\t\t\t\t\t\t\t\t\t\t\t<div class=\"sh-ratio\">\r\n\t\t\t\t\t\t\t<div class=\"sh-ratio-container\">\r\n\t\t\t\t\t\t\t\t<div class=\"sh-ratio-content\" alt=\"\" style=\"background-image: url( https:\/\/metropoliagzm.pl\/wp-content\/uploads\/2020\/04\/bus-4503533_1280-420x265.png);\"><\/div>\r\n\t\t\t\t\t\t\t<\/div>\r\n\t\t\t\t\t\t<\/div>\r\n\t\t\t\t\t\r\n\t\t\t\t\t            <a href=\"https:\/\/metropoliagzm.pl\/de\/2020\/04\/10\/zmiany-w-funkcjonowaniu-komunikacji-lokalnej-gtv-bus\/\" class=\"post-overlay\"><\/a>\r\n        \t\t\t\t\t\t\t\t\t\t<div class=\"post-categories-container\">\r\n                <div class=\"post-categories\"><a style=\"border-radius: 0 !important\" href=\"\/de\/Koronawirus\/\">Coronavirus<\/a>, <a style=\"border-radius: 0 !important\" href=\"\/de\/Rudziniec\/\">Rudziniec<\/a>, <a style=\"border-radius: 0 !important\" href=\"\/de\/Transport-publiczny\/\">\u00d6ffentlicher Nahverkehr<\/a><\/div>\r\n            <\/div>\t\t\t\t<\/div>\r\n\r\n\t\t\t\r\n\t\t\t<div class=\"post-content-container\">\r\n\t\t\t\t\r\n\t\t\t\t<a href=\"https:\/\/metropoliagzm.pl\/de\/2020\/04\/10\/zmiany-w-funkcjonowaniu-komunikacji-lokalnej-gtv-bus\/\" class=\"post-title\">\r\n\t\t\t\t\t<div class=\"blog-post-title\">\t\t\t\t\t\t\t\t\t\tZmiany w funkcjonowaniu komunikacji lokalnej GTV BUS\t\t\t\t\t<\/div>\t\t\t\t<\/a>\r\n\r\n\t\t\t\t\r\n        \r\n                    <div class=\"post-content\">\r\n                <p>ODDZIA\u0141 GLIWICE \u2013 FUNKCJONOWANIE KOMUNIKACJI LOKALNEJ GTV BUS W OKRESIE \u015aWI\u0104T WIELKANOCNYCH A.D. 2020. Informujemy P.T. Podr\u00f3\u017cnych, \u017ce komunikacja GTV BUS w okresie \u015awi\u0105t Wielkanocnych 2020 w oddziale GLIWICE b\u0119dzie funkcjonowa\u0142a wed\u0142ug specjalnego planu, co jest zwi\u0105zane z zaleceniami ministerstwa zdrowia w zakresie ograniczonego przemieszczania&#8230;<\/p>\n            <\/div>\r\n        \r\n                    <div class=\"post-meta\">\r\n                \r\n        <div class=\"post-meta-content\">\r\n                            <span class=\"post-auhor-date\">\r\n                    <!--  -->\r\n\r\n                                            <a href=\"https:\/\/metropoliagzm.pl\/de\/2020\/04\/10\/zmiany-w-funkcjonowaniu-komunikacji-lokalnej-gtv-bus\/\" class=\"post-date\">\r\n                                                                                        10 April 2020                                                    <\/a>\r\n                                    <\/span>\r\n            \r\n                        \r\n                        \r\n                        \r\n                                        <span class=\"post-readtime\">\r\n                    <i class=\"icon icon-clock\"><\/i>\r\n                    2 min <span>read<\/span>                <\/span>\r\n            \r\n                        \r\n                                        <span class=\"placeholder-post-read-later\"><\/span>\r\n                    <\/div>\r\n\r\n                <\/div>\r\n        \r\n\t\t\t<\/div>\r\n\r\n\t\t<\/div>\r\n\t<\/article>\r\n\r\n\r\n                <\/div>\r\n\r\n                                    <div class=\"sh-load-more\"\r\n    \t\t\t\tdata-categories=\"222\"\r\n    \t\t\t\tdata-post-style=\"grid\"\r\n    \t\t\t\tdata-posts-per-page=\"8\"\r\n    \t\t\t\tdata-paged=\"2\"\r\n                    style=\"padding: 5px 20px !important; width:200px; margin: 10px auto;\"\r\n                    data-id=\"blog-posts-zLJV7NRmD3\">\r\n<img decoding=\"async\" alt=\"zaladuj-wiecej\" style=\"width: 35px\" src=\"\/wp-content\/uploads\/2019\/05\/expand.png\" \/>&nbsp;&nbsp;Load more    \t\t\t\t<\/div>\r\n                \r\n            <\/div>\r\n\r\n        <\/div><\/div><\/div><\/div><\/div><\/div><\/div><\/div><div class=\"vc_row wpb_row vc_row-fluid vc_custom_1554452691247\" style=\"width: 100%; max-width: 1200px;margin-left: auto; margin-right: auto;\"><div class=\"wpb_column vc_column_container vc_col-sm-12\"><div class=\"vc_column-inner\"><div class=\"wpb_wrapper\">\n\t<div class=\"wpb_text_column wpb_content_element gzm-icon\" >\n\t\t<div class=\"wpb_wrapper\">\n\t\t\t<h2><strong><img loading=\"lazy\" decoding=\"async\" class=\"alignnone wp-image-2453\" src=\"Wir empfehlen\" alt=\"\" width=\"20\" height=\"25\" \/>\u00a0 Derzeit in der Metropole<\/strong><\/h2>\n\n\t\t<\/div>\n\t<\/div>\n<\/div><\/div><\/div><\/div><div class=\"vc_row wpb_row vc_row-fluid vc_custom_1554452715103\" style=\"width: 100%; max-width: 1200px;margin-left: auto; margin-right: auto;\"><div class=\"wpb_column vc_column_container vc_col-sm-4 vc_col-xs-12\"><div class=\"vc_column-inner vc_custom_1554375173215\"><div class=\"wpb_wrapper\">\n\t<div  class=\"wpb_single_image wpb_content_element vc_align_left wpb_content_element\">\n\t\t\n\t\t<figure class=\"wpb_wrapper vc_figure\">\n\t\t\t<a href=\"\/de\/kolej-metropolitalna\/\" target=\"_self\" class=\"vc_single_image-wrapper   vc_box_border_grey\"><img loading=\"lazy\" decoding=\"async\" width=\"900\" height=\"602\" src=\"https:\/\/metropoliagzm.pl\/wp-content\/uploads\/2019\/05\/3-kafle_900x602-2-1.png\" class=\"vc_single_image-img attachment-full\" alt=\"\" title=\"3 kafle_900x602-2-1\" srcset=\"https:\/\/metropoliagzm.pl\/wp-content\/uploads\/2019\/05\/3-kafle_900x602-2-1.png 900w, https:\/\/metropoliagzm.pl\/wp-content\/uploads\/2019\/05\/3-kafle_900x602-2-1-300x201.png 300w, https:\/\/metropoliagzm.pl\/wp-content\/uploads\/2019\/05\/3-kafle_900x602-2-1-768x514.png 768w, https:\/\/metropoliagzm.pl\/wp-content\/uploads\/2019\/05\/3-kafle_900x602-2-1-585x391.png 585w\" sizes=\"auto, (max-width: 900px) 100vw, 900px\" \/><\/a>\n\t\t<\/figure>\n\t<\/div>\n<\/div><\/div><\/div><div class=\"wpb_column vc_column_container vc_col-sm-4 vc_col-xs-12\"><div class=\"vc_column-inner vc_custom_1554375194636\"><div class=\"wpb_wrapper\">\n\t<div  class=\"wpb_single_image wpb_content_element vc_align_left wpb_content_element\">\n\t\t\n\t\t<figure class=\"wpb_wrapper vc_figure\">\n\t\t\t<a href=\"\/de\/rower-metropolitalny\/\" target=\"_self\" class=\"vc_single_image-wrapper   vc_box_border_grey\"><img loading=\"lazy\" decoding=\"async\" width=\"900\" height=\"602\" src=\"https:\/\/metropoliagzm.pl\/wp-content\/uploads\/2019\/05\/3-kafle_900x602-3-1.png\" class=\"vc_single_image-img attachment-full\" alt=\"\" title=\"3 kafle_900x602-3-1\" srcset=\"https:\/\/metropoliagzm.pl\/wp-content\/uploads\/2019\/05\/3-kafle_900x602-3-1.png 900w, https:\/\/metropoliagzm.pl\/wp-content\/uploads\/2019\/05\/3-kafle_900x602-3-1-300x201.png 300w, https:\/\/metropoliagzm.pl\/wp-content\/uploads\/2019\/05\/3-kafle_900x602-3-1-768x514.png 768w, https:\/\/metropoliagzm.pl\/wp-content\/uploads\/2019\/05\/3-kafle_900x602-3-1-585x391.png 585w\" sizes=\"auto, (max-width: 900px) 100vw, 900px\" \/><\/a>\n\t\t<\/figure>\n\t<\/div>\n<\/div><\/div><\/div><div class=\"wpb_column vc_column_container vc_col-sm-4 vc_col-xs-12\"><div class=\"vc_column-inner vc_custom_1554375210686\"><div class=\"wpb_wrapper\">\n\t<div  class=\"wpb_single_image wpb_content_element vc_align_left wpb_content_element\">\n\t\t\n\t\t<figure class=\"wpb_wrapper vc_figure\">\n\t\t\t<a href=\"\/de\/drony\/\" target=\"_self\" class=\"vc_single_image-wrapper   vc_box_border_grey\"><img loading=\"lazy\" decoding=\"async\" width=\"900\" height=\"602\" src=\"https:\/\/metropoliagzm.pl\/wp-content\/uploads\/2019\/05\/3-kafle_900x602-4.png\" class=\"vc_single_image-img attachment-full\" alt=\"\" title=\"3 kafle_900x602-4\" srcset=\"https:\/\/metropoliagzm.pl\/wp-content\/uploads\/2019\/05\/3-kafle_900x602-4.png 900w, https:\/\/metropoliagzm.pl\/wp-content\/uploads\/2019\/05\/3-kafle_900x602-4-300x201.png 300w, https:\/\/metropoliagzm.pl\/wp-content\/uploads\/2019\/05\/3-kafle_900x602-4-768x514.png 768w, https:\/\/metropoliagzm.pl\/wp-content\/uploads\/2019\/05\/3-kafle_900x602-4-585x391.png 585w\" sizes=\"auto, (max-width: 900px) 100vw, 900px\" \/><\/a>\n\t\t<\/figure>\n\t<\/div>\n<\/div><\/div><\/div><\/div>\n<div class=\"post-author\" style=\"font-size:13px\">admin tresc<\/div><\/div><\/div>","protected":false},"excerpt":{"rendered":"<p>Witold Tr\u00f3lka<\/p>","protected":false},"author":161,"featured_media":0,"parent":0,"menu_order":0,"comment_status":"closed","ping_status":"closed","template":"","meta":{"_acf_changed":false,"footnotes":""},"class_list":["post-2996","page","type-page","status-publish","hentry"],"acf":[],"yoast_head":"<!-- This site is optimized with the Yoast SEO plugin v27.4 - https:\/\/yoast.com\/product\/yoast-seo-wordpress\/ -->\n<title>Rudziniec - Metropolia GZM<\/title>\n<meta name=\"robots\" content=\"index, follow, max-snippet:-1, max-image-preview:large, max-video-preview:-1\" \/>\n<link rel=\"canonical\" href=\"https:\/\/metropoliagzm.pl\/de\/rudziniec\/\" \/>\n<meta name=\"twitter:card\" content=\"summary_large_image\" \/>\n<meta name=\"twitter:title\" content=\"Rudziniec - Metropolia GZM\" \/>\n<meta name=\"twitter:description\" content=\"Witold Tr\u00f3lka\" \/>\n<meta name=\"twitter:image\" content=\"\/\/metropoliagzm.pl\/wp-content\/uploads\/2019\/03\/Sygnet-strona-glowna.png\" \/>\n<meta name=\"twitter:label1\" content=\"Gesch\u00e4tzte Lesezeit\" \/>\n\t<meta name=\"twitter:data1\" content=\"3\u00a0Minuten\" \/>\n<script type=\"application\/ld+json\" class=\"yoast-schema-graph\">{\"@context\":\"https:\\\/\\\/schema.org\",\"@graph\":[{\"@type\":\"WebPage\",\"@id\":\"https:\\\/\\\/metropoliagzm.pl\\\/de\\\/rudziniec\\\/\",\"url\":\"https:\\\/\\\/metropoliagzm.pl\\\/de\\\/rudziniec\\\/\",\"name\":\"Rudziniec - Metropolia GZM\",\"isPartOf\":{\"@id\":\"https:\\\/\\\/metropoliagzm.pl\\\/en\\\/#website\"},\"primaryImageOfPage\":{\"@id\":\"https:\\\/\\\/metropoliagzm.pl\\\/de\\\/rudziniec\\\/#primaryimage\"},\"image\":{\"@id\":\"https:\\\/\\\/metropoliagzm.pl\\\/de\\\/rudziniec\\\/#primaryimage\"},\"thumbnailUrl\":\"https:\\\/\\\/metropoliagzm.pl\\\/wp-content\\\/uploads\\\/2019\\\/03\\\/Sygnet-strona-glowna.png\",\"datePublished\":\"2019-04-23T09:28:19+00:00\",\"dateModified\":\"2021-06-09T10:53:59+00:00\",\"breadcrumb\":{\"@id\":\"https:\\\/\\\/metropoliagzm.pl\\\/de\\\/rudziniec\\\/#breadcrumb\"},\"inLanguage\":\"de\",\"potentialAction\":[{\"@type\":\"ReadAction\",\"target\":[\"https:\\\/\\\/metropoliagzm.pl\\\/de\\\/rudziniec\\\/\"]}]},{\"@type\":\"ImageObject\",\"inLanguage\":\"de\",\"@id\":\"https:\\\/\\\/metropoliagzm.pl\\\/de\\\/rudziniec\\\/#primaryimage\",\"url\":\"https:\\\/\\\/metropoliagzm.pl\\\/wp-content\\\/uploads\\\/2019\\\/03\\\/Sygnet-strona-glowna.png\",\"contentUrl\":\"https:\\\/\\\/metropoliagzm.pl\\\/wp-content\\\/uploads\\\/2019\\\/03\\\/Sygnet-strona-glowna.png\"},{\"@type\":\"BreadcrumbList\",\"@id\":\"https:\\\/\\\/metropoliagzm.pl\\\/de\\\/rudziniec\\\/#breadcrumb\",\"itemListElement\":[{\"@type\":\"ListItem\",\"position\":1,\"name\":\"Strona g\u0142\u00f3wna\",\"item\":\"https:\\\/\\\/metropoliagzm.pl\\\/\"},{\"@type\":\"ListItem\",\"position\":2,\"name\":\"Rudziniec\"}]},{\"@type\":\"WebSite\",\"@id\":\"https:\\\/\\\/metropoliagzm.pl\\\/en\\\/#website\",\"url\":\"https:\\\/\\\/metropoliagzm.pl\\\/en\\\/\",\"name\":\"Metropolia GZM\",\"description\":\"Oficjalny portal G\u00f3rno\u015bl\u0105sko-Zag\u0142\u0119biowskiej Metropolii\",\"publisher\":{\"@id\":\"https:\\\/\\\/metropoliagzm.pl\\\/en\\\/#organization\"},\"potentialAction\":[{\"@type\":\"SearchAction\",\"target\":{\"@type\":\"EntryPoint\",\"urlTemplate\":\"https:\\\/\\\/metropoliagzm.pl\\\/en\\\/?s={search_term_string}\"},\"query-input\":{\"@type\":\"PropertyValueSpecification\",\"valueRequired\":true,\"valueName\":\"search_term_string\"}}],\"inLanguage\":\"de\"},{\"@type\":\"Organization\",\"@id\":\"https:\\\/\\\/metropoliagzm.pl\\\/en\\\/#organization\",\"name\":\"Metropolia GZM\",\"url\":\"https:\\\/\\\/metropoliagzm.pl\\\/en\\\/\",\"logo\":{\"@type\":\"ImageObject\",\"inLanguage\":\"de\",\"@id\":\"https:\\\/\\\/metropoliagzm.pl\\\/en\\\/#\\\/schema\\\/logo\\\/image\\\/\",\"url\":\"https:\\\/\\\/metropoliagzm.pl\\\/wp-content\\\/uploads\\\/2019\\\/03\\\/Sygnet-strona-glowna.png\",\"contentUrl\":\"https:\\\/\\\/metropoliagzm.pl\\\/wp-content\\\/uploads\\\/2019\\\/03\\\/Sygnet-strona-glowna.png\",\"width\":36,\"height\":45,\"caption\":\"Metropolia GZM\"},\"image\":{\"@id\":\"https:\\\/\\\/metropoliagzm.pl\\\/en\\\/#\\\/schema\\\/logo\\\/image\\\/\"}}]}<\/script>\n<!-- \/ Yoast SEO plugin. -->","yoast_head_json":{"title":"Rudziniec - Metropolia GZM","robots":{"index":"index","follow":"follow","max-snippet":"max-snippet:-1","max-image-preview":"max-image-preview:large","max-video-preview":"max-video-preview:-1"},"canonical":"https:\/\/metropoliagzm.pl\/de\/rudziniec\/","twitter_card":"summary_large_image","twitter_title":"Rudziniec - Metropolia GZM","twitter_description":"Witold Tr\u00f3lka","twitter_image":"\/\/metropoliagzm.pl\/wp-content\/uploads\/2019\/03\/Sygnet-strona-glowna.png","twitter_misc":{"Gesch\u00e4tzte Lesezeit":"3\u00a0Minuten"},"schema":{"@context":"https:\/\/schema.org","@graph":[{"@type":"WebPage","@id":"https:\/\/metropoliagzm.pl\/de\/rudziniec\/","url":"https:\/\/metropoliagzm.pl\/de\/rudziniec\/","name":"Rudziniec - Metropolia GZM","isPartOf":{"@id":"https:\/\/metropoliagzm.pl\/en\/#website"},"primaryImageOfPage":{"@id":"https:\/\/metropoliagzm.pl\/de\/rudziniec\/#primaryimage"},"image":{"@id":"https:\/\/metropoliagzm.pl\/de\/rudziniec\/#primaryimage"},"thumbnailUrl":"https:\/\/metropoliagzm.pl\/wp-content\/uploads\/2019\/03\/Sygnet-strona-glowna.png","datePublished":"2019-04-23T09:28:19+00:00","dateModified":"2021-06-09T10:53:59+00:00","breadcrumb":{"@id":"https:\/\/metropoliagzm.pl\/de\/rudziniec\/#breadcrumb"},"inLanguage":"de","potentialAction":[{"@type":"ReadAction","target":["https:\/\/metropoliagzm.pl\/de\/rudziniec\/"]}]},{"@type":"ImageObject","inLanguage":"de","@id":"https:\/\/metropoliagzm.pl\/de\/rudziniec\/#primaryimage","url":"https:\/\/metropoliagzm.pl\/wp-content\/uploads\/2019\/03\/Sygnet-strona-glowna.png","contentUrl":"https:\/\/metropoliagzm.pl\/wp-content\/uploads\/2019\/03\/Sygnet-strona-glowna.png"},{"@type":"BreadcrumbList","@id":"https:\/\/metropoliagzm.pl\/de\/rudziniec\/#breadcrumb","itemListElement":[{"@type":"ListItem","position":1,"name":"Strona g\u0142\u00f3wna","item":"https:\/\/metropoliagzm.pl\/"},{"@type":"ListItem","position":2,"name":"Rudziniec"}]},{"@type":"WebSite","@id":"https:\/\/metropoliagzm.pl\/en\/#website","url":"https:\/\/metropoliagzm.pl\/en\/","name":"Metropolia GZM","description":"Oficjalny portal G\u00f3rno\u015bl\u0105sko-Zag\u0142\u0119biowskiej Metropolii","publisher":{"@id":"https:\/\/metropoliagzm.pl\/en\/#organization"},"potentialAction":[{"@type":"SearchAction","target":{"@type":"EntryPoint","urlTemplate":"https:\/\/metropoliagzm.pl\/en\/?s={search_term_string}"},"query-input":{"@type":"PropertyValueSpecification","valueRequired":true,"valueName":"search_term_string"}}],"inLanguage":"de"},{"@type":"Organization","@id":"https:\/\/metropoliagzm.pl\/en\/#organization","name":"Metropolia GZM","url":"https:\/\/metropoliagzm.pl\/en\/","logo":{"@type":"ImageObject","inLanguage":"de","@id":"https:\/\/metropoliagzm.pl\/en\/#\/schema\/logo\/image\/","url":"https:\/\/metropoliagzm.pl\/wp-content\/uploads\/2019\/03\/Sygnet-strona-glowna.png","contentUrl":"https:\/\/metropoliagzm.pl\/wp-content\/uploads\/2019\/03\/Sygnet-strona-glowna.png","width":36,"height":45,"caption":"Metropolia GZM"},"image":{"@id":"https:\/\/metropoliagzm.pl\/en\/#\/schema\/logo\/image\/"}}]}},"_links":{"self":[{"href":"https:\/\/metropoliagzm.pl\/de\/wp-json\/wp\/v2\/pages\/2996","targetHints":{"allow":["GET"]}}],"collection":[{"href":"https:\/\/metropoliagzm.pl\/de\/wp-json\/wp\/v2\/pages"}],"about":[{"href":"https:\/\/metropoliagzm.pl\/de\/wp-json\/wp\/v2\/types\/page"}],"author":[{"embeddable":true,"href":"https:\/\/metropoliagzm.pl\/de\/wp-json\/wp\/v2\/users\/161"}],"replies":[{"embeddable":true,"href":"https:\/\/metropoliagzm.pl\/de\/wp-json\/wp\/v2\/comments?post=2996"}],"version-history":[{"count":23,"href":"https:\/\/metropoliagzm.pl\/de\/wp-json\/wp\/v2\/pages\/2996\/revisions"}],"predecessor-version":[{"id":35660,"href":"https:\/\/metropoliagzm.pl\/de\/wp-json\/wp\/v2\/pages\/2996\/revisions\/35660"}],"wp:attachment":[{"href":"https:\/\/metropoliagzm.pl\/de\/wp-json\/wp\/v2\/media?parent=2996"}],"curies":[{"name":"wp","href":"https:\/\/api.w.org\/{rel}","templated":true}]}}