{"id":2948,"date":"2019-04-23T10:39:36","date_gmt":"2019-04-23T08:39:36","guid":{"rendered":"https:\/\/wpgzm.dev.euvic.pl\/?page_id=2948"},"modified":"2021-06-09T12:23:05","modified_gmt":"2021-06-09T10:23:05","slug":"gieraltowice","status":"publish","type":"page","link":"https:\/\/metropoliagzm.pl\/en\/gieraltowice\/","title":{"rendered":"Giera\u0142towice"},"content":{"rendered":"<div class=\"wpb-content-wrapper\"><div class=\"pdf-block\"><div class=\"pdfprnt-buttons  pdfprnt-new pdfprnt-buttons-page pdfprnt-top-right\"><div class=\"jssocials-share jssocials-share-twitter\"><a target=\"_blank\" href=\"https:\/\/twitter.com\/share?url=https:\/\/metropoliagzm.pl\/en\/wp-json\/wp\/v2\/pages\/2948;text=2948\" class=\"jssocials-share-link\"><i class=\"fa fa-twitter jssocials-share-logo\"><\/i><\/a><\/div><div class=\"jssocials-share jssocials-share-facebook\"><a target=\"_blank\" href=\"https:\/\/facebook.com\/sharer\/sharer.php?u=https:\/\/metropoliagzm.pl\/en\/wp-json\/wp\/v2\/pages\/2948\" class=\"jssocials-share-link\"><i class=\"fa fa-facebook jssocials-share-logo\"><\/i><\/a><\/div><div class=\"jssocials-share jssocials-share-pinterest\"><a target=\"_blank\" href=\"https:\/\/pinterest.com\/pin\/create\/bookmarklet\/?&amp;url=https:\/\/metropoliagzm.pl\/en\/wp-json\/wp\/v2\/pages\/2948;description=2948\" class=\"jssocials-share-link\"><i class=\"fa fa-pinterest jssocials-share-logo\"><\/i><\/a><\/div><a href=\"https:\/\/metropoliagzm.pl\/en\/wp-json\/wp\/v2\/pages\/2948?print=pdf\" class=\"pdfprnt-button pdfprnt-button-pdf\" target=\"_blank\"><img decoding=\"async\" src=\"https:\/\/metropoliagzm.pl\/wp-content\/plugins\/pdf-print\/images\/pdf.png\" alt=\"image_pdf\" title=\"View PDF\" \/><\/a><a href=\"https:\/\/metropoliagzm.pl\/en\/wp-json\/wp\/v2\/pages\/2948?print=print\" class=\"pdfprnt-button pdfprnt-button-print\" target=\"_blank\"><img decoding=\"async\" src=\"https:\/\/metropoliagzm.pl\/wp-content\/plugins\/pdf-print\/images\/print.png\" alt=\"image_print\" title=\"Print Content\" \/><\/a><\/div><\/div><div class=\"post-block-pdf\"><div class=\"pdfprnt-buttons pdfprnt-buttons-page pdfprnt-top-right\"><a href=\"https:\/\/metropoliagzm.pl\/en\/wp-json\/wp\/v2\/pages\/2948?print=pdf\" class=\"pdfprnt-button pdfprnt-button-pdf\" target=\"_blank\"><img decoding=\"async\" src=\"https:\/\/metropoliagzm.pl\/wp-content\/plugins\/pdf-print\/images\/pdf.png\" alt=\"image_pdf\" title=\"View PDF\" \/><\/a><a href=\"https:\/\/metropoliagzm.pl\/en\/wp-json\/wp\/v2\/pages\/2948?print=print\" class=\"pdfprnt-button pdfprnt-button-print\" target=\"_blank\"><img decoding=\"async\" src=\"https:\/\/metropoliagzm.pl\/wp-content\/plugins\/pdf-print\/images\/print.png\" alt=\"image_print\" title=\"Print Content\" \/><\/a><\/div><div class=\"vc_row wpb_row vc_row-fluid\"><div class=\"wdn-text-hidden wpb_column vc_column_container vc_col-sm-12\"><div class=\"vc_column-inner\"><div class=\"wpb_wrapper\">\n\t<div class=\"wpb_text_column wpb_content_element\" >\n\t\t<div class=\"wpb_wrapper\">\n\t\t\t<h1>Giera\u0142towice<\/h1>\n\n\t\t<\/div>\n\t<\/div>\n<\/div><\/div><\/div><\/div><div class=\"vc_row wpb_row vc_row-fluid\" style=\"width: 100%; max-width: 1200px;margin-left: auto; margin-right: auto;\"><div class=\"wpb_column vc_column_container vc_col-sm-12\"><div class=\"vc_column-inner\"><div class=\"wpb_wrapper\">\n\t<div  class=\"wpb_single_image wpb_content_element vc_align_left wpb_content_element  image-with-max-height\">\n\t\t\n\t\t<figure class=\"wpb_wrapper vc_figure\">\n\t\t\t<div class=\"vc_single_image-wrapper   vc_box_border_grey\"><img loading=\"lazy\" decoding=\"async\" width=\"1200\" height=\"500\" src=\"https:\/\/metropoliagzm.pl\/wp-content\/uploads\/2019\/09\/11.png\" class=\"vc_single_image-img attachment-full\" alt=\"\" title=\"11\" srcset=\"https:\/\/metropoliagzm.pl\/wp-content\/uploads\/2019\/09\/11.png 1200w, https:\/\/metropoliagzm.pl\/wp-content\/uploads\/2019\/09\/11-300x125.png 300w, https:\/\/metropoliagzm.pl\/wp-content\/uploads\/2019\/09\/11-768x320.png 768w, https:\/\/metropoliagzm.pl\/wp-content\/uploads\/2019\/09\/11-1024x427.png 1024w, https:\/\/metropoliagzm.pl\/wp-content\/uploads\/2019\/09\/11-585x244.png 585w\" sizes=\"auto, (max-width: 1200px) 100vw, 1200px\" \/><\/div>\n\t\t<\/figure>\n\t<\/div>\n<\/div><\/div><\/div><\/div><div class=\"vc_row wpb_row vc_row-fluid\"><div class=\"wdn-text-hidden wpb_column vc_column_container vc_col-sm-12\"><div class=\"vc_column-inner\"><div class=\"wpb_wrapper\">\n\t<div class=\"wpb_text_column wpb_content_element\" >\n\t\t<div class=\"wpb_wrapper\">\n\t\t\t<h2>Informacje<\/h2>\n\n\t\t<\/div>\n\t<\/div>\n<\/div><\/div><\/div><\/div><div class=\"vc_row wpb_row vc_row-fluid\" style=\"width: 100%; max-width: 1200px;margin-left: auto; margin-right: auto;\"><div class=\"wpb_animate_when_almost_visible wpb_bounceInLeft bounceInLeft wpb_column vc_column_container vc_col-sm-9\"><div class=\"vc_column-inner vc_custom_1553703397287\"><div class=\"wpb_wrapper\">\n\n\n        <script type=\"text\/javascript\">\n            jQuery(document).ready(function($) {\n\n                                                                            if ($.isFunction($.fn.slick)) {\n                                                                            $('.blog-slider-hpOw0GqMVU').slick({\n                                            \n                                            autoplay: false,\n                                            autoplaySpeed: 6000,\n\n                                            dots: false,\n                                            arrows: true,\n                                            swipe: true,\n                                            swipeToSlide: true,\n                                            cssEase: 'cubic-bezier(0.445, 0.05, 0.55, 0.95)',\n                                            appendDots: $('.blog-slider-hpOw0GqMVU .blog-slider-dots'),\n                                            fade: false,\n                                            speed: 500,\n                                            slidesToScroll: 0,\n\n                                            \n                                                                                            prevArrow: '<div class=\"slick-prev\"><i class=\"icon icon-arrow-left-circle\"><\/i><\/div>',\n                                                nextArrow: '<div class=\"slick-next\"><i class=\"icon icon-arrow-right-circle\"><\/i><\/div>',\n                                            \n                                                                                        });\n                                        }\n                                    \n\n                                     \n                                    });\n        <\/script>\n\n\n        \n\n            <div class=\"blog-slider blog-slider-style5 blog-slider-hpOw0GqMVU\">\n                <div class=\"blog-grid-list\">\n                    \n                            <div class=\"blog-grid-large blog-grid-item1\">\n                                <div class=\"blog-grid-item-container blog-slider-item halsko3\" alt=\"\" style=\"background-image: url( https:\/\/metropoliagzm.pl\/wp-content\/uploads\/2020\/10\/gieraltowice-ug-metropolia-gzm.jpg );\">\n                                    <a href=\"https:\/\/metropoliagzm.pl\/en\/2022\/03\/09\/zbiorka-pieniedzy-pomoc-dla-ukrainy\/\" aria-label=\"link-do-postu\" class=\"clickable-button\" style=\"position:absolute;width:100%;height:100%;z-index:100;\">\n                                    <\/a>\n                                    <div class=\"blog-slider-container\" style=\"z-index: 200;\">\n                                        <div class=\"blog-slider-content\">\n\n                                            <div class=\"blog-slider-content-details\">\n                                                <div class=\"post-categories-container\">\r\n                <div class=\"post-categories\"><a style=\"border-radius: 0 !important\" href=\"\/en\/Gieraltowice\/\">Giera\u0142towice<\/a>, <a style=\"border-radius: 0 !important\" href=\"\/en\/Mieszkancy\/\">Inhabitants<\/a><\/div>\r\n            <\/div>                                                <a href=\"https:\/\/metropoliagzm.pl\/en\/2022\/03\/09\/zbiorka-pieniedzy-pomoc-dla-ukrainy\/\">\n                                                    <div class=\"post-title\">Zbi\u00f3rka pieni\u0119dzy &#8211; pomoc dla Ukrainy<\/div>\n                                                <\/a>\n                                                <div class=\"post-meta\">\n                                                                                                            \r\n        <div class=\"post-meta-content\">\r\n                            <span class=\"post-auhor-date post-auhor-date-full\">\r\n                    <!--                         <a href=\"https:\/\/metropoliagzm.pl\/en\/author\/michal-nowak\/\">\r\n                            <img alt='' src='https:\/\/secure.gravatar.com\/avatar\/2d51f070ccac4989b201dc1a42c3a6d46ff007fc5e569ff280535ab8e8122a59?s=28&#038;d=mm&#038;r=g' srcset='https:\/\/secure.gravatar.com\/avatar\/2d51f070ccac4989b201dc1a42c3a6d46ff007fc5e569ff280535ab8e8122a59?s=56&#038;d=mm&#038;r=g 2x' class='avatar avatar-28 photo post-author-image' height='28' width='28' \/>                        <\/a>\r\n                     -->\r\n\r\n                                            <a href=\"https:\/\/metropoliagzm.pl\/en\/2022\/03\/09\/zbiorka-pieniedzy-pomoc-dla-ukrainy\/\" class=\"post-date\">\r\n                                                                                        9 March 2022                                                    <\/a>\r\n                                    <\/span>\r\n            \r\n                        \r\n                        \r\n                        \r\n                                        <span class=\"post-readtime\">\r\n                    <i class=\"icon icon-clock\"><\/i>\r\n                    2 min <span>read<\/span>                <\/span>\r\n            \r\n                        \r\n                                        <span class=\"placeholder-post-read-later\"><\/span>\r\n                    <\/div>\r\n\r\n                                                                                                        <\/div>\n                                            <\/div>\n\n                                        <\/div>\n                                    <\/div>\n\n                                <\/div>\n                            <\/div>\n\n                            \n        \n                            <div class=\"blog-grid-small blog-grid-item2\">\n                                <div class=\"blog-grid-item-container blog-slider-item halsko3\" alt=\"\" style=\"background-image: url( https:\/\/metropoliagzm.pl\/wp-content\/uploads\/2020\/11\/chrysanthemum-3789009_1280-1024x682.jpg );\">\n                                    <a href=\"https:\/\/metropoliagzm.pl\/en\/2020\/11\/04\/pomoc-dla-posiadaczy-chryzantem-najwazniejsze-informacje\/\" aria-label=\"link-do-postu\" class=\"clickable-button\" style=\"position:absolute;width:100%;height:100%;z-index:100;\">\n                                    <\/a>\n                                    <div class=\"blog-slider-container\" style=\"z-index: 200;\">\n                                        <div class=\"blog-slider-content\">\n\n                                            <div class=\"blog-slider-content-details\">\n                                                <div class=\"post-categories-container\">\r\n                <div class=\"post-categories\"><a style=\"border-radius: 0 !important\" href=\"\/en\/Gieraltowice\/\">Giera\u0142towice<\/a>, <a style=\"border-radius: 0 !important\" href=\"\/en\/Koronawirus\/\">Koronawirus<\/a>, <a style=\"border-radius: 0 !important\" href=\"\/en\/Mieszkancy\/\">Inhabitants<\/a><\/div>\r\n            <\/div>                                                <a href=\"https:\/\/metropoliagzm.pl\/en\/2020\/11\/04\/pomoc-dla-posiadaczy-chryzantem-najwazniejsze-informacje\/\">\n                                                    <div class=\"post-title\">Pomoc dla posiadaczy chryzantem \u2013 najwa\u017cniejsze informacje<\/div>\n                                                <\/a>\n                                                <div class=\"post-meta\">\n                                                                                                            \r\n        <div class=\"post-meta-content\">\r\n                            <span class=\"post-auhor-date post-auhor-date-full\">\r\n                    <!--                         <a href=\"https:\/\/metropoliagzm.pl\/en\/author\/michal-nowak\/\">\r\n                            <img alt='' src='https:\/\/secure.gravatar.com\/avatar\/2d51f070ccac4989b201dc1a42c3a6d46ff007fc5e569ff280535ab8e8122a59?s=28&#038;d=mm&#038;r=g' srcset='https:\/\/secure.gravatar.com\/avatar\/2d51f070ccac4989b201dc1a42c3a6d46ff007fc5e569ff280535ab8e8122a59?s=56&#038;d=mm&#038;r=g 2x' class='avatar avatar-28 photo post-author-image' height='28' width='28' \/>                        <\/a>\r\n                     -->\r\n\r\n                                            <a href=\"https:\/\/metropoliagzm.pl\/en\/2020\/11\/04\/pomoc-dla-posiadaczy-chryzantem-najwazniejsze-informacje\/\" class=\"post-date\">\r\n                                                                                        4 November 2020                                                    <\/a>\r\n                                    <\/span>\r\n            \r\n                        \r\n                        \r\n                        \r\n                                        <span class=\"post-readtime\">\r\n                    <i class=\"icon icon-clock\"><\/i>\r\n                    1 min <span>read<\/span>                <\/span>\r\n            \r\n                        \r\n                                        <span class=\"placeholder-post-read-later\"><\/span>\r\n                    <\/div>\r\n\r\n                                                                                                        <\/div>\n                                            <\/div>\n\n                                        <\/div>\n                                    <\/div>\n\n                                <\/div>\n                            <\/div>\n\n                            \n        \n                            <div class=\"blog-grid-small blog-grid-item3\">\n                                <div class=\"blog-grid-item-container blog-slider-item halsko3\" alt=\"\" style=\"background-image: url( https:\/\/metropoliagzm.pl\/wp-content\/uploads\/2020\/10\/gieraltowice-ug-metropolia-gzm.jpg );\">\n                                    <a href=\"https:\/\/metropoliagzm.pl\/en\/2020\/10\/21\/komunikat-w-sprawie-funkcjonowania-urzedu-gminy\/\" aria-label=\"link-do-postu\" class=\"clickable-button\" style=\"position:absolute;width:100%;height:100%;z-index:100;\">\n                                    <\/a>\n                                    <div class=\"blog-slider-container\" style=\"z-index: 200;\">\n                                        <div class=\"blog-slider-content\">\n\n                                            <div class=\"blog-slider-content-details\">\n                                                <div class=\"post-categories-container\">\r\n                <div class=\"post-categories\"><a style=\"border-radius: 0 !important\" href=\"\/en\/Gieraltowice\/\">Giera\u0142towice<\/a>, <a style=\"border-radius: 0 !important\" href=\"\/en\/Koronawirus\/\">Koronawirus<\/a>, <a style=\"border-radius: 0 !important\" href=\"\/en\/Mieszkancy\/\">Inhabitants<\/a><\/div>\r\n            <\/div>                                                <a href=\"https:\/\/metropoliagzm.pl\/en\/2020\/10\/21\/komunikat-w-sprawie-funkcjonowania-urzedu-gminy\/\">\n                                                    <div class=\"post-title\">Komunikat w sprawie funkcjonowania urz\u0119du gminy<\/div>\n                                                <\/a>\n                                                <div class=\"post-meta\">\n                                                                                                            \r\n        <div class=\"post-meta-content\">\r\n                            <span class=\"post-auhor-date post-auhor-date-full\">\r\n                    <!--                         <a href=\"https:\/\/metropoliagzm.pl\/en\/author\/michal-nowak\/\">\r\n                            <img alt='' src='https:\/\/secure.gravatar.com\/avatar\/2d51f070ccac4989b201dc1a42c3a6d46ff007fc5e569ff280535ab8e8122a59?s=28&#038;d=mm&#038;r=g' srcset='https:\/\/secure.gravatar.com\/avatar\/2d51f070ccac4989b201dc1a42c3a6d46ff007fc5e569ff280535ab8e8122a59?s=56&#038;d=mm&#038;r=g 2x' class='avatar avatar-28 photo post-author-image' height='28' width='28' \/>                        <\/a>\r\n                     -->\r\n\r\n                                            <a href=\"https:\/\/metropoliagzm.pl\/en\/2020\/10\/21\/komunikat-w-sprawie-funkcjonowania-urzedu-gminy\/\" class=\"post-date\">\r\n                                                                                        21 October 2020                                                    <\/a>\r\n                                    <\/span>\r\n            \r\n                        \r\n                        \r\n                        \r\n                                        <span class=\"post-readtime\">\r\n                    <i class=\"icon icon-clock\"><\/i>\r\n                    1 min <span>read<\/span>                <\/span>\r\n            \r\n                        \r\n                                        <span class=\"placeholder-post-read-later\"><\/span>\r\n                    <\/div>\r\n\r\n                                                                                                        <\/div>\n                                            <\/div>\n\n                                        <\/div>\n                                    <\/div>\n\n                                <\/div>\n                            <\/div>\n\n                            \n                        <\/div>\n            <\/div>\n\n\n        <\/div><\/div><\/div><div class=\"wpb_column vc_column_container vc_col-sm-3\"><div class=\"vc_column-inner vc_custom_1555999428015\"><div class=\"wpb_wrapper\"><div class=\"vc_row wpb_row vc_inner vc_row-fluid vc_custom_1556001379265\"><div class=\"wpb_column vc_column_container vc_col-sm-3\"><div class=\"vc_column-inner\"><div class=\"wpb_wrapper\"><div class=\"vc_icon_element vc_icon_element-outer vc_do_icon no-padding vc_icon_element-align-center vc_icon_element-have-style\"><div class=\"vc_icon_element-inner vc_icon_element-color-white vc_icon_element-have-style-inner vc_icon_element-size-md vc_icon_element-style-boxed vc_icon_element-background vc_icon_element-background-color-custom\"  style=\"background-color:#d7006d\"><span class=\"vc_icon_element-icon vc-material vc-material-language\" ><\/span><a class=\"vc_icon_element-link\" href=\"http:\/\/gieraltowice.pl\/12\/strona-glowna.html\"  title=\"\" target=\"_self\"><\/a><\/div><\/div><\/div><\/div><\/div><div class=\"wpb_column vc_column_container vc_col-sm-3\"><div class=\"vc_column-inner\"><div class=\"wpb_wrapper\"><div class=\"vc_icon_element vc_icon_element-outer vc_do_icon no-padding vc_icon_element-align-center vc_icon_element-have-style\"><div class=\"vc_icon_element-inner vc_icon_element-color-white vc_icon_element-have-style-inner vc_icon_element-size-md vc_icon_element-style-boxed vc_icon_element-background vc_icon_element-background-color-custom\"  style=\"background-color:#448ae9\"><span class=\"vc_icon_element-icon fa fa-facebook\" ><\/span><a class=\"vc_icon_element-link\" href=\"https:\/\/www.facebook.com\/GminaGieraltowice\/\"  title=\"\" target=\"_self\"><\/a><\/div><\/div><\/div><\/div><\/div><div class=\"wpb_column vc_column_container vc_col-sm-3\"><div class=\"vc_column-inner\"><div class=\"wpb_wrapper\"><div class=\"vc_icon_element vc_icon_element-outer vc_do_icon no-padding vc_icon_element-align-center vc_icon_element-have-style\"><div class=\"vc_icon_element-inner vc_icon_element-color-white vc_icon_element-have-style-inner vc_icon_element-size-md vc_icon_element-style-boxed vc_icon_element-background vc_icon_element-background-color-grey\" ><span class=\"vc_icon_element-icon fa fa-twitter\" ><\/span><\/div><\/div><\/div><\/div><\/div><div class=\"wpb_column vc_column_container vc_col-sm-3\"><div class=\"vc_column-inner\"><div class=\"wpb_wrapper\"><div class=\"vc_icon_element vc_icon_element-outer vc_do_icon no-padding vc_icon_element-align-center vc_icon_element-have-style\"><div class=\"vc_icon_element-inner vc_icon_element-color-white vc_icon_element-have-style-inner vc_icon_element-size-md vc_icon_element-style-boxed vc_icon_element-background vc_icon_element-background-color-custom\"  style=\"background-color:#f1563e\"><span class=\"vc_icon_element-icon fa fa-youtube-play\" ><\/span><a class=\"vc_icon_element-link\" href=\"https:\/\/www.youtube.com\/channel\/UCJZpi3K1AIKLduRyzc2LKEQ\"  title=\"\" target=\"_self\"><\/a><\/div><\/div><\/div><\/div><\/div><\/div><div  class=\"wpb_widgetised_column wpb_content_element\">\n\t\t<div class=\"wpb_wrapper\">\n\t\t\t\n\t\t\t<div id=\"facebook-4\" class=\"widget_facebook widget-item widget_facebook\">\r\n\t<div class=\"sh-widget-title-styling\"><h3 class=\"widget-title\"><img decoding=\"async\" width=\"25px\" height=\"25px\" style=\"padding-right:10px;\" src=\"\/wp-content\/uploads\/gzm\/sygnet.png\">Up to date<\/h3><\/div>\r\n\t\t\t<div class=\"sh-widget-facebook-item\">\r\n\t\t\t\r\n\t\t\t<div class=\"fb-page\"\r\n\t\t\t\tdata-href=\"https:\/\/www.facebook.com\/metropoliagzm\/\"\r\n\t\t\t\tdata-tabs=\"timeline, \"\r\n\t\t\t\tdata-small-header=\"1\"\r\n\t\t\t\tdata-adapt-container-width=\"true\"\r\n\t\t\t\tdata-hide-cover=\"\"\r\n\t\t\t\tdata-show-facepile=\"1\">\r\n\t\t\t<\/div>\r\n\t\t<\/div>\r\n\t\r\n<\/div>\n\t\t<\/div>\n\t<\/div>\n<\/div><\/div><\/div><\/div><div class=\"vc_row wpb_row vc_row-fluid vc_custom_1557294779123\" style=\"width: 100%; max-width: 1200px;margin-left: auto; margin-right: auto;\"><div class=\"wpb_animate_when_almost_visible wpb_bounceInDown bounceInDown wpb_column vc_column_container vc_col-sm-12\"><div class=\"vc_column-inner\"><div class=\"wpb_wrapper\"><div class=\"vc_row wpb_row vc_inner vc_row-fluid\" style=\"width: 100%; max-width: 1200px;margin-left: auto; margin-right: auto;\"><div class=\"white-background wpb_column vc_column_container vc_col-sm-12\"><div class=\"vc_column-inner\"><div class=\"wpb_wrapper\">\n        \n        \n\n        <div class=\"blog-posts-fancy-LNctOFJB9G sh-blog-fancy\">\n            \n            <div class=\"blog-fancy-carousel-disabled blog-style-mini2 columns4\">\n                \n                            <article id=\"post-39435\" class=\"post-item post-39435 post type-post status-publish format-standard has-post-thumbnail hentry category-gieraltowice category-mieszkancy tag-gieraltowice tag-pomoc-humanitarna tag-ukraina\">\n                                <div class=\"post-container\">\n                                    <div class=\"post-thumbnail-mini\" alt=\"\" style=\"background-image: url( https:\/\/metropoliagzm.pl\/wp-content\/uploads\/2020\/10\/gieraltowice-ug-metropolia-gzm-585x372.jpg);\">\n                                    <\/div>\n                                    <div class=\"post-container-mini\">\n                                        <div class=\"post-categories-container\">\r\n                <div class=\"post-categories\"><a style=\"border-radius: 0 !important\" href=\"\/en\/Gieraltowice\/\">Giera\u0142towice<\/a>, <a style=\"border-radius: 0 !important\" href=\"\/en\/Mieszkancy\/\">Inhabitants<\/a><\/div>\r\n            <\/div>                                        <a href=\"https:\/\/metropoliagzm.pl\/en\/2022\/03\/09\/zbiorka-pieniedzy-pomoc-dla-ukrainy\/\" class=\"post-title\">\n                                            <div class=\"article-header\">\n                                                                                                Zbi\u00f3rka pieni\u0119dzy &#8211; pomoc dla Ukrainy                                            <\/div>\n                                        <\/a>\n                                    <\/div>\n                                <\/div>\n                            <\/article>\n\n                        \n                            <article id=\"post-30390\" class=\"post-item post-30390 post type-post status-publish format-standard has-post-thumbnail hentry category-gieraltowice category-koronawirus category-mieszkancy tag-gieraltowice tag-koronawirus\">\n                                <div class=\"post-container\">\n                                    <div class=\"post-thumbnail-mini\" alt=\"\" style=\"background-image: url( https:\/\/metropoliagzm.pl\/wp-content\/uploads\/2020\/11\/chrysanthemum-3789009_1280-585x372.jpg);\">\n                                    <\/div>\n                                    <div class=\"post-container-mini\">\n                                        <div class=\"post-categories-container\">\r\n                <div class=\"post-categories\"><a style=\"border-radius: 0 !important\" href=\"\/en\/Gieraltowice\/\">Giera\u0142towice<\/a>, <a style=\"border-radius: 0 !important\" href=\"\/en\/Koronawirus\/\">Koronawirus<\/a>, <a style=\"border-radius: 0 !important\" href=\"\/en\/Mieszkancy\/\">Inhabitants<\/a><\/div>\r\n            <\/div>                                        <a href=\"https:\/\/metropoliagzm.pl\/en\/2020\/11\/04\/pomoc-dla-posiadaczy-chryzantem-najwazniejsze-informacje\/\" class=\"post-title\">\n                                            <div class=\"article-header\">\n                                                                                                Pomoc dla posiadaczy chryzantem \u2013 najwa\u017cniejsze informacje                                            <\/div>\n                                        <\/a>\n                                    <\/div>\n                                <\/div>\n                            <\/article>\n\n                        \n                            <article id=\"post-29793\" class=\"post-item post-29793 post type-post status-publish format-standard has-post-thumbnail hentry category-gieraltowice category-koronawirus category-mieszkancy tag-covid-19 tag-gieraltowice tag-koronawirus\">\n                                <div class=\"post-container\">\n                                    <div class=\"post-thumbnail-mini\" alt=\"\" style=\"background-image: url( https:\/\/metropoliagzm.pl\/wp-content\/uploads\/2020\/10\/gieraltowice-ug-metropolia-gzm-585x372.jpg);\">\n                                    <\/div>\n                                    <div class=\"post-container-mini\">\n                                        <div class=\"post-categories-container\">\r\n                <div class=\"post-categories\"><a style=\"border-radius: 0 !important\" href=\"\/en\/Gieraltowice\/\">Giera\u0142towice<\/a>, <a style=\"border-radius: 0 !important\" href=\"\/en\/Koronawirus\/\">Koronawirus<\/a>, <a style=\"border-radius: 0 !important\" href=\"\/en\/Mieszkancy\/\">Inhabitants<\/a><\/div>\r\n            <\/div>                                        <a href=\"https:\/\/metropoliagzm.pl\/en\/2020\/10\/21\/komunikat-w-sprawie-funkcjonowania-urzedu-gminy\/\" class=\"post-title\">\n                                            <div class=\"article-header\">\n                                                                                                Komunikat w sprawie funkcjonowania urz\u0119du gminy                                            <\/div>\n                                        <\/a>\n                                    <\/div>\n                                <\/div>\n                            <\/article>\n\n                        \n                            <article id=\"post-27588\" class=\"post-item post-27588 post type-post status-publish format-standard has-post-thumbnail hentry category-gieraltowice category-gospodarka-i-inwestycje tag-rolnictwo tag-spis-rolny\">\n                                <div class=\"post-container\">\n                                    <div class=\"post-thumbnail-mini\" alt=\"\" style=\"background-image: url( https:\/\/metropoliagzm.pl\/wp-content\/uploads\/2020\/08\/do-sr.jpeg-585x338.jpg);\">\n                                    <\/div>\n                                    <div class=\"post-container-mini\">\n                                        <div class=\"post-categories-container\">\r\n                <div class=\"post-categories\"><a style=\"border-radius: 0 !important\" href=\"\/en\/Gieraltowice\/\">Giera\u0142towice<\/a>, <a style=\"border-radius: 0 !important\" href=\"\/en\/Gospodarka-i-Inwestycje\/\">Economy and investment<\/a><\/div>\r\n            <\/div>                                        <a href=\"https:\/\/metropoliagzm.pl\/en\/2020\/08\/07\/spis-rolny-2020-przydatne-informacje\/\" class=\"post-title\">\n                                            <div class=\"article-header\">\n                                                                                                Spis Rolny 2020 &#8211; przydatne informacje                                            <\/div>\n                                        <\/a>\n                                    <\/div>\n                                <\/div>\n                            <\/article>\n\n                                    <\/div>\n                            <div class=\"widget-slide-arrows sh-carousel-buttons-styling\"><\/div>\n                    <\/div>\n\n\n\n\n\n    <\/div><\/div><\/div><\/div><\/div><\/div><\/div><\/div><div class=\"vc_row wpb_row vc_row-fluid vc_custom_1554452665739\" style=\"width: 100%; max-width: 1200px;margin-left: auto; margin-right: auto;\"><div class=\"wpb_column vc_column_container vc_col-sm-12\"><div class=\"vc_column-inner\"><div class=\"wpb_wrapper\"><div class=\"vc_row wpb_row vc_inner vc_row-fluid vc_custom_1553709184107\"><div class=\"wpb_column vc_column_container vc_col-sm-12\"><div class=\"vc_column-inner\"><div class=\"wpb_wrapper\">\n\t<div class=\"wpb_text_column wpb_content_element gzm-icon\" >\n\t\t<div class=\"wpb_wrapper\">\n\t\t\t<h2 style=\"text-align: left;\"><img loading=\"lazy\" decoding=\"async\" class=\"alignnone wp-image-2453\" src=\"\/\/metropoliagzm.pl\/wp-content\/uploads\/2019\/03\/Sygnet-strona-glowna.png\" alt=\"\" width=\"20\" height=\"25\" \/>\u00a0 <strong>Giera\u0142towice<\/strong><\/h2>\n\n\t\t<\/div>\n\t<\/div>\n<\/div><\/div><\/div><\/div><\/div><\/div><\/div><\/div><div class=\"vc_row wpb_row vc_row-fluid vc_custom_1557296307796 vc_row-has-fill\" style=\"width: 100%; max-width: 1200px;margin-left: auto; margin-right: auto;\"><div class=\"wpb_column vc_column_container vc_col-sm-12\"><div class=\"vc_column-inner\"><div class=\"wpb_wrapper\">\n\t<div class=\"wpb_text_column wpb_content_element\" >\n\t\t<div class=\"wpb_wrapper\">\n\t\t\t<p>Giera\u0142towice is a rural commune located in Gliwice County with over 11,000 inhabitants. It neighbours with such cities as Gliwice, Knur\u00f3w, Miko\u0142\u00f3w, Ruda \u015al\u0105ska and Zabrze.<\/p>\n<p>In the area of the municipality of 40 square kilometres, there are 8 bakeries which are famous for baking ko\u0142ocz. This popular Upper Silesian cake is advertised with the slogan \"Nasz ko\u0142ocz co niedziela rozaniela\" (\"Our ko\u0142ocz makes you smile every Sunday\").<\/p>\n<p>Giera\u0142towice is famous for its late-Renaissance Castle in Chud\u00f3w, dating back to the 16th century. Since 1996, numerous outdoor cultural and educational events have been organised in the castle, including historical performances, conventions, concerts and film screenings. The showcase and the oldest element of the meetings is the Medieval Fair held in August.<\/p>\n<p>Giera\u0142towice is the hometown of Joanna Urbanik, Silesia-famous engraver of ornamented Easter eggs, who is an activist of the Country Women Association. Her kroszonki, i.e. hand-decorated and ornamented Easter eggs, are known in almost all European countries and have even found their way overseas. Joanna Urbanik has been repeatedly awarded in the prestigious competition titled \"G\u00f3rno\u015bl\u0105skie Kroszonki\", which has been organised by the Upper Silesian Museum in Bytom for more than 30 years now.<\/p>\n<p>One of the most characteristic landmarks in Siewierz is the Castle.<\/p>\n\n\t\t<\/div>\n\t<\/div>\n<\/div><\/div><\/div><\/div><div class=\"vc_row wpb_row vc_row-fluid\" style=\"width: 100%; max-width: 1200px;margin-left: auto; margin-right: auto;\"><div class=\"wpb_column vc_column_container vc_col-sm-12\"><div class=\"vc_column-inner\"><div class=\"wpb_wrapper\"><div class=\"vc_row wpb_row vc_inner vc_row-fluid vc_custom_1553709184107\"><div class=\"wpb_column vc_column_container vc_col-sm-12\"><div class=\"vc_column-inner\"><div class=\"wpb_wrapper\">\n\t<div class=\"wpb_text_column wpb_content_element gzm-icon\" >\n\t\t<div class=\"wpb_wrapper\">\n\t\t\t<h3 style=\"text-align: left;\"><img loading=\"lazy\" decoding=\"async\" class=\"alignnone wp-image-2453\" src=\"\/\/metropoliagzm.pl\/wp-content\/uploads\/2019\/03\/Sygnet-strona-glowna.png\" alt=\"\" width=\"20\" height=\"25\" \/>\u00a0 <strong>Galeria\/video<\/strong><\/h3>\n\n\t\t<\/div>\n\t<\/div>\n<\/div><\/div><\/div><\/div><\/div><\/div><\/div><\/div><div class=\"vc_row wpb_row vc_row-fluid\" style=\"width: 100%; max-width: 1200px;margin-left: auto; margin-right: auto;\"><div class=\"wpb_column vc_column_container vc_col-sm-4\"><div class=\"vc_column-inner\"><div class=\"wpb_wrapper\">\n\t<div  class=\"wpb_single_image wpb_content_element vc_align_left wpb_content_element\">\n\t\t\n\t\t<figure class=\"wpb_wrapper vc_figure\">\n\t\t\t<a class=\"\" data-lightbox=\"lightbox[rel-27588-788784792]\" href=\"https:\/\/metropoliagzm.pl\/wp-content\/uploads\/2019\/04\/Giera\u0142towice-2-of-5.jpg\" target=\"_self\"><img loading=\"lazy\" decoding=\"async\" width=\"1920\" height=\"1282\" src=\"https:\/\/metropoliagzm.pl\/wp-content\/uploads\/2019\/04\/Giera\u0142towice-2-of-5.jpg\" class=\"vc_single_image-img attachment-full\" alt=\"\" title=\"Giera\u0142towice (2 of 5)\" \/><\/a>\n\t\t<\/figure>\n\t<\/div>\n<\/div><\/div><\/div><div class=\"wpb_column vc_column_container vc_col-sm-4\"><div class=\"vc_column-inner\"><div class=\"wpb_wrapper\">\n\t<div  class=\"wpb_single_image wpb_content_element vc_align_left wpb_content_element\">\n\t\t\n\t\t<figure class=\"wpb_wrapper vc_figure\">\n\t\t\t<a class=\"\" data-lightbox=\"lightbox[rel-27588-1329823186]\" href=\"https:\/\/metropoliagzm.pl\/wp-content\/uploads\/2019\/05\/fot.-Wojciech-Mateusiak-4-of-6-2-1024x684.jpg\" target=\"_self\"><img loading=\"lazy\" decoding=\"async\" width=\"6016\" height=\"4016\" src=\"https:\/\/metropoliagzm.pl\/wp-content\/uploads\/2019\/05\/fot.-Wojciech-Mateusiak-4-of-6-2.jpg\" class=\"vc_single_image-img attachment-full\" alt=\"\" title=\"fot. Wojciech Mateusiak (4 of 6)\" srcset=\"https:\/\/metropoliagzm.pl\/wp-content\/uploads\/2019\/05\/fot.-Wojciech-Mateusiak-4-of-6-2.jpg 6016w, https:\/\/metropoliagzm.pl\/wp-content\/uploads\/2019\/05\/fot.-Wojciech-Mateusiak-4-of-6-2-300x200.jpg 300w, https:\/\/metropoliagzm.pl\/wp-content\/uploads\/2019\/05\/fot.-Wojciech-Mateusiak-4-of-6-2-768x513.jpg 768w, https:\/\/metropoliagzm.pl\/wp-content\/uploads\/2019\/05\/fot.-Wojciech-Mateusiak-4-of-6-2-1024x684.jpg 1024w, https:\/\/metropoliagzm.pl\/wp-content\/uploads\/2019\/05\/fot.-Wojciech-Mateusiak-4-of-6-2-585x391.jpg 585w\" sizes=\"auto, (max-width: 6016px) 100vw, 6016px\" \/><\/a>\n\t\t<\/figure>\n\t<\/div>\n<\/div><\/div><\/div><div class=\"wpb_column vc_column_container vc_col-sm-4\"><div class=\"vc_column-inner\"><div class=\"wpb_wrapper\">\n\t<div  class=\"wpb_single_image wpb_content_element vc_align_left wpb_content_element\">\n\t\t\n\t\t<figure class=\"wpb_wrapper vc_figure\">\n\t\t\t<a class=\"\" data-lightbox=\"lightbox[rel-27588-1231800238]\" href=\"https:\/\/metropoliagzm.pl\/wp-content\/uploads\/2019\/05\/fot.-Wojciech-Mateusiak-5-of-6-1024x684.jpg\" target=\"_self\"><img loading=\"lazy\" decoding=\"async\" width=\"6016\" height=\"4016\" src=\"https:\/\/metropoliagzm.pl\/wp-content\/uploads\/2019\/05\/fot.-Wojciech-Mateusiak-5-of-6.jpg\" class=\"vc_single_image-img attachment-full\" alt=\"\" title=\"fot. Wojciech Mateusiak (5 of 6)\" srcset=\"https:\/\/metropoliagzm.pl\/wp-content\/uploads\/2019\/05\/fot.-Wojciech-Mateusiak-5-of-6.jpg 6016w, https:\/\/metropoliagzm.pl\/wp-content\/uploads\/2019\/05\/fot.-Wojciech-Mateusiak-5-of-6-300x200.jpg 300w, https:\/\/metropoliagzm.pl\/wp-content\/uploads\/2019\/05\/fot.-Wojciech-Mateusiak-5-of-6-768x513.jpg 768w, https:\/\/metropoliagzm.pl\/wp-content\/uploads\/2019\/05\/fot.-Wojciech-Mateusiak-5-of-6-1024x684.jpg 1024w, https:\/\/metropoliagzm.pl\/wp-content\/uploads\/2019\/05\/fot.-Wojciech-Mateusiak-5-of-6-585x391.jpg 585w\" sizes=\"auto, (max-width: 6016px) 100vw, 6016px\" \/><\/a>\n\t\t<\/figure>\n\t<\/div>\n<\/div><\/div><\/div><\/div><div class=\"vc_row wpb_row vc_row-fluid\"><div class=\"wpb_column vc_column_container vc_col-sm-12\"><div class=\"vc_column-inner\"><div class=\"wpb_wrapper\">\r\n            \r\n            <div class=\"sh-empty-space vc_empty_space sh-empty-space-VjS8IfRKxb\" style=\"height: 32px\">\r\n                <span class=\"vc_empty_space_inner\"><\/span>\r\n            <\/div>\r\n\r\n        \n\t<div class=\"wpb_video_widget wpb_content_element vc_clearfix   vc_video-aspect-ratio-169 vc_video-el-width-60 vc_video-align-center\" >\n\t\t<div class=\"wpb_wrapper\">\n\t\t\t\n\t\t\t<div class=\"wpb_video_wrapper\"><iframe loading=\"lazy\" title=\"Giera\u0142towice\" width=\"500\" height=\"281\" src=\"https:\/\/www.youtube.com\/embed\/iB2mRyqizHQ?feature=oembed\" frameborder=\"0\" allow=\"accelerometer; autoplay; clipboard-write; encrypted-media; gyroscope; picture-in-picture; web-share\" referrerpolicy=\"strict-origin-when-cross-origin\" allowfullscreen><\/iframe><\/div>\n\t\t<\/div>\n\t<\/div>\n<\/div><\/div><\/div><\/div><div class=\"vc_row wpb_row vc_row-fluid vc_custom_1558454048806\" style=\"width: 100%; max-width: 1200px;margin-left: auto; margin-right: auto;\"><div class=\"wpb_column vc_column_container vc_col-sm-12\"><div class=\"vc_column-inner\"><div class=\"wpb_wrapper\">\n\t<div class=\"wpb_text_column wpb_content_element gzm-icon\" >\n\t\t<div class=\"wpb_wrapper\">\n\t\t\t<h2><strong><img loading=\"lazy\" decoding=\"async\" class=\"alignnone wp-image-2453\" src=\"https:\/\/metropoliagzm.pl\/wp-content\/uploads\/2019\/03\/Sygnet-strona-glowna.png\" alt=\"\" width=\"20\" height=\"25\" \/>\u00a0Artyku\u0142y archiwalne<\/strong><\/h2>\n\n\t\t<\/div>\n\t<\/div>\n<div class=\"vc_row wpb_row vc_inner vc_row-fluid vc_custom_1558456984327\"><div class=\"wpb_column vc_column_container vc_col-sm-12\"><div class=\"vc_column-inner\"><div class=\"wpb_wrapper\">\r\n            \r\n                        <div class=\"sh-blog-standard-posts blog-posts-NUlcXn0tVH\">\r\n                <div class=\"sh-group blog-list blog-style-grid blog-style-grid-element blog-style-columns4 blog-dividing-line-off sh-posts-description-off\">\r\n                    \r\n\t<article id=\"post-26556\" class=\"post-item post-26556 post type-post status-publish format-standard has-post-thumbnail hentry category-gieraltowice category-mieszkancy tag-arimr tag-gieraltowice\">\r\n\t\t<div class=\"post-container\">\r\n\r\n\t\t\t\r\n\t\t\t\t<div class=\"post-thumbnail\">\r\n\t\t\t\t\t\t\t\t\t\t\t<div class=\"sh-ratio\">\r\n\t\t\t\t\t\t\t<div class=\"sh-ratio-container\">\r\n\t\t\t\t\t\t\t\t<div class=\"sh-ratio-content\" alt=\"monety na tle zegara\" style=\"background-image: url( https:\/\/metropoliagzm.pl\/wp-content\/uploads\/2020\/07\/coins-1523383_1280-420x265.jpg);\"><\/div>\r\n\t\t\t\t\t\t\t<\/div>\r\n\t\t\t\t\t\t<\/div>\r\n\t\t\t\t\t\r\n\t\t\t\t\t            <a href=\"https:\/\/metropoliagzm.pl\/en\/2020\/07\/09\/10-lipca-ostatnim-dniem-na-zlozenie-wniosku-o-doplaty-bezposrednie\/\" class=\"post-overlay\"><\/a>\r\n        \t\t\t\t\t\t\t\t\t\t<div class=\"post-categories-container\">\r\n                <div class=\"post-categories\"><a style=\"border-radius: 0 !important\" href=\"\/en\/Gieraltowice\/\">Giera\u0142towice<\/a>, <a style=\"border-radius: 0 !important\" href=\"\/en\/Mieszkancy\/\">Inhabitants<\/a><\/div>\r\n            <\/div>\t\t\t\t<\/div>\r\n\r\n\t\t\t\r\n\t\t\t<div class=\"post-content-container\">\r\n\t\t\t\t\r\n\t\t\t\t<a href=\"https:\/\/metropoliagzm.pl\/en\/2020\/07\/09\/10-lipca-ostatnim-dniem-na-zlozenie-wniosku-o-doplaty-bezposrednie\/\" class=\"post-title\">\r\n\t\t\t\t\t<div class=\"blog-post-title\">\t\t\t\t\t\t\t\t\t\t10 lipca ostatnim dniem na z\u0142o\u017cenie wniosku o dop\u0142aty bezpo\u015brednie\t\t\t\t\t<\/div>\t\t\t\t<\/a>\r\n\r\n\t\t\t\t\r\n        \r\n                    <div class=\"post-content\">\r\n                <p>Dobiega ko\u0144ca tegoroczna kampania sk\u0142adania wniosk\u00f3w o dop\u0142aty bezpo\u015brednie i obszarowe z PROW. 10 lipca jest ostatnim mo\u017cliwym dniem na ich z\u0142o\u017cenie. Tego dnia przyjmuj\u0105ce dokumenty biura powiatowe ARiMR b\u0119d\u0105 otwarte do godz. 19:00. Zosta\u0142o zaledwie kilka dni na z\u0142o\u017cenie wniosku w przed\u0142u\u017conej kampanii dop\u0142at&#8230;<\/p>\n            <\/div>\r\n        \r\n                    <div class=\"post-meta\">\r\n                \r\n        <div class=\"post-meta-content\">\r\n                            <span class=\"post-auhor-date\">\r\n                    <!--  -->\r\n\r\n                                            <a href=\"https:\/\/metropoliagzm.pl\/en\/2020\/07\/09\/10-lipca-ostatnim-dniem-na-zlozenie-wniosku-o-doplaty-bezposrednie\/\" class=\"post-date\">\r\n                                                                                        9 July 2020                                                    <\/a>\r\n                                    <\/span>\r\n            \r\n                        \r\n                        \r\n                        \r\n                                        <span class=\"post-readtime\">\r\n                    <i class=\"icon icon-clock\"><\/i>\r\n                    1 min <span>read<\/span>                <\/span>\r\n            \r\n                        \r\n                                        <span class=\"placeholder-post-read-later\"><\/span>\r\n                    <\/div>\r\n\r\n                <\/div>\r\n        \r\n\t\t\t<\/div>\r\n\r\n\t\t<\/div>\r\n\t<\/article>\r\n\r\n\r\n\r\n\t<article id=\"post-25450\" class=\"post-item post-25450 post type-post status-publish format-standard has-post-thumbnail hentry category-gieraltowice category-koronawirus category-mieszkancy tag-gieraltowice tag-koronawirus tag-przedszkole\">\r\n\t\t<div class=\"post-container\">\r\n\r\n\t\t\t\r\n\t\t\t\t<div class=\"post-thumbnail\">\r\n\t\t\t\t\t\t\t\t\t\t\t<div class=\"sh-ratio\">\r\n\t\t\t\t\t\t\t<div class=\"sh-ratio-container\">\r\n\t\t\t\t\t\t\t\t<div class=\"sh-ratio-content\" alt=\"przedszkole\" style=\"background-image: url( https:\/\/metropoliagzm.pl\/wp-content\/uploads\/2020\/06\/kindergarten-2204239_1280-420x265.jpg);\"><\/div>\r\n\t\t\t\t\t\t\t<\/div>\r\n\t\t\t\t\t\t<\/div>\r\n\t\t\t\t\t\r\n\t\t\t\t\t            <a href=\"https:\/\/metropoliagzm.pl\/en\/2020\/06\/10\/przedluzony-okres-zawieszenia-funkcjonowania-placowek-przedszkolnych\/\" class=\"post-overlay\"><\/a>\r\n        \t\t\t\t\t\t\t\t\t\t<div class=\"post-categories-container\">\r\n                <div class=\"post-categories\"><a style=\"border-radius: 0 !important\" href=\"\/en\/Gieraltowice\/\">Giera\u0142towice<\/a>, <a style=\"border-radius: 0 !important\" href=\"\/en\/Koronawirus\/\">Koronawirus<\/a>, <a style=\"border-radius: 0 !important\" href=\"\/en\/Mieszkancy\/\">Inhabitants<\/a><\/div>\r\n            <\/div>\t\t\t\t<\/div>\r\n\r\n\t\t\t\r\n\t\t\t<div class=\"post-content-container\">\r\n\t\t\t\t\r\n\t\t\t\t<a href=\"https:\/\/metropoliagzm.pl\/en\/2020\/06\/10\/przedluzony-okres-zawieszenia-funkcjonowania-placowek-przedszkolnych\/\" class=\"post-title\">\r\n\t\t\t\t\t<div class=\"blog-post-title\">\t\t\t\t\t\t\t\t\t\tPrzed\u0142u\u017cony okres zawieszenia funkcjonowania plac\u00f3wek przedszkolnych\t\t\t\t\t<\/div>\t\t\t\t<\/a>\r\n\r\n\t\t\t\t\r\n        \r\n                    <div class=\"post-content\">\r\n                <p>W\u00f3jt Gminy Giera\u0142towice jako organ prowadz\u0105cy przed\u0142u\u017ca okres zawieszenia przez Dyrektor\u00f3w Zespo\u0142\u00f3w funkcjonowania plac\u00f3wek przedszkolnych dzia\u0142aj\u0105cych na terenie Gminy Giera\u0142towice\u00a0do dnia 30 czerwca 2020 r.\u00a0ze wzgl\u0119du na wzrastaj\u0105ca liczb\u0119 zachorowa\u0144, wywo\u0142an\u0105 rozprzestrzenianiem si\u0119\u00a0\u00a0 wirusa COVID-19 a tym samym braku mo\u017cliwo\u015bci zapewnienia bezpiecznych warunk\u00f3w pobytu w&#8230;<\/p>\n            <\/div>\r\n        \r\n                    <div class=\"post-meta\">\r\n                \r\n        <div class=\"post-meta-content\">\r\n                            <span class=\"post-auhor-date\">\r\n                    <!--  -->\r\n\r\n                                            <a href=\"https:\/\/metropoliagzm.pl\/en\/2020\/06\/10\/przedluzony-okres-zawieszenia-funkcjonowania-placowek-przedszkolnych\/\" class=\"post-date\">\r\n                                                                                        10 June 2020                                                    <\/a>\r\n                                    <\/span>\r\n            \r\n                        \r\n                        \r\n                        \r\n                                        <span class=\"post-readtime\">\r\n                    <i class=\"icon icon-clock\"><\/i>\r\n                    1 min <span>read<\/span>                <\/span>\r\n            \r\n                        \r\n                                        <span class=\"placeholder-post-read-later\"><\/span>\r\n                    <\/div>\r\n\r\n                <\/div>\r\n        \r\n\t\t\t<\/div>\r\n\r\n\t\t<\/div>\r\n\t<\/article>\r\n\r\n\r\n\r\n\t<article id=\"post-23518\" class=\"post-item post-23518 post type-post status-publish format-standard has-post-thumbnail hentry category-gieraltowice category-koronawirus category-mieszkancy tag-przedszkole\">\r\n\t\t<div class=\"post-container\">\r\n\r\n\t\t\t\r\n\t\t\t\t<div class=\"post-thumbnail\">\r\n\t\t\t\t\t\t\t\t\t\t\t<div class=\"sh-ratio\">\r\n\t\t\t\t\t\t\t<div class=\"sh-ratio-container\">\r\n\t\t\t\t\t\t\t\t<div class=\"sh-ratio-content\" alt=\"\" style=\"background-image: url( https:\/\/metropoliagzm.pl\/wp-content\/uploads\/2020\/05\/people-2127510_1280-420x265.jpg);\"><\/div>\r\n\t\t\t\t\t\t\t<\/div>\r\n\t\t\t\t\t\t<\/div>\r\n\t\t\t\t\t\r\n\t\t\t\t\t            <a href=\"https:\/\/metropoliagzm.pl\/en\/2020\/05\/07\/ferie-letnie-w-przedszkolach\/\" class=\"post-overlay\"><\/a>\r\n        \t\t\t\t\t\t\t\t\t\t<div class=\"post-categories-container\">\r\n                <div class=\"post-categories\"><a style=\"border-radius: 0 !important\" href=\"\/en\/Gieraltowice\/\">Giera\u0142towice<\/a>, <a style=\"border-radius: 0 !important\" href=\"\/en\/Koronawirus\/\">Koronawirus<\/a>, <a style=\"border-radius: 0 !important\" href=\"\/en\/Mieszkancy\/\">Inhabitants<\/a><\/div>\r\n            <\/div>\t\t\t\t<\/div>\r\n\r\n\t\t\t\r\n\t\t\t<div class=\"post-content-container\">\r\n\t\t\t\t\r\n\t\t\t\t<a href=\"https:\/\/metropoliagzm.pl\/en\/2020\/05\/07\/ferie-letnie-w-przedszkolach\/\" class=\"post-title\">\r\n\t\t\t\t\t<div class=\"blog-post-title\">\t\t\t\t\t\t\t\t\t\tFerie letnie w przedszkolach.\t\t\t\t\t<\/div>\t\t\t\t<\/a>\r\n\r\n\t\t\t\t\r\n        \r\n                    <div class=\"post-content\">\r\n                <p>Informacja Szanowni Rodzice! W trosce o bezpiecze\u0144stwo Waszych dzieci zmianie uleg\u0142 harmonogram dy\u017cur\u00f3w przedszkoli w okresie ferii letnich w roku 2020 ze wzgl\u0119du na\u00a0pandemi\u0119 koronawirusa.\u00a0W lipcu i sierpniu tego roku w ka\u017cdym so\u0142ectwie czynne b\u0119dzie przedszkole. \u00a0Zapisu dziecka na zaj\u0119cia nale\u017cy dokona\u0107 \u00a0w terminie do&#8230;<\/p>\n            <\/div>\r\n        \r\n                    <div class=\"post-meta\">\r\n                \r\n        <div class=\"post-meta-content\">\r\n                            <span class=\"post-auhor-date\">\r\n                    <!--  -->\r\n\r\n                                            <a href=\"https:\/\/metropoliagzm.pl\/en\/2020\/05\/07\/ferie-letnie-w-przedszkolach\/\" class=\"post-date\">\r\n                                                                                        7 May 2020                                                    <\/a>\r\n                                    <\/span>\r\n            \r\n                        \r\n                        \r\n                        \r\n                                        <span class=\"post-readtime\">\r\n                    <i class=\"icon icon-clock\"><\/i>\r\n                    1 min <span>read<\/span>                <\/span>\r\n            \r\n                        \r\n                                        <span class=\"placeholder-post-read-later\"><\/span>\r\n                    <\/div>\r\n\r\n                <\/div>\r\n        \r\n\t\t\t<\/div>\r\n\r\n\t\t<\/div>\r\n\t<\/article>\r\n\r\n\r\n\r\n\t<article id=\"post-23420\" class=\"post-item post-23420 post type-post status-publish format-standard has-post-thumbnail hentry category-gieraltowice category-koronawirus category-mieszkancy tag-przedszkole\">\r\n\t\t<div class=\"post-container\">\r\n\r\n\t\t\t\r\n\t\t\t\t<div class=\"post-thumbnail\">\r\n\t\t\t\t\t\t\t\t\t\t\t<div class=\"sh-ratio\">\r\n\t\t\t\t\t\t\t<div class=\"sh-ratio-container\">\r\n\t\t\t\t\t\t\t\t<div class=\"sh-ratio-content\" alt=\"\" style=\"background-image: url( https:\/\/metropoliagzm.pl\/wp-content\/uploads\/2020\/05\/learn-2387228_1280-420x265.jpg);\"><\/div>\r\n\t\t\t\t\t\t\t<\/div>\r\n\t\t\t\t\t\t<\/div>\r\n\t\t\t\t\t\r\n\t\t\t\t\t            <a href=\"https:\/\/metropoliagzm.pl\/en\/2020\/05\/06\/informacja-dotyczaca-zawieszenia-funkcjonowania-placowek-przedszkolnych\/\" class=\"post-overlay\"><\/a>\r\n        \t\t\t\t\t\t\t\t\t\t<div class=\"post-categories-container\">\r\n                <div class=\"post-categories\"><a style=\"border-radius: 0 !important\" href=\"\/en\/Gieraltowice\/\">Giera\u0142towice<\/a>, <a style=\"border-radius: 0 !important\" href=\"\/en\/Koronawirus\/\">Koronawirus<\/a>, <a style=\"border-radius: 0 !important\" href=\"\/en\/Mieszkancy\/\">Inhabitants<\/a><\/div>\r\n            <\/div>\t\t\t\t<\/div>\r\n\r\n\t\t\t\r\n\t\t\t<div class=\"post-content-container\">\r\n\t\t\t\t\r\n\t\t\t\t<a href=\"https:\/\/metropoliagzm.pl\/en\/2020\/05\/06\/informacja-dotyczaca-zawieszenia-funkcjonowania-placowek-przedszkolnych\/\" class=\"post-title\">\r\n\t\t\t\t\t<div class=\"blog-post-title\">\t\t\t\t\t\t\t\t\t\tInformacja dotycz\u0105ca zawieszenia funkcjonowania plac\u00f3wek przedszkolnych\t\t\t\t\t<\/div>\t\t\t\t<\/a>\r\n\r\n\t\t\t\t\r\n        \r\n                    <div class=\"post-content\">\r\n                <p>W\u00f3jt Gminy Giera\u0142towice jako organ prowadz\u0105cy wyra\u017ca zgod\u0119 na zawieszenie przez Dyrektor\u00f3w Zespo\u0142\u00f3w funkcjonowania plac\u00f3wek przedszkolnych dzia\u0142aj\u0105cych na terenie Gminy Giera\u0142towice ze wzgl\u0119du na brak mo\u017cliwo\u015bci zapewnienia bezpiecznych warunk\u00f3w pobytu w nich dzieci\u00a0w okresie od 6 maja 2020 r. do 24 maja 2020 r. a,&#8230;<\/p>\n            <\/div>\r\n        \r\n                    <div class=\"post-meta\">\r\n                \r\n        <div class=\"post-meta-content\">\r\n                            <span class=\"post-auhor-date\">\r\n                    <!--  -->\r\n\r\n                                            <a href=\"https:\/\/metropoliagzm.pl\/en\/2020\/05\/06\/informacja-dotyczaca-zawieszenia-funkcjonowania-placowek-przedszkolnych\/\" class=\"post-date\">\r\n                                                                                        6 May 2020                                                    <\/a>\r\n                                    <\/span>\r\n            \r\n                        \r\n                        \r\n                        \r\n                                        <span class=\"post-readtime\">\r\n                    <i class=\"icon icon-clock\"><\/i>\r\n                    1 min <span>read<\/span>                <\/span>\r\n            \r\n                        \r\n                                        <span class=\"placeholder-post-read-later\"><\/span>\r\n                    <\/div>\r\n\r\n                <\/div>\r\n        \r\n\t\t\t<\/div>\r\n\r\n\t\t<\/div>\r\n\t<\/article>\r\n\r\n\r\n\r\n\t<article id=\"post-23163\" class=\"post-item post-23163 post type-post status-publish format-standard has-post-thumbnail hentry category-gieraltowice category-koronawirus category-mieszkancy tag-odpady\">\r\n\t\t<div class=\"post-container\">\r\n\r\n\t\t\t\r\n\t\t\t\t<div class=\"post-thumbnail\">\r\n\t\t\t\t\t\t\t\t\t\t\t<div class=\"sh-ratio\">\r\n\t\t\t\t\t\t\t<div class=\"sh-ratio-container\">\r\n\t\t\t\t\t\t\t\t<div class=\"sh-ratio-content\" alt=\"\" style=\"background-image: url( https:\/\/metropoliagzm.pl\/wp-content\/uploads\/2020\/04\/mature-1366728_1280-420x265.jpg);\"><\/div>\r\n\t\t\t\t\t\t\t<\/div>\r\n\t\t\t\t\t\t<\/div>\r\n\t\t\t\t\t\r\n\t\t\t\t\t            <a href=\"https:\/\/metropoliagzm.pl\/en\/2020\/04\/29\/punkt-selektywnego-zbierania-odpadow-komunalnych-wznawia-dzialalnosc-od-05-05-2020-r\/\" class=\"post-overlay\"><\/a>\r\n        \t\t\t\t\t\t\t\t\t\t<div class=\"post-categories-container\">\r\n                <div class=\"post-categories\"><a style=\"border-radius: 0 !important\" href=\"\/en\/Gieraltowice\/\">Giera\u0142towice<\/a>, <a style=\"border-radius: 0 !important\" href=\"\/en\/Koronawirus\/\">Koronawirus<\/a>, <a style=\"border-radius: 0 !important\" href=\"\/en\/Mieszkancy\/\">Inhabitants<\/a><\/div>\r\n            <\/div>\t\t\t\t<\/div>\r\n\r\n\t\t\t\r\n\t\t\t<div class=\"post-content-container\">\r\n\t\t\t\t\r\n\t\t\t\t<a href=\"https:\/\/metropoliagzm.pl\/en\/2020\/04\/29\/punkt-selektywnego-zbierania-odpadow-komunalnych-wznawia-dzialalnosc-od-05-05-2020-r\/\" class=\"post-title\">\r\n\t\t\t\t\t<div class=\"blog-post-title\">\t\t\t\t\t\t\t\t\t\tPunkt Selektywnego Zbierania Odpad\u00f3w Komunalnych wznawia dzia\u0142alno\u015b\u0107 od 05.05.2020 r.\t\t\t\t\t<\/div>\t\t\t\t<\/a>\r\n\r\n\t\t\t\t\r\n        \r\n                    <div class=\"post-content\">\r\n                <p>W\u00f3jt Gminy Giera\u0142towice informuje, i\u017c od dnia 05.05.2020 r. (wtorek) od godziny 8:00 wznawia dzia\u0142alno\u015b\u0107 Punkt Selektywnego Zbierania Odpad\u00f3w Komunalnych. Godziny otwarcia nie ulegaj\u0105 zmianie, tj. &nbsp; wtorek, czwartek, sobota \u2013 8:00 \u2013 12:00, \u015broda, pi\u0105tek \u2013 14:00 \u2013 18:00. Jednocze\u015bnie prosimy o zachowanie szczeg\u00f3lnej&#8230;<\/p>\n            <\/div>\r\n        \r\n                    <div class=\"post-meta\">\r\n                \r\n        <div class=\"post-meta-content\">\r\n                            <span class=\"post-auhor-date\">\r\n                    <!--  -->\r\n\r\n                                            <a href=\"https:\/\/metropoliagzm.pl\/en\/2020\/04\/29\/punkt-selektywnego-zbierania-odpadow-komunalnych-wznawia-dzialalnosc-od-05-05-2020-r\/\" class=\"post-date\">\r\n                                                                                        29 April 2020                                                    <\/a>\r\n                                    <\/span>\r\n            \r\n                        \r\n                        \r\n                        \r\n                                        <span class=\"post-readtime\">\r\n                    <i class=\"icon icon-clock\"><\/i>\r\n                    1 min <span>read<\/span>                <\/span>\r\n            \r\n                        \r\n                                        <span class=\"placeholder-post-read-later\"><\/span>\r\n                    <\/div>\r\n\r\n                <\/div>\r\n        \r\n\t\t\t<\/div>\r\n\r\n\t\t<\/div>\r\n\t<\/article>\r\n\r\n\r\n\r\n\t<article id=\"post-23022\" class=\"post-item post-23022 post type-post status-publish format-standard has-post-thumbnail hentry category-gieraltowice category-gospodarka-i-inwestycje category-koronawirus tag-msp\">\r\n\t\t<div class=\"post-container\">\r\n\r\n\t\t\t\r\n\t\t\t\t<div class=\"post-thumbnail\">\r\n\t\t\t\t\t\t\t\t\t\t\t<div class=\"sh-ratio\">\r\n\t\t\t\t\t\t\t<div class=\"sh-ratio-container\">\r\n\t\t\t\t\t\t\t\t<div class=\"sh-ratio-content\" alt=\"\" style=\"background-image: url( https:\/\/metropoliagzm.pl\/wp-content\/uploads\/2020\/04\/secretary-1713697_1280-420x265.jpg);\"><\/div>\r\n\t\t\t\t\t\t\t<\/div>\r\n\t\t\t\t\t\t<\/div>\r\n\t\t\t\t\t\r\n\t\t\t\t\t            <a href=\"https:\/\/metropoliagzm.pl\/en\/2020\/04\/27\/pomoc-dla-przedsiebiorcow-w-zwiazku-z-epidemia-covid-19\/\" class=\"post-overlay\"><\/a>\r\n        \t\t\t\t\t\t\t\t\t\t<div class=\"post-categories-container\">\r\n                <div class=\"post-categories\"><a style=\"border-radius: 0 !important\" href=\"\/en\/Gieraltowice\/\">Giera\u0142towice<\/a>, <a style=\"border-radius: 0 !important\" href=\"\/en\/Gospodarka-i-Inwestycje\/\">Economy and investment<\/a>, <a style=\"border-radius: 0 !important\" href=\"\/en\/Koronawirus\/\">Koronawirus<\/a><\/div>\r\n            <\/div>\t\t\t\t<\/div>\r\n\r\n\t\t\t\r\n\t\t\t<div class=\"post-content-container\">\r\n\t\t\t\t\r\n\t\t\t\t<a href=\"https:\/\/metropoliagzm.pl\/en\/2020\/04\/27\/pomoc-dla-przedsiebiorcow-w-zwiazku-z-epidemia-covid-19\/\" class=\"post-title\">\r\n\t\t\t\t\t<div class=\"blog-post-title\">\t\t\t\t\t\t\t\t\t\tPomoc dla przedsi\u0119biorc\u00f3w w zwi\u0105zku z epidemi\u0105 COVID-19\t\t\t\t\t<\/div>\t\t\t\t<\/a>\r\n\r\n\t\t\t\t\r\n        \r\n                    <div class=\"post-content\">\r\n                <p>Maj i Czerwiec 2020 r. Uchwa\u0142a Nr XX\/152\/2020 Rady Gminy Giera\u0142towice z dnia 15-04-2020 w sprawie przed\u0142u\u017cenia termin\u00f3w p\u0142atno\u015bci rat podatku od nieruchomo\u015bci&nbsp;&#8211;&nbsp;wejdzie w \u017cycie 1 maja 2020 r. pozwala przedsi\u0119biorcom, kt\u00f3rych p\u0142ynno\u015b\u0107 finansowa uleg\u0142a pogorszeniu w zwi\u0105zku z ponoszeniem negatywnych konsekwencji ekonomicznych z powodu&#8230;<\/p>\n            <\/div>\r\n        \r\n                    <div class=\"post-meta\">\r\n                \r\n        <div class=\"post-meta-content\">\r\n                            <span class=\"post-auhor-date\">\r\n                    <!--  -->\r\n\r\n                                            <a href=\"https:\/\/metropoliagzm.pl\/en\/2020\/04\/27\/pomoc-dla-przedsiebiorcow-w-zwiazku-z-epidemia-covid-19\/\" class=\"post-date\">\r\n                                                                                        27 April 2020                                                    <\/a>\r\n                                    <\/span>\r\n            \r\n                        \r\n                        \r\n                        \r\n                                        <span class=\"post-readtime\">\r\n                    <i class=\"icon icon-clock\"><\/i>\r\n                    1 min <span>read<\/span>                <\/span>\r\n            \r\n                        \r\n                                        <span class=\"placeholder-post-read-later\"><\/span>\r\n                    <\/div>\r\n\r\n                <\/div>\r\n        \r\n\t\t\t<\/div>\r\n\r\n\t\t<\/div>\r\n\t<\/article>\r\n\r\n\r\n\r\n\t<article id=\"post-21006\" class=\"post-item post-21006 post type-post status-publish format-standard has-post-thumbnail hentry category-gieraltowice category-koronawirus category-mieszkancy\">\r\n\t\t<div class=\"post-container\">\r\n\r\n\t\t\t\r\n\t\t\t\t<div class=\"post-thumbnail\">\r\n\t\t\t\t\t\t\t\t\t\t\t<div class=\"sh-ratio\">\r\n\t\t\t\t\t\t\t<div class=\"sh-ratio-container\">\r\n\t\t\t\t\t\t\t\t<div class=\"sh-ratio-content\" alt=\"\" style=\"background-image: url( https:\/\/metropoliagzm.pl\/wp-content\/uploads\/2020\/03\/team-spirit-2448837_1280-420x265.jpg);\"><\/div>\r\n\t\t\t\t\t\t\t<\/div>\r\n\t\t\t\t\t\t<\/div>\r\n\t\t\t\t\t\r\n\t\t\t\t\t            <a href=\"https:\/\/metropoliagzm.pl\/en\/2020\/03\/25\/pomoc-osobom-w-kwarantannie\/\" class=\"post-overlay\"><\/a>\r\n        \t\t\t\t\t\t\t\t\t\t<div class=\"post-categories-container\">\r\n                <div class=\"post-categories\"><a style=\"border-radius: 0 !important\" href=\"\/en\/Gieraltowice\/\">Giera\u0142towice<\/a>, <a style=\"border-radius: 0 !important\" href=\"\/en\/Koronawirus\/\">Koronawirus<\/a>, <a style=\"border-radius: 0 !important\" href=\"\/en\/Mieszkancy\/\">Inhabitants<\/a><\/div>\r\n            <\/div>\t\t\t\t<\/div>\r\n\r\n\t\t\t\r\n\t\t\t<div class=\"post-content-container\">\r\n\t\t\t\t\r\n\t\t\t\t<a href=\"https:\/\/metropoliagzm.pl\/en\/2020\/03\/25\/pomoc-osobom-w-kwarantannie\/\" class=\"post-title\">\r\n\t\t\t\t\t<div class=\"blog-post-title\">\t\t\t\t\t\t\t\t\t\tPomoc osobom w kwarantannie\t\t\t\t\t<\/div>\t\t\t\t<\/a>\r\n\r\n\t\t\t\t\r\n        \r\n                    <div class=\"post-content\">\r\n                <p>O\u015brodek Pomocy Spo\u0142ecznej w Giera\u0142towicach informuje, \u017ce pomoc \u017cywno\u015bciowa z pomocy spo\u0142ecznej przys\u0142uguje si\u0119 tylko osobom b\u0119d\u0105cym na li\u015bcie os\u00f3b poddanych przez sanepid kwarantannie. Zasady przyznania pomocy: 1) Pomoc z banku \u017cywno\u015bci W celu minimalizacji ryzyka zara\u017cenia, zaleca si\u0119 kwalifikowanie os\u00f3b najbardziej potrzebuj\u0105cych do pomocy&#8230;<\/p>\n            <\/div>\r\n        \r\n                    <div class=\"post-meta\">\r\n                \r\n        <div class=\"post-meta-content\">\r\n                            <span class=\"post-auhor-date\">\r\n                    <!--  -->\r\n\r\n                                            <a href=\"https:\/\/metropoliagzm.pl\/en\/2020\/03\/25\/pomoc-osobom-w-kwarantannie\/\" class=\"post-date\">\r\n                                                                                        25 March 2020                                                    <\/a>\r\n                                    <\/span>\r\n            \r\n                        \r\n                        \r\n                        \r\n                                        <span class=\"post-readtime\">\r\n                    <i class=\"icon icon-clock\"><\/i>\r\n                    2 min <span>read<\/span>                <\/span>\r\n            \r\n                        \r\n                                        <span class=\"placeholder-post-read-later\"><\/span>\r\n                    <\/div>\r\n\r\n                <\/div>\r\n        \r\n\t\t\t<\/div>\r\n\r\n\t\t<\/div>\r\n\t<\/article>\r\n\r\n\r\n\r\n\t<article id=\"post-20647\" class=\"post-item post-20647 post type-post status-publish format-standard has-post-thumbnail hentry category-gieraltowice category-koronawirus category-mieszkancy\">\r\n\t\t<div class=\"post-container\">\r\n\r\n\t\t\t\r\n\t\t\t\t<div class=\"post-thumbnail\">\r\n\t\t\t\t\t\t\t\t\t\t\t<div class=\"sh-ratio\">\r\n\t\t\t\t\t\t\t<div class=\"sh-ratio-container\">\r\n\t\t\t\t\t\t\t\t<div class=\"sh-ratio-content\" alt=\"\" style=\"background-image: url( https:\/\/metropoliagzm.pl\/wp-content\/uploads\/2020\/03\/coronavirus-4923544_1280-420x265.jpg);\"><\/div>\r\n\t\t\t\t\t\t\t<\/div>\r\n\t\t\t\t\t\t<\/div>\r\n\t\t\t\t\t\r\n\t\t\t\t\t            <a href=\"https:\/\/metropoliagzm.pl\/en\/2020\/03\/20\/informacje-osrodek-zdrowia-familia-med\/\" class=\"post-overlay\"><\/a>\r\n        \t\t\t\t\t\t\t\t\t\t<div class=\"post-categories-container\">\r\n                <div class=\"post-categories\"><a style=\"border-radius: 0 !important\" href=\"\/en\/Gieraltowice\/\">Giera\u0142towice<\/a>, <a style=\"border-radius: 0 !important\" href=\"\/en\/Koronawirus\/\">Koronawirus<\/a>, <a style=\"border-radius: 0 !important\" href=\"\/en\/Mieszkancy\/\">Inhabitants<\/a><\/div>\r\n            <\/div>\t\t\t\t<\/div>\r\n\r\n\t\t\t\r\n\t\t\t<div class=\"post-content-container\">\r\n\t\t\t\t\r\n\t\t\t\t<a href=\"https:\/\/metropoliagzm.pl\/en\/2020\/03\/20\/informacje-osrodek-zdrowia-familia-med\/\" class=\"post-title\">\r\n\t\t\t\t\t<div class=\"blog-post-title\">\t\t\t\t\t\t\t\t\t\tInformacje: o\u015brodek zdrowia Familia MED\t\t\t\t\t<\/div>\t\t\t\t<\/a>\r\n\r\n\t\t\t\t\r\n        \r\n                    <div class=\"post-content\">\r\n                <p>W o\u015brodku zdrowia\u00a0 FAMILIA MED Przyszowice ul. Polna 30C pacjenci, z przewlek\u0142ymi schorzeniami mog\u0105 zamawia\u0107 recepty drog\u0105 telefoniczn\u0105 (tel. 32-235-72-20) i drog\u0105 mailow\u0105 :\u00a0 recepty@familia-med.com.pl\u00a0. Kody na zrealizowanie recepty podajemy drog\u0105 telefoniczn\u0105, na recepty z\u0142o\u017cone drog\u0105 mailow\u0105 odpowiadamy mailem. Wi\u0119cej informacji o dzia\u0142aniach gminy LINK&#8230;<\/p>\n            <\/div>\r\n        \r\n                    <div class=\"post-meta\">\r\n                \r\n        <div class=\"post-meta-content\">\r\n                            <span class=\"post-auhor-date\">\r\n                    <!--  -->\r\n\r\n                                            <a href=\"https:\/\/metropoliagzm.pl\/en\/2020\/03\/20\/informacje-osrodek-zdrowia-familia-med\/\" class=\"post-date\">\r\n                                                                                        20 March 2020                                                    <\/a>\r\n                                    <\/span>\r\n            \r\n                        \r\n                        \r\n                        \r\n                                        <span class=\"post-readtime\">\r\n                    <i class=\"icon icon-clock\"><\/i>\r\n                    1 min <span>read<\/span>                <\/span>\r\n            \r\n                        \r\n                                        <span class=\"placeholder-post-read-later\"><\/span>\r\n                    <\/div>\r\n\r\n                <\/div>\r\n        \r\n\t\t\t<\/div>\r\n\r\n\t\t<\/div>\r\n\t<\/article>\r\n\r\n\r\n                <\/div>\r\n\r\n                                    <div class=\"sh-load-more\"\r\n    \t\t\t\tdata-categories=\"204\"\r\n    \t\t\t\tdata-post-style=\"grid\"\r\n    \t\t\t\tdata-posts-per-page=\"8\"\r\n    \t\t\t\tdata-paged=\"2\"\r\n                    style=\"padding: 5px 20px !important; width:200px; margin: 10px auto;\"\r\n                    data-id=\"blog-posts-NUlcXn0tVH\">\r\n<img decoding=\"async\" alt=\"zaladuj-wiecej\" style=\"width: 35px\" src=\"\/wp-content\/uploads\/2019\/05\/expand.png\" \/>&nbsp;&nbsp;Load more    \t\t\t\t<\/div>\r\n                \r\n            <\/div>\r\n\r\n        <\/div><\/div><\/div><\/div><\/div><\/div><\/div><\/div><div class=\"vc_row wpb_row vc_row-fluid vc_custom_1554452691247\" style=\"width: 100%; max-width: 1200px;margin-left: auto; margin-right: auto;\"><div class=\"wpb_column vc_column_container vc_col-sm-12\"><div class=\"vc_column-inner\"><div class=\"wpb_wrapper\">\n\t<div class=\"wpb_text_column wpb_content_element gzm-icon\" >\n\t\t<div class=\"wpb_wrapper\">\n\t\t\t<h2><strong><img loading=\"lazy\" decoding=\"async\" class=\"alignnone wp-image-2453\" src=\"https:\/\/metropoliagzm.pl\/wp-content\/uploads\/2019\/03\/Sygnet-strona-glowna.png\" alt=\"\" width=\"20\" height=\"25\" \/>\u00a0 Currently in the Metropolis<\/strong><\/h2>\n\n\t\t<\/div>\n\t<\/div>\n<\/div><\/div><\/div><\/div><div class=\"vc_row wpb_row vc_row-fluid vc_custom_1554452715103\" style=\"width: 100%; max-width: 1200px;margin-left: auto; margin-right: auto;\"><div class=\"wpb_column vc_column_container vc_col-sm-4 vc_col-xs-12\"><div class=\"vc_column-inner vc_custom_1554375173215\"><div class=\"wpb_wrapper\">\n\t<div  class=\"wpb_single_image wpb_content_element vc_align_left wpb_content_element\">\n\t\t\n\t\t<figure class=\"wpb_wrapper vc_figure\">\n\t\t\t<a href=\"\/en\/kolej-metropolitalna\/\" target=\"_self\" class=\"vc_single_image-wrapper   vc_box_border_grey\"><img loading=\"lazy\" decoding=\"async\" width=\"900\" height=\"602\" src=\"https:\/\/metropoliagzm.pl\/wp-content\/uploads\/2019\/05\/3-kafle_900x602-2-1.png\" class=\"vc_single_image-img attachment-full\" alt=\"\" title=\"3 kafle_900x602-2-1\" srcset=\"https:\/\/metropoliagzm.pl\/wp-content\/uploads\/2019\/05\/3-kafle_900x602-2-1.png 900w, https:\/\/metropoliagzm.pl\/wp-content\/uploads\/2019\/05\/3-kafle_900x602-2-1-300x201.png 300w, https:\/\/metropoliagzm.pl\/wp-content\/uploads\/2019\/05\/3-kafle_900x602-2-1-768x514.png 768w, https:\/\/metropoliagzm.pl\/wp-content\/uploads\/2019\/05\/3-kafle_900x602-2-1-585x391.png 585w\" sizes=\"auto, (max-width: 900px) 100vw, 900px\" \/><\/a>\n\t\t<\/figure>\n\t<\/div>\n<\/div><\/div><\/div><div class=\"wpb_column vc_column_container vc_col-sm-4 vc_col-xs-12\"><div class=\"vc_column-inner vc_custom_1554375194636\"><div class=\"wpb_wrapper\">\n\t<div  class=\"wpb_single_image wpb_content_element vc_align_left wpb_content_element\">\n\t\t\n\t\t<figure class=\"wpb_wrapper vc_figure\">\n\t\t\t<a href=\"\/en\/rower-metropolitalny\/\" target=\"_self\" class=\"vc_single_image-wrapper   vc_box_border_grey\"><img loading=\"lazy\" decoding=\"async\" width=\"900\" height=\"602\" src=\"https:\/\/metropoliagzm.pl\/wp-content\/uploads\/2019\/05\/3-kafle_900x602-3-1.png\" class=\"vc_single_image-img attachment-full\" alt=\"\" title=\"3 kafle_900x602-3-1\" srcset=\"https:\/\/metropoliagzm.pl\/wp-content\/uploads\/2019\/05\/3-kafle_900x602-3-1.png 900w, https:\/\/metropoliagzm.pl\/wp-content\/uploads\/2019\/05\/3-kafle_900x602-3-1-300x201.png 300w, https:\/\/metropoliagzm.pl\/wp-content\/uploads\/2019\/05\/3-kafle_900x602-3-1-768x514.png 768w, https:\/\/metropoliagzm.pl\/wp-content\/uploads\/2019\/05\/3-kafle_900x602-3-1-585x391.png 585w\" sizes=\"auto, (max-width: 900px) 100vw, 900px\" \/><\/a>\n\t\t<\/figure>\n\t<\/div>\n<\/div><\/div><\/div><div class=\"wpb_column vc_column_container vc_col-sm-4 vc_col-xs-12\"><div class=\"vc_column-inner vc_custom_1554375210686\"><div class=\"wpb_wrapper\">\n\t<div  class=\"wpb_single_image wpb_content_element vc_align_left wpb_content_element\">\n\t\t\n\t\t<figure class=\"wpb_wrapper vc_figure\">\n\t\t\t<a href=\"\/en\/drony\/\" target=\"_self\" class=\"vc_single_image-wrapper   vc_box_border_grey\"><img loading=\"lazy\" decoding=\"async\" width=\"900\" height=\"602\" src=\"https:\/\/metropoliagzm.pl\/wp-content\/uploads\/2019\/05\/3-kafle_900x602-4.png\" class=\"vc_single_image-img attachment-full\" alt=\"\" title=\"3 kafle_900x602-4\" srcset=\"https:\/\/metropoliagzm.pl\/wp-content\/uploads\/2019\/05\/3-kafle_900x602-4.png 900w, https:\/\/metropoliagzm.pl\/wp-content\/uploads\/2019\/05\/3-kafle_900x602-4-300x201.png 300w, https:\/\/metropoliagzm.pl\/wp-content\/uploads\/2019\/05\/3-kafle_900x602-4-768x514.png 768w, https:\/\/metropoliagzm.pl\/wp-content\/uploads\/2019\/05\/3-kafle_900x602-4-585x391.png 585w\" sizes=\"auto, (max-width: 900px) 100vw, 900px\" \/><\/a>\n\t\t<\/figure>\n\t<\/div>\n<\/div><\/div><\/div><\/div>\n<div class=\"post-author\" style=\"font-size:13px\">admin tresc<\/div><\/div><\/div>","protected":false},"excerpt":{"rendered":"<p>Witold Tr\u00f3lka<\/p>","protected":false},"author":161,"featured_media":0,"parent":0,"menu_order":0,"comment_status":"closed","ping_status":"closed","template":"","meta":{"_acf_changed":false,"footnotes":""},"class_list":["post-2948","page","type-page","status-publish","hentry"],"acf":[],"yoast_head":"<!-- This site is optimized with the Yoast SEO plugin v27.4 - https:\/\/yoast.com\/product\/yoast-seo-wordpress\/ -->\n<title>Giera\u0142towice - Metropolia GZM<\/title>\n<meta name=\"robots\" content=\"index, follow, max-snippet:-1, max-image-preview:large, max-video-preview:-1\" \/>\n<link rel=\"canonical\" href=\"https:\/\/metropoliagzm.pl\/en\/gieraltowice\/\" \/>\n<meta name=\"twitter:card\" content=\"summary_large_image\" \/>\n<meta name=\"twitter:title\" content=\"Giera\u0142towice - Metropolia GZM\" \/>\n<meta name=\"twitter:description\" content=\"Witold Tr\u00f3lka\" \/>\n<meta name=\"twitter:image\" content=\"\/\/metropoliagzm.pl\/wp-content\/uploads\/2019\/03\/Sygnet-strona-glowna.png\" \/>\n<meta name=\"twitter:label1\" content=\"Estimated reading time\" \/>\n\t<meta name=\"twitter:data1\" content=\"3 minutes\" \/>\n<script type=\"application\/ld+json\" class=\"yoast-schema-graph\">{\"@context\":\"https:\\\/\\\/schema.org\",\"@graph\":[{\"@type\":\"WebPage\",\"@id\":\"https:\\\/\\\/metropoliagzm.pl\\\/gieraltowice\\\/\",\"url\":\"https:\\\/\\\/metropoliagzm.pl\\\/gieraltowice\\\/\",\"name\":\"Giera\u0142towice - Metropolia GZM\",\"isPartOf\":{\"@id\":\"https:\\\/\\\/metropoliagzm.pl\\\/en\\\/#website\"},\"primaryImageOfPage\":{\"@id\":\"https:\\\/\\\/metropoliagzm.pl\\\/gieraltowice\\\/#primaryimage\"},\"image\":{\"@id\":\"https:\\\/\\\/metropoliagzm.pl\\\/gieraltowice\\\/#primaryimage\"},\"thumbnailUrl\":\"https:\\\/\\\/metropoliagzm.pl\\\/wp-content\\\/uploads\\\/2019\\\/03\\\/Sygnet-strona-glowna.png\",\"datePublished\":\"2019-04-23T08:39:36+00:00\",\"dateModified\":\"2021-06-09T10:23:05+00:00\",\"breadcrumb\":{\"@id\":\"https:\\\/\\\/metropoliagzm.pl\\\/gieraltowice\\\/#breadcrumb\"},\"inLanguage\":\"en-GB\",\"potentialAction\":[{\"@type\":\"ReadAction\",\"target\":[\"https:\\\/\\\/metropoliagzm.pl\\\/gieraltowice\\\/\"]}]},{\"@type\":\"ImageObject\",\"inLanguage\":\"en-GB\",\"@id\":\"https:\\\/\\\/metropoliagzm.pl\\\/gieraltowice\\\/#primaryimage\",\"url\":\"https:\\\/\\\/metropoliagzm.pl\\\/wp-content\\\/uploads\\\/2019\\\/03\\\/Sygnet-strona-glowna.png\",\"contentUrl\":\"https:\\\/\\\/metropoliagzm.pl\\\/wp-content\\\/uploads\\\/2019\\\/03\\\/Sygnet-strona-glowna.png\"},{\"@type\":\"BreadcrumbList\",\"@id\":\"https:\\\/\\\/metropoliagzm.pl\\\/gieraltowice\\\/#breadcrumb\",\"itemListElement\":[{\"@type\":\"ListItem\",\"position\":1,\"name\":\"Strona g\u0142\u00f3wna\",\"item\":\"https:\\\/\\\/metropoliagzm.pl\\\/\"},{\"@type\":\"ListItem\",\"position\":2,\"name\":\"Giera\u0142towice\"}]},{\"@type\":\"WebSite\",\"@id\":\"https:\\\/\\\/metropoliagzm.pl\\\/en\\\/#website\",\"url\":\"https:\\\/\\\/metropoliagzm.pl\\\/en\\\/\",\"name\":\"Metropolia GZM\",\"description\":\"Oficjalny portal G\u00f3rno\u015bl\u0105sko-Zag\u0142\u0119biowskiej Metropolii\",\"publisher\":{\"@id\":\"https:\\\/\\\/metropoliagzm.pl\\\/en\\\/#organization\"},\"potentialAction\":[{\"@type\":\"SearchAction\",\"target\":{\"@type\":\"EntryPoint\",\"urlTemplate\":\"https:\\\/\\\/metropoliagzm.pl\\\/en\\\/?s={search_term_string}\"},\"query-input\":{\"@type\":\"PropertyValueSpecification\",\"valueRequired\":true,\"valueName\":\"search_term_string\"}}],\"inLanguage\":\"en-GB\"},{\"@type\":\"Organization\",\"@id\":\"https:\\\/\\\/metropoliagzm.pl\\\/en\\\/#organization\",\"name\":\"Metropolia GZM\",\"url\":\"https:\\\/\\\/metropoliagzm.pl\\\/en\\\/\",\"logo\":{\"@type\":\"ImageObject\",\"inLanguage\":\"en-GB\",\"@id\":\"https:\\\/\\\/metropoliagzm.pl\\\/en\\\/#\\\/schema\\\/logo\\\/image\\\/\",\"url\":\"https:\\\/\\\/metropoliagzm.pl\\\/wp-content\\\/uploads\\\/2019\\\/03\\\/Sygnet-strona-glowna.png\",\"contentUrl\":\"https:\\\/\\\/metropoliagzm.pl\\\/wp-content\\\/uploads\\\/2019\\\/03\\\/Sygnet-strona-glowna.png\",\"width\":36,\"height\":45,\"caption\":\"Metropolia GZM\"},\"image\":{\"@id\":\"https:\\\/\\\/metropoliagzm.pl\\\/en\\\/#\\\/schema\\\/logo\\\/image\\\/\"}}]}<\/script>\n<!-- \/ Yoast SEO plugin. -->","yoast_head_json":{"title":"Giera\u0142towice - Metropolia GZM","robots":{"index":"index","follow":"follow","max-snippet":"max-snippet:-1","max-image-preview":"max-image-preview:large","max-video-preview":"max-video-preview:-1"},"canonical":"https:\/\/metropoliagzm.pl\/en\/gieraltowice\/","twitter_card":"summary_large_image","twitter_title":"Giera\u0142towice - Metropolia GZM","twitter_description":"Witold Tr\u00f3lka","twitter_image":"\/\/metropoliagzm.pl\/wp-content\/uploads\/2019\/03\/Sygnet-strona-glowna.png","twitter_misc":{"Estimated reading time":"3 minutes"},"schema":{"@context":"https:\/\/schema.org","@graph":[{"@type":"WebPage","@id":"https:\/\/metropoliagzm.pl\/gieraltowice\/","url":"https:\/\/metropoliagzm.pl\/gieraltowice\/","name":"Giera\u0142towice - Metropolia GZM","isPartOf":{"@id":"https:\/\/metropoliagzm.pl\/en\/#website"},"primaryImageOfPage":{"@id":"https:\/\/metropoliagzm.pl\/gieraltowice\/#primaryimage"},"image":{"@id":"https:\/\/metropoliagzm.pl\/gieraltowice\/#primaryimage"},"thumbnailUrl":"https:\/\/metropoliagzm.pl\/wp-content\/uploads\/2019\/03\/Sygnet-strona-glowna.png","datePublished":"2019-04-23T08:39:36+00:00","dateModified":"2021-06-09T10:23:05+00:00","breadcrumb":{"@id":"https:\/\/metropoliagzm.pl\/gieraltowice\/#breadcrumb"},"inLanguage":"en-GB","potentialAction":[{"@type":"ReadAction","target":["https:\/\/metropoliagzm.pl\/gieraltowice\/"]}]},{"@type":"ImageObject","inLanguage":"en-GB","@id":"https:\/\/metropoliagzm.pl\/gieraltowice\/#primaryimage","url":"https:\/\/metropoliagzm.pl\/wp-content\/uploads\/2019\/03\/Sygnet-strona-glowna.png","contentUrl":"https:\/\/metropoliagzm.pl\/wp-content\/uploads\/2019\/03\/Sygnet-strona-glowna.png"},{"@type":"BreadcrumbList","@id":"https:\/\/metropoliagzm.pl\/gieraltowice\/#breadcrumb","itemListElement":[{"@type":"ListItem","position":1,"name":"Strona g\u0142\u00f3wna","item":"https:\/\/metropoliagzm.pl\/"},{"@type":"ListItem","position":2,"name":"Giera\u0142towice"}]},{"@type":"WebSite","@id":"https:\/\/metropoliagzm.pl\/en\/#website","url":"https:\/\/metropoliagzm.pl\/en\/","name":"Metropolia GZM","description":"Oficjalny portal G\u00f3rno\u015bl\u0105sko-Zag\u0142\u0119biowskiej Metropolii","publisher":{"@id":"https:\/\/metropoliagzm.pl\/en\/#organization"},"potentialAction":[{"@type":"SearchAction","target":{"@type":"EntryPoint","urlTemplate":"https:\/\/metropoliagzm.pl\/en\/?s={search_term_string}"},"query-input":{"@type":"PropertyValueSpecification","valueRequired":true,"valueName":"search_term_string"}}],"inLanguage":"en-GB"},{"@type":"Organization","@id":"https:\/\/metropoliagzm.pl\/en\/#organization","name":"Metropolia GZM","url":"https:\/\/metropoliagzm.pl\/en\/","logo":{"@type":"ImageObject","inLanguage":"en-GB","@id":"https:\/\/metropoliagzm.pl\/en\/#\/schema\/logo\/image\/","url":"https:\/\/metropoliagzm.pl\/wp-content\/uploads\/2019\/03\/Sygnet-strona-glowna.png","contentUrl":"https:\/\/metropoliagzm.pl\/wp-content\/uploads\/2019\/03\/Sygnet-strona-glowna.png","width":36,"height":45,"caption":"Metropolia GZM"},"image":{"@id":"https:\/\/metropoliagzm.pl\/en\/#\/schema\/logo\/image\/"}}]}},"_links":{"self":[{"href":"https:\/\/metropoliagzm.pl\/en\/wp-json\/wp\/v2\/pages\/2948","targetHints":{"allow":["GET"]}}],"collection":[{"href":"https:\/\/metropoliagzm.pl\/en\/wp-json\/wp\/v2\/pages"}],"about":[{"href":"https:\/\/metropoliagzm.pl\/en\/wp-json\/wp\/v2\/types\/page"}],"author":[{"embeddable":true,"href":"https:\/\/metropoliagzm.pl\/en\/wp-json\/wp\/v2\/users\/161"}],"replies":[{"embeddable":true,"href":"https:\/\/metropoliagzm.pl\/en\/wp-json\/wp\/v2\/comments?post=2948"}],"version-history":[{"count":28,"href":"https:\/\/metropoliagzm.pl\/en\/wp-json\/wp\/v2\/pages\/2948\/revisions"}],"predecessor-version":[{"id":35642,"href":"https:\/\/metropoliagzm.pl\/en\/wp-json\/wp\/v2\/pages\/2948\/revisions\/35642"}],"wp:attachment":[{"href":"https:\/\/metropoliagzm.pl\/en\/wp-json\/wp\/v2\/media?parent=2948"}],"curies":[{"name":"wp","href":"https:\/\/api.w.org\/{rel}","templated":true}]}}